{"id":11801,"date":"2024-07-21T10:47:07","date_gmt":"2024-07-21T09:47:07","guid":{"rendered":"https:\/\/www.lapsalettedebruxelles.be\/?page_id=11801"},"modified":"2026-04-02T14:22:33","modified_gmt":"2026-04-02T13:22:33","slug":"concert-25-mai-2024","status":"publish","type":"page","link":"https:\/\/www.lapsalettedebruxelles.be\/?page_id=11801","title":{"rendered":"2024"},"content":{"rendered":"<p><span style=\"font-size: 14pt;\">Concert de No\u00ebl<\/span><\/p>\n<div class=\"ead-preview\"><div class=\"ead-document\" style=\"position: relative;padding-top: 90%;\"><div class=\"ead-iframe-wrapper\"><iframe src=\"\/\/docs.google.com\/viewer?url=https%3A%2F%2Fwww.lapsalettedebruxelles.be%2Fwp-content%2Fuploads%2F2024%2F12%2FANNONCE-CONCERT-NOEL-2024-DE-LA-PSALETTE.pdf&amp;embedded=true&amp;hl=en\" title=\"Document embarqu\u00e9\" class=\"ead-iframe\" style=\"width: 100%;height: 100%;border: none;position: absolute;left: 0;top: 0;visibility: hidden;\"><\/iframe><\/div>\t\t\t<div class=\"ead-document-loading\" style=\"width:100%;height:100%;position:absolute;left:0;top:0;z-index:10;\">\n\t\t\t\t<div class=\"ead-loading-wrap\">\n\t\t\t\t\t<div class=\"ead-loading-main\">\n\t\t\t\t\t\t<div class=\"ead-loading\">\n\t\t\t\t\t\t\t<img loading=\"lazy\" decoding=\"async\" src=\"https:\/\/www.lapsalettedebruxelles.be\/wp-content\/plugins\/embed-any-document\/images\/loading.svg\" width=\"55\" height=\"55\" alt=\"Chargeur\">\n\t\t\t\t\t\t\t<span>En cours de chargement&hellip;<\/span>\n\t\t\t\t\t\t<\/div>\n\t\t\t\t\t<\/div>\n\t\t\t\t\t<div class=\"ead-loading-foot\">\n\t\t\t\t\t\t<div class=\"ead-loading-foot-title\">\n\t\t\t\t\t\t\t<img loading=\"lazy\" decoding=\"async\" src=\"https:\/\/www.lapsalettedebruxelles.be\/wp-content\/plugins\/embed-any-document\/images\/EAD-logo.svg\" alt=\"Logo EAD\" width=\"36\" height=\"23\"\/>\n\t\t\t\t\t\t\t<span>Cela prend trop de temps\u00a0?<\/span>\n\t\t\t\t\t\t<\/div>\n\t\t\t\t\t\t<p>\n\t\t\t\t\t\t\t<div class=\"ead-document-btn ead-reload-btn\" role=\"button\">\n\t\t\t\t\t\t\t\t<img loading=\"lazy\" decoding=\"async\" src=\"https:\/\/www.lapsalettedebruxelles.be\/wp-content\/plugins\/embed-any-document\/images\/reload.svg\" alt=\"Recharger\" width=\"12\" height=\"12\"\/> Recharger le document\t\t\t\t\t\t\t<\/div>\n\t\t\t\t\t\t\t<span>|<\/span>\n\t\t\t\t\t\t\t<a href=\"https:\/\/www.lapsalettedebruxelles.be\/wp-content\/uploads\/2024\/12\/ANNONCE-CONCERT-NOEL-2024-DE-LA-PSALETTE.pdf\" class=\"ead-document-btn\" target=\"_blank\">\n\t\t\t\t\t\t\t\t<img loading=\"lazy\" decoding=\"async\" src=\"https:\/\/www.lapsalettedebruxelles.be\/wp-content\/plugins\/embed-any-document\/images\/open.svg\" alt=\"Ouvert\" width=\"12\" height=\"12\"\/> Ouvrir dans un nouvel onglet\t\t\t\t\t\t\t<\/a>\n\t\t\t\t\t<\/div>\n\t\t\t\t<\/div>\n\t\t\t<\/div>\n\t\t<\/div><\/div>\n<p><span style=\"font-size: 14pt;\">Concert du 25 juin<\/span>\u2013 \u00c9glise Notre-Dame du Blankedelle \u2013 Auderghem<\/p>\n<table style=\"border-collapse: collapse; width: 100%;\">\n<tbody>\n<tr>\n<td style=\"width: 327.483px;\"><span style=\"font-size: 14pt;\"><img loading=\"lazy\" decoding=\"async\" class=\"alignnone wp-image-11788\" src=\"https:\/\/www.lapsalettedebruxelles.be\/wp-content\/uploads\/2024\/06\/Affiche-Concert-Vivaldi--220x300.jpg\" alt=\"\" width=\"311\" height=\"424\" srcset=\"https:\/\/www.lapsalettedebruxelles.be\/wp-content\/uploads\/2024\/06\/Affiche-Concert-Vivaldi--220x300.jpg 220w, https:\/\/www.lapsalettedebruxelles.be\/wp-content\/uploads\/2024\/06\/Affiche-Concert-Vivaldi--752x1024.jpg 752w, https:\/\/www.lapsalettedebruxelles.be\/wp-content\/uploads\/2024\/06\/Affiche-Concert-Vivaldi--768x1046.jpg 768w, https:\/\/www.lapsalettedebruxelles.be\/wp-content\/uploads\/2024\/06\/Affiche-Concert-Vivaldi--1127x1536.jpg 1127w, https:\/\/www.lapsalettedebruxelles.be\/wp-content\/uploads\/2024\/06\/Affiche-Concert-Vivaldi-.jpg 1170w\" sizes=\"auto, (max-width: 311px) 100vw, 311px\" \/><\/span><\/td>\n<td style=\"width: 327.467px;\"><span style=\"font-size: 14pt;\">Tr\u00e8s beau succ\u00e8s pour notre concert VIVALDI dirig\u00e9 par Boris Kondov.<\/span><br \/>\n<span style=\"font-size: 14pt;\">Que du bonheur d&rsquo;avoir \u00e9t\u00e9 accompagn\u00e9s par 7 instrumentistes merveilleux (2 violons, 1 alto, 1 violoncelle, 1 orgue positif, 1 trompette et 1 haut-bois) et 2 solistes extraordinaires, la soprano Laurence Van Bellingen et l&rsquo;alto Violette Schloesing.<\/span><br \/>\n<span style=\"font-size: 14pt;\">Merci \u00e0 Boris de nous avoir men\u00e9s(es) avec patience, pers\u00e9v\u00e9rance et confiance \u00e0 ce beau projet pour son dernier concert avec nous. Merci au public chaleureux, venu en nombre. Merci \u00e0 toutes les petites mains \u00ab\u00a0externes\u00a0\u00bb \u00e0 la chorale qui nous ont aid\u00e9s dans l&rsquo;organisation pratique de ce concert et \u00e0 tous les choristes pour y avoir cru, qui ont donn\u00e9 de leur c\u0153ur dans cette belle performance et qui ont particip\u00e9 \u00e9galement \u00e0 l&rsquo;organisation pratique pr\u00e9 et post concert.<\/span><\/td>\n<\/tr>\n<\/tbody>\n<\/table>\n<p><img loading=\"lazy\" decoding=\"async\" class=\"alignnone size-medium wp-image-12033\" src=\"https:\/\/www.lapsalettedebruxelles.be\/wp-content\/uploads\/2026\/04\/1-photo-groupe-2024-300x163.jpg\" alt=\"\" width=\"300\" height=\"163\" srcset=\"https:\/\/www.lapsalettedebruxelles.be\/wp-content\/uploads\/2026\/04\/1-photo-groupe-2024-300x163.jpg 300w, https:\/\/www.lapsalettedebruxelles.be\/wp-content\/uploads\/2026\/04\/1-photo-groupe-2024-1024x557.jpg 1024w, https:\/\/www.lapsalettedebruxelles.be\/wp-content\/uploads\/2026\/04\/1-photo-groupe-2024-768x418.jpg 768w, https:\/\/www.lapsalettedebruxelles.be\/wp-content\/uploads\/2026\/04\/1-photo-groupe-2024-1536x835.jpg 1536w, https:\/\/www.lapsalettedebruxelles.be\/wp-content\/uploads\/2026\/04\/1-photo-groupe-2024-2048x1114.jpg 2048w\" sizes=\"auto, (max-width: 300px) 100vw, 300px\" \/> <img loading=\"lazy\" decoding=\"async\" class=\"alignnone size-medium wp-image-12034\" src=\"https:\/\/www.lapsalettedebruxelles.be\/wp-content\/uploads\/2026\/04\/2-Boris-200x300.jpg\" alt=\"\" width=\"200\" height=\"300\" srcset=\"https:\/\/www.lapsalettedebruxelles.be\/wp-content\/uploads\/2026\/04\/2-Boris-200x300.jpg 200w, https:\/\/www.lapsalettedebruxelles.be\/wp-content\/uploads\/2026\/04\/2-Boris-683x1024.jpg 683w, https:\/\/www.lapsalettedebruxelles.be\/wp-content\/uploads\/2026\/04\/2-Boris-768x1152.jpg 768w, https:\/\/www.lapsalettedebruxelles.be\/wp-content\/uploads\/2026\/04\/2-Boris-1024x1536.jpg 1024w, https:\/\/www.lapsalettedebruxelles.be\/wp-content\/uploads\/2026\/04\/2-Boris-1365x2048.jpg 1365w, https:\/\/www.lapsalettedebruxelles.be\/wp-content\/uploads\/2026\/04\/2-Boris-scaled.jpg 1707w\" sizes=\"auto, (max-width: 200px) 100vw, 200px\" \/> <img loading=\"lazy\" decoding=\"async\" class=\"alignnone size-medium wp-image-12035\" src=\"https:\/\/www.lapsalettedebruxelles.be\/wp-content\/uploads\/2026\/04\/3Boris-300x213.jpg\" alt=\"\" width=\"300\" height=\"213\" srcset=\"https:\/\/www.lapsalettedebruxelles.be\/wp-content\/uploads\/2026\/04\/3Boris-300x213.jpg 300w, https:\/\/www.lapsalettedebruxelles.be\/wp-content\/uploads\/2026\/04\/3Boris-1024x726.jpg 1024w, https:\/\/www.lapsalettedebruxelles.be\/wp-content\/uploads\/2026\/04\/3Boris-768x544.jpg 768w, https:\/\/www.lapsalettedebruxelles.be\/wp-content\/uploads\/2026\/04\/3Boris-1536x1088.jpg 1536w, https:\/\/www.lapsalettedebruxelles.be\/wp-content\/uploads\/2026\/04\/3Boris-2048x1451.jpg 2048w\" sizes=\"auto, (max-width: 300px) 100vw, 300px\" \/> <img loading=\"lazy\" decoding=\"async\" class=\"alignnone size-medium wp-image-12036\" src=\"https:\/\/www.lapsalettedebruxelles.be\/wp-content\/uploads\/2026\/04\/4chorale-1-300x200.jpg\" alt=\"\" width=\"300\" height=\"200\" srcset=\"https:\/\/www.lapsalettedebruxelles.be\/wp-content\/uploads\/2026\/04\/4chorale-1-300x200.jpg 300w, https:\/\/www.lapsalettedebruxelles.be\/wp-content\/uploads\/2026\/04\/4chorale-1-1024x683.jpg 1024w, https:\/\/www.lapsalettedebruxelles.be\/wp-content\/uploads\/2026\/04\/4chorale-1-768x512.jpg 768w, https:\/\/www.lapsalettedebruxelles.be\/wp-content\/uploads\/2026\/04\/4chorale-1-1536x1024.jpg 1536w, https:\/\/www.lapsalettedebruxelles.be\/wp-content\/uploads\/2026\/04\/4chorale-1-2048x1365.jpg 2048w\" sizes=\"auto, (max-width: 300px) 100vw, 300px\" \/> <img loading=\"lazy\" decoding=\"async\" class=\"alignnone size-medium wp-image-12037\" src=\"https:\/\/www.lapsalettedebruxelles.be\/wp-content\/uploads\/2026\/04\/5chorale-et-solistes-300x200.jpg\" alt=\"\" width=\"300\" height=\"200\" srcset=\"https:\/\/www.lapsalettedebruxelles.be\/wp-content\/uploads\/2026\/04\/5chorale-et-solistes-300x200.jpg 300w, https:\/\/www.lapsalettedebruxelles.be\/wp-content\/uploads\/2026\/04\/5chorale-et-solistes-1024x683.jpg 1024w, https:\/\/www.lapsalettedebruxelles.be\/wp-content\/uploads\/2026\/04\/5chorale-et-solistes-768x512.jpg 768w, https:\/\/www.lapsalettedebruxelles.be\/wp-content\/uploads\/2026\/04\/5chorale-et-solistes-1536x1024.jpg 1536w, https:\/\/www.lapsalettedebruxelles.be\/wp-content\/uploads\/2026\/04\/5chorale-et-solistes-2048x1365.jpg 2048w\" sizes=\"auto, (max-width: 300px) 100vw, 300px\" \/> <img loading=\"lazy\" decoding=\"async\" class=\"alignnone size-medium wp-image-12038\" src=\"https:\/\/www.lapsalettedebruxelles.be\/wp-content\/uploads\/2026\/04\/6chorale-et-soprano-300x200.jpg\" alt=\"\" width=\"300\" height=\"200\" srcset=\"https:\/\/www.lapsalettedebruxelles.be\/wp-content\/uploads\/2026\/04\/6chorale-et-soprano-300x200.jpg 300w, https:\/\/www.lapsalettedebruxelles.be\/wp-content\/uploads\/2026\/04\/6chorale-et-soprano-1024x683.jpg 1024w, https:\/\/www.lapsalettedebruxelles.be\/wp-content\/uploads\/2026\/04\/6chorale-et-soprano-768x512.jpg 768w, https:\/\/www.lapsalettedebruxelles.be\/wp-content\/uploads\/2026\/04\/6chorale-et-soprano-1536x1024.jpg 1536w, https:\/\/www.lapsalettedebruxelles.be\/wp-content\/uploads\/2026\/04\/6chorale-et-soprano-2048x1365.jpg 2048w\" sizes=\"auto, (max-width: 300px) 100vw, 300px\" \/> <img loading=\"lazy\" decoding=\"async\" class=\"alignnone size-medium wp-image-12039\" src=\"https:\/\/www.lapsalettedebruxelles.be\/wp-content\/uploads\/2026\/04\/7chorale-300x200.jpg\" alt=\"\" width=\"300\" height=\"200\" srcset=\"https:\/\/www.lapsalettedebruxelles.be\/wp-content\/uploads\/2026\/04\/7chorale-300x200.jpg 300w, https:\/\/www.lapsalettedebruxelles.be\/wp-content\/uploads\/2026\/04\/7chorale-1024x683.jpg 1024w, https:\/\/www.lapsalettedebruxelles.be\/wp-content\/uploads\/2026\/04\/7chorale-768x512.jpg 768w, https:\/\/www.lapsalettedebruxelles.be\/wp-content\/uploads\/2026\/04\/7chorale-1536x1024.jpg 1536w, https:\/\/www.lapsalettedebruxelles.be\/wp-content\/uploads\/2026\/04\/7chorale-2048x1365.jpg 2048w\" sizes=\"auto, (max-width: 300px) 100vw, 300px\" \/> <img loading=\"lazy\" decoding=\"async\" class=\"alignnone size-medium wp-image-12040\" src=\"https:\/\/www.lapsalettedebruxelles.be\/wp-content\/uploads\/2026\/04\/8chorale-300x154.jpg\" alt=\"\" width=\"300\" height=\"154\" srcset=\"https:\/\/www.lapsalettedebruxelles.be\/wp-content\/uploads\/2026\/04\/8chorale-300x154.jpg 300w, https:\/\/www.lapsalettedebruxelles.be\/wp-content\/uploads\/2026\/04\/8chorale-1024x527.jpg 1024w, https:\/\/www.lapsalettedebruxelles.be\/wp-content\/uploads\/2026\/04\/8chorale-768x395.jpg 768w, https:\/\/www.lapsalettedebruxelles.be\/wp-content\/uploads\/2026\/04\/8chorale-1536x791.jpg 1536w, https:\/\/www.lapsalettedebruxelles.be\/wp-content\/uploads\/2026\/04\/8chorale-2048x1054.jpg 2048w\" sizes=\"auto, (max-width: 300px) 100vw, 300px\" \/><\/p>\n","protected":false},"excerpt":{"rendered":"<p>Concert de No\u00ebl Concert du 25 juin\u2013 \u00c9glise Notre-Dame du Blankedelle \u2013 Auderghem Tr\u00e8s beau succ\u00e8s pour notre concert VIVALDI dirig\u00e9 par Boris Kondov.<br \/> Que du bonheur d&rsquo;avoir \u00e9t\u00e9 accompagn\u00e9s par 7 instrumentistes merveilleux (2 violons, 1 alto, 1 violoncelle, 1 orgue positif, 1 trompette et 1 haut-bois) et 2 solistes extraordinaires, la soprano Laurence[\u2026]<\/p>\n","protected":false},"author":38,"featured_media":0,"parent":11470,"menu_order":0,"comment_status":"closed","ping_status":"closed","template":"","meta":{"remove_blocks_before_content":false,"remove_blocks_after_content":false,"disable_reading_progress_bar":false,"_crdt_document":"","footnotes":""},"class_list":["post-11801","page","type-page","status-publish","hentry"],"_links":{"self":[{"href":"https:\/\/www.lapsalettedebruxelles.be\/index.php?rest_route=\/wp\/v2\/pages\/11801","targetHints":{"allow":["GET"]}}],"collection":[{"href":"https:\/\/www.lapsalettedebruxelles.be\/index.php?rest_route=\/wp\/v2\/pages"}],"about":[{"href":"https:\/\/www.lapsalettedebruxelles.be\/index.php?rest_route=\/wp\/v2\/types\/page"}],"author":[{"embeddable":true,"href":"https:\/\/www.lapsalettedebruxelles.be\/index.php?rest_route=\/wp\/v2\/users\/38"}],"replies":[{"embeddable":true,"href":"https:\/\/www.lapsalettedebruxelles.be\/index.php?rest_route=%2Fwp%2Fv2%2Fcomments&post=11801"}],"version-history":[{"count":9,"href":"https:\/\/www.lapsalettedebruxelles.be\/index.php?rest_route=\/wp\/v2\/pages\/11801\/revisions"}],"predecessor-version":[{"id":12041,"href":"https:\/\/www.lapsalettedebruxelles.be\/index.php?rest_route=\/wp\/v2\/pages\/11801\/revisions\/12041"}],"up":[{"embeddable":true,"href":"https:\/\/www.lapsalettedebruxelles.be\/index.php?rest_route=\/wp\/v2\/pages\/11470"}],"wp:attachment":[{"href":"https:\/\/www.lapsalettedebruxelles.be\/index.php?rest_route=%2Fwp%2Fv2%2Fmedia&parent=11801"}],"curies":[{"name":"wp","href":"https:\/\/api.w.org\/{rel}","templated":true}]}}