{"id":11461,"date":"2022-09-14T10:32:58","date_gmt":"2022-09-14T09:32:58","guid":{"rendered":"https:\/\/www.lapsalettedebruxelles.be\/?page_id=11461"},"modified":"2026-04-02T14:18:32","modified_gmt":"2026-04-02T13:18:32","slug":"on-stage-11-juin-2022","status":"publish","type":"page","link":"https:\/\/www.lapsalettedebruxelles.be\/?page_id=11461","title":{"rendered":"2022"},"content":{"rendered":"<p><span style=\"font-size: 14pt;\"><\/span><\/p>\r\n<figure class=\"wp-block-image size-large\"><span style=\"font-size: 14pt;\">On stage 11 juin &#8211; Coll\u00e8ge Do Bosco Woluwe-Saint-Lambert<\/span><\/figure>\r\n<figure class=\"wp-block-image size-large\"><span style=\"font-size: 14pt;\"><a href=\"https:\/\/www.lapsalettedebruxelles.be\/wp-content\/uploads\/2022\/04\/AFFICHE-PSALETTE.jpg\"><img loading=\"lazy\" decoding=\"async\" width=\"724\" height=\"1024\" class=\"wp-image-11447\" src=\"https:\/\/www.lapsalettedebruxelles.be\/wp-content\/uploads\/2022\/04\/AFFICHE-PSALETTE-724x1024.jpg\" alt=\"\" srcset=\"https:\/\/www.lapsalettedebruxelles.be\/wp-content\/uploads\/2022\/04\/AFFICHE-PSALETTE-724x1024.jpg 724w, https:\/\/www.lapsalettedebruxelles.be\/wp-content\/uploads\/2022\/04\/AFFICHE-PSALETTE-212x300.jpg 212w, https:\/\/www.lapsalettedebruxelles.be\/wp-content\/uploads\/2022\/04\/AFFICHE-PSALETTE-768x1086.jpg 768w, https:\/\/www.lapsalettedebruxelles.be\/wp-content\/uploads\/2022\/04\/AFFICHE-PSALETTE.jpg 842w\" sizes=\"auto, (max-width: 724px) 100vw, 724px\" \/><\/a><\/span>\r\n<figcaption class=\"wp-element-caption\"><span style=\"font-size: 14pt;\"><em>Ce Concert anniversaire fut des plus festifs, joyeux et color\u00e9, avec un public extr\u00eamement nombreux et enthousiaste.<\/em><\/span><br \/><span style=\"font-size: 14pt;\"><em>Les 2 solistes et les 5 musiciens ont enchant\u00e9 la salle\u00a0!<\/em><\/span><br \/><span style=\"font-size: 14pt;\"><em>Que du bonheur pour nous choristes et pour notre super chef Boris qui a r\u00e9ussi un challenge de taille\u00a0: mener \u00e0 bien ce projet malgr\u00e9 les contraintes li\u00e9es \u00e0 la situation sanitaire depuis 2 ans.<\/em><\/span><br \/><span style=\"font-size: 14pt;\"><em>Boris\u00a0: \u00ab\u00a0J\u2019ai voulu constituer un programme qui d\u2019une part va surprendre les gens et amener un r\u00e9pertoire peu chant\u00e9 par les ch\u0153urs amateurs. D\u2019autre part, je voulais aussi toucher toutes les g\u00e9n\u00e9rations en allant chercher des pi\u00e8ces plus contemporaines avec les com\u00e9dies musicales et musiques de films. J\u2019esp\u00e8re que par ce programme, nous \u00e9veillerons des souvenirs, des \u00e9motions, de la nostalgie &#8230;\u00a0\u00bb<\/em><\/span><br \/><span style=\"font-size: 14pt;\"><em>Et oui, ce fut un r\u00e9el bonheur de partager ce projet avec un public merveilleux\u00a0!<\/em><\/span><br \/><span style=\"font-size: 14pt;\"><em>Et que dire de la 3\u1d49 mi-temps ? Un buffet et un bar bien garnis, un immense g\u00e2teau somptueux offert \u00e0 tous, et des visages souriants\u00a0<br \/><br \/><br \/><img loading=\"lazy\" decoding=\"async\" class=\"alignnone size-medium wp-image-12013\" src=\"https:\/\/www.lapsalettedebruxelles.be\/wp-content\/uploads\/2026\/04\/1photo-groupe-300x200.jpg\" alt=\"\" width=\"300\" height=\"200\" srcset=\"https:\/\/www.lapsalettedebruxelles.be\/wp-content\/uploads\/2026\/04\/1photo-groupe-300x200.jpg 300w, https:\/\/www.lapsalettedebruxelles.be\/wp-content\/uploads\/2026\/04\/1photo-groupe-1024x683.jpg 1024w, https:\/\/www.lapsalettedebruxelles.be\/wp-content\/uploads\/2026\/04\/1photo-groupe-768x512.jpg 768w, https:\/\/www.lapsalettedebruxelles.be\/wp-content\/uploads\/2026\/04\/1photo-groupe-1536x1024.jpg 1536w, https:\/\/www.lapsalettedebruxelles.be\/wp-content\/uploads\/2026\/04\/1photo-groupe-2048x1365.jpg 2048w\" sizes=\"auto, (max-width: 300px) 100vw, 300px\" \/> <img loading=\"lazy\" decoding=\"async\" class=\"alignnone size-medium wp-image-12014\" src=\"https:\/\/www.lapsalettedebruxelles.be\/wp-content\/uploads\/2026\/04\/2boris-dirige-de-pres-300x200.jpg\" alt=\"\" width=\"300\" height=\"200\" srcset=\"https:\/\/www.lapsalettedebruxelles.be\/wp-content\/uploads\/2026\/04\/2boris-dirige-de-pres-300x200.jpg 300w, https:\/\/www.lapsalettedebruxelles.be\/wp-content\/uploads\/2026\/04\/2boris-dirige-de-pres-1024x683.jpg 1024w, https:\/\/www.lapsalettedebruxelles.be\/wp-content\/uploads\/2026\/04\/2boris-dirige-de-pres-768x512.jpg 768w, https:\/\/www.lapsalettedebruxelles.be\/wp-content\/uploads\/2026\/04\/2boris-dirige-de-pres-1536x1024.jpg 1536w, https:\/\/www.lapsalettedebruxelles.be\/wp-content\/uploads\/2026\/04\/2boris-dirige-de-pres-2048x1365.jpg 2048w\" sizes=\"auto, (max-width: 300px) 100vw, 300px\" \/> <img loading=\"lazy\" decoding=\"async\" class=\"alignnone size-medium wp-image-12015\" src=\"https:\/\/www.lapsalettedebruxelles.be\/wp-content\/uploads\/2026\/04\/3boris-instrumentistes-300x200.jpg\" alt=\"\" width=\"300\" height=\"200\" srcset=\"https:\/\/www.lapsalettedebruxelles.be\/wp-content\/uploads\/2026\/04\/3boris-instrumentistes-300x200.jpg 300w, https:\/\/www.lapsalettedebruxelles.be\/wp-content\/uploads\/2026\/04\/3boris-instrumentistes-1024x683.jpg 1024w, https:\/\/www.lapsalettedebruxelles.be\/wp-content\/uploads\/2026\/04\/3boris-instrumentistes-768x512.jpg 768w, https:\/\/www.lapsalettedebruxelles.be\/wp-content\/uploads\/2026\/04\/3boris-instrumentistes-1536x1024.jpg 1536w, https:\/\/www.lapsalettedebruxelles.be\/wp-content\/uploads\/2026\/04\/3boris-instrumentistes-2048x1365.jpg 2048w\" sizes=\"auto, (max-width: 300px) 100vw, 300px\" \/> <img loading=\"lazy\" decoding=\"async\" class=\"alignnone size-medium wp-image-12016\" src=\"https:\/\/www.lapsalettedebruxelles.be\/wp-content\/uploads\/2026\/04\/4chorale-300x200.jpg\" alt=\"\" width=\"300\" height=\"200\" srcset=\"https:\/\/www.lapsalettedebruxelles.be\/wp-content\/uploads\/2026\/04\/4chorale-300x200.jpg 300w, https:\/\/www.lapsalettedebruxelles.be\/wp-content\/uploads\/2026\/04\/4chorale-1024x683.jpg 1024w, https:\/\/www.lapsalettedebruxelles.be\/wp-content\/uploads\/2026\/04\/4chorale-768x512.jpg 768w, https:\/\/www.lapsalettedebruxelles.be\/wp-content\/uploads\/2026\/04\/4chorale-1536x1024.jpg 1536w, https:\/\/www.lapsalettedebruxelles.be\/wp-content\/uploads\/2026\/04\/4chorale-2048x1365.jpg 2048w\" sizes=\"auto, (max-width: 300px) 100vw, 300px\" \/><br \/><img loading=\"lazy\" decoding=\"async\" class=\"alignnone size-medium wp-image-12017\" src=\"https:\/\/www.lapsalettedebruxelles.be\/wp-content\/uploads\/2026\/04\/5chorale-dames-300x200.jpg\" alt=\"\" width=\"300\" height=\"200\" srcset=\"https:\/\/www.lapsalettedebruxelles.be\/wp-content\/uploads\/2026\/04\/5chorale-dames-300x200.jpg 300w, https:\/\/www.lapsalettedebruxelles.be\/wp-content\/uploads\/2026\/04\/5chorale-dames-1024x683.jpg 1024w, https:\/\/www.lapsalettedebruxelles.be\/wp-content\/uploads\/2026\/04\/5chorale-dames-768x512.jpg 768w, https:\/\/www.lapsalettedebruxelles.be\/wp-content\/uploads\/2026\/04\/5chorale-dames-1536x1024.jpg 1536w, https:\/\/www.lapsalettedebruxelles.be\/wp-content\/uploads\/2026\/04\/5chorale-dames-2048x1365.jpg 2048w\" sizes=\"auto, (max-width: 300px) 100vw, 300px\" \/> <img loading=\"lazy\" decoding=\"async\" class=\"alignnone size-medium wp-image-12018\" src=\"https:\/\/www.lapsalettedebruxelles.be\/wp-content\/uploads\/2026\/04\/6pianiste-300x200.jpg\" alt=\"\" width=\"300\" height=\"200\" srcset=\"https:\/\/www.lapsalettedebruxelles.be\/wp-content\/uploads\/2026\/04\/6pianiste-300x200.jpg 300w, https:\/\/www.lapsalettedebruxelles.be\/wp-content\/uploads\/2026\/04\/6pianiste-1024x683.jpg 1024w, https:\/\/www.lapsalettedebruxelles.be\/wp-content\/uploads\/2026\/04\/6pianiste-768x512.jpg 768w, https:\/\/www.lapsalettedebruxelles.be\/wp-content\/uploads\/2026\/04\/6pianiste-1536x1024.jpg 1536w, https:\/\/www.lapsalettedebruxelles.be\/wp-content\/uploads\/2026\/04\/6pianiste-2048x1365.jpg 2048w\" sizes=\"auto, (max-width: 300px) 100vw, 300px\" \/> <img loading=\"lazy\" decoding=\"async\" class=\"alignnone size-medium wp-image-12019\" src=\"https:\/\/www.lapsalettedebruxelles.be\/wp-content\/uploads\/2026\/04\/7theorbe-300x232.jpg\" alt=\"\" width=\"300\" height=\"232\" srcset=\"https:\/\/www.lapsalettedebruxelles.be\/wp-content\/uploads\/2026\/04\/7theorbe-300x232.jpg 300w, https:\/\/www.lapsalettedebruxelles.be\/wp-content\/uploads\/2026\/04\/7theorbe-1024x790.jpg 1024w, https:\/\/www.lapsalettedebruxelles.be\/wp-content\/uploads\/2026\/04\/7theorbe-768x593.jpg 768w, https:\/\/www.lapsalettedebruxelles.be\/wp-content\/uploads\/2026\/04\/7theorbe-1536x1185.jpg 1536w, https:\/\/www.lapsalettedebruxelles.be\/wp-content\/uploads\/2026\/04\/7theorbe-2048x1580.jpg 2048w\" sizes=\"auto, (max-width: 300px) 100vw, 300px\" \/> <img loading=\"lazy\" decoding=\"async\" class=\"alignnone size-medium wp-image-12020\" src=\"https:\/\/www.lapsalettedebruxelles.be\/wp-content\/uploads\/2026\/04\/8violon-200x300.jpg\" alt=\"\" width=\"200\" height=\"300\" srcset=\"https:\/\/www.lapsalettedebruxelles.be\/wp-content\/uploads\/2026\/04\/8violon-200x300.jpg 200w, https:\/\/www.lapsalettedebruxelles.be\/wp-content\/uploads\/2026\/04\/8violon-683x1024.jpg 683w, https:\/\/www.lapsalettedebruxelles.be\/wp-content\/uploads\/2026\/04\/8violon-768x1152.jpg 768w, https:\/\/www.lapsalettedebruxelles.be\/wp-content\/uploads\/2026\/04\/8violon-1024x1536.jpg 1024w, https:\/\/www.lapsalettedebruxelles.be\/wp-content\/uploads\/2026\/04\/8violon-1365x2048.jpg 1365w, https:\/\/www.lapsalettedebruxelles.be\/wp-content\/uploads\/2026\/04\/8violon-scaled.jpg 1707w\" sizes=\"auto, (max-width: 200px) 100vw, 200px\" \/> <img loading=\"lazy\" decoding=\"async\" class=\"alignnone size-medium wp-image-12021\" src=\"https:\/\/www.lapsalettedebruxelles.be\/wp-content\/uploads\/2026\/04\/9violon2-200x300.jpg\" alt=\"\" width=\"200\" height=\"300\" srcset=\"https:\/\/www.lapsalettedebruxelles.be\/wp-content\/uploads\/2026\/04\/9violon2-200x300.jpg 200w, https:\/\/www.lapsalettedebruxelles.be\/wp-content\/uploads\/2026\/04\/9violon2-683x1024.jpg 683w, https:\/\/www.lapsalettedebruxelles.be\/wp-content\/uploads\/2026\/04\/9violon2-768x1152.jpg 768w, https:\/\/www.lapsalettedebruxelles.be\/wp-content\/uploads\/2026\/04\/9violon2-1024x1536.jpg 1024w, https:\/\/www.lapsalettedebruxelles.be\/wp-content\/uploads\/2026\/04\/9violon2-1365x2048.jpg 1365w, https:\/\/www.lapsalettedebruxelles.be\/wp-content\/uploads\/2026\/04\/9violon2-scaled.jpg 1707w\" sizes=\"auto, (max-width: 200px) 100vw, 200px\" \/> <img loading=\"lazy\" decoding=\"async\" class=\"alignnone size-medium wp-image-12022\" src=\"https:\/\/www.lapsalettedebruxelles.be\/wp-content\/uploads\/2026\/04\/10soprano-chante-300x200.jpg\" alt=\"\" width=\"300\" height=\"200\" srcset=\"https:\/\/www.lapsalettedebruxelles.be\/wp-content\/uploads\/2026\/04\/10soprano-chante-300x200.jpg 300w, https:\/\/www.lapsalettedebruxelles.be\/wp-content\/uploads\/2026\/04\/10soprano-chante-1024x683.jpg 1024w, https:\/\/www.lapsalettedebruxelles.be\/wp-content\/uploads\/2026\/04\/10soprano-chante-768x512.jpg 768w, https:\/\/www.lapsalettedebruxelles.be\/wp-content\/uploads\/2026\/04\/10soprano-chante-1536x1024.jpg 1536w, https:\/\/www.lapsalettedebruxelles.be\/wp-content\/uploads\/2026\/04\/10soprano-chante-2048x1365.jpg 2048w\" sizes=\"auto, (max-width: 300px) 100vw, 300px\" \/> <img loading=\"lazy\" decoding=\"async\" class=\"alignnone size-medium wp-image-12023\" src=\"https:\/\/www.lapsalettedebruxelles.be\/wp-content\/uploads\/2026\/04\/11-basse-300x200.jpg\" alt=\"\" width=\"300\" height=\"200\" srcset=\"https:\/\/www.lapsalettedebruxelles.be\/wp-content\/uploads\/2026\/04\/11-basse-300x200.jpg 300w, https:\/\/www.lapsalettedebruxelles.be\/wp-content\/uploads\/2026\/04\/11-basse-1024x683.jpg 1024w, https:\/\/www.lapsalettedebruxelles.be\/wp-content\/uploads\/2026\/04\/11-basse-768x512.jpg 768w, https:\/\/www.lapsalettedebruxelles.be\/wp-content\/uploads\/2026\/04\/11-basse-1536x1024.jpg 1536w, https:\/\/www.lapsalettedebruxelles.be\/wp-content\/uploads\/2026\/04\/11-basse-2048x1365.jpg 2048w\" sizes=\"auto, (max-width: 300px) 100vw, 300px\" \/> <img loading=\"lazy\" decoding=\"async\" class=\"alignnone size-medium wp-image-12024\" src=\"https:\/\/www.lapsalettedebruxelles.be\/wp-content\/uploads\/2026\/04\/12chorale-chapeux-salut-Boris-300x200.jpg\" alt=\"\" width=\"300\" height=\"200\" srcset=\"https:\/\/www.lapsalettedebruxelles.be\/wp-content\/uploads\/2026\/04\/12chorale-chapeux-salut-Boris-300x200.jpg 300w, https:\/\/www.lapsalettedebruxelles.be\/wp-content\/uploads\/2026\/04\/12chorale-chapeux-salut-Boris-1024x683.jpg 1024w, https:\/\/www.lapsalettedebruxelles.be\/wp-content\/uploads\/2026\/04\/12chorale-chapeux-salut-Boris-768x512.jpg 768w, https:\/\/www.lapsalettedebruxelles.be\/wp-content\/uploads\/2026\/04\/12chorale-chapeux-salut-Boris-1536x1024.jpg 1536w, https:\/\/www.lapsalettedebruxelles.be\/wp-content\/uploads\/2026\/04\/12chorale-chapeux-salut-Boris-2048x1365.jpg 2048w\" sizes=\"auto, (max-width: 300px) 100vw, 300px\" \/> <img loading=\"lazy\" decoding=\"async\" class=\"alignnone size-medium wp-image-12025\" src=\"https:\/\/www.lapsalettedebruxelles.be\/wp-content\/uploads\/2026\/04\/13chorale-souleve-chapeaux-300x200.jpg\" alt=\"\" width=\"300\" height=\"200\" srcset=\"https:\/\/www.lapsalettedebruxelles.be\/wp-content\/uploads\/2026\/04\/13chorale-souleve-chapeaux-300x200.jpg 300w, https:\/\/www.lapsalettedebruxelles.be\/wp-content\/uploads\/2026\/04\/13chorale-souleve-chapeaux-1024x683.jpg 1024w, https:\/\/www.lapsalettedebruxelles.be\/wp-content\/uploads\/2026\/04\/13chorale-souleve-chapeaux-768x512.jpg 768w, https:\/\/www.lapsalettedebruxelles.be\/wp-content\/uploads\/2026\/04\/13chorale-souleve-chapeaux-1536x1024.jpg 1536w, https:\/\/www.lapsalettedebruxelles.be\/wp-content\/uploads\/2026\/04\/13chorale-souleve-chapeaux-2048x1365.jpg 2048w\" sizes=\"auto, (max-width: 300px) 100vw, 300px\" \/> <img loading=\"lazy\" decoding=\"async\" class=\"alignnone size-medium wp-image-12026\" src=\"https:\/\/www.lapsalettedebruxelles.be\/wp-content\/uploads\/2026\/04\/14boris-remercie-instrumentistes-300x200.jpg\" alt=\"\" width=\"300\" height=\"200\" srcset=\"https:\/\/www.lapsalettedebruxelles.be\/wp-content\/uploads\/2026\/04\/14boris-remercie-instrumentistes-300x200.jpg 300w, https:\/\/www.lapsalettedebruxelles.be\/wp-content\/uploads\/2026\/04\/14boris-remercie-instrumentistes-1024x683.jpg 1024w, https:\/\/www.lapsalettedebruxelles.be\/wp-content\/uploads\/2026\/04\/14boris-remercie-instrumentistes-768x512.jpg 768w, https:\/\/www.lapsalettedebruxelles.be\/wp-content\/uploads\/2026\/04\/14boris-remercie-instrumentistes-1536x1024.jpg 1536w, https:\/\/www.lapsalettedebruxelles.be\/wp-content\/uploads\/2026\/04\/14boris-remercie-instrumentistes-2048x1365.jpg 2048w\" sizes=\"auto, (max-width: 300px) 100vw, 300px\" \/> <img loading=\"lazy\" decoding=\"async\" class=\"alignnone size-medium wp-image-12027\" src=\"https:\/\/www.lapsalettedebruxelles.be\/wp-content\/uploads\/2026\/04\/15soprano-violon-300x200.jpg\" alt=\"\" width=\"300\" height=\"200\" srcset=\"https:\/\/www.lapsalettedebruxelles.be\/wp-content\/uploads\/2026\/04\/15soprano-violon-300x200.jpg 300w, https:\/\/www.lapsalettedebruxelles.be\/wp-content\/uploads\/2026\/04\/15soprano-violon-1024x683.jpg 1024w, https:\/\/www.lapsalettedebruxelles.be\/wp-content\/uploads\/2026\/04\/15soprano-violon-768x512.jpg 768w, https:\/\/www.lapsalettedebruxelles.be\/wp-content\/uploads\/2026\/04\/15soprano-violon-1536x1024.jpg 1536w, https:\/\/www.lapsalettedebruxelles.be\/wp-content\/uploads\/2026\/04\/15soprano-violon-2048x1365.jpg 2048w\" sizes=\"auto, (max-width: 300px) 100vw, 300px\" \/> <img loading=\"lazy\" decoding=\"async\" class=\"alignnone size-medium wp-image-12028\" src=\"https:\/\/www.lapsalettedebruxelles.be\/wp-content\/uploads\/2026\/04\/16violoncelle-theorbe-basse-Boris-300x200.jpg\" alt=\"\" width=\"300\" height=\"200\" srcset=\"https:\/\/www.lapsalettedebruxelles.be\/wp-content\/uploads\/2026\/04\/16violoncelle-theorbe-basse-Boris-300x200.jpg 300w, https:\/\/www.lapsalettedebruxelles.be\/wp-content\/uploads\/2026\/04\/16violoncelle-theorbe-basse-Boris-1024x683.jpg 1024w, https:\/\/www.lapsalettedebruxelles.be\/wp-content\/uploads\/2026\/04\/16violoncelle-theorbe-basse-Boris-768x512.jpg 768w, https:\/\/www.lapsalettedebruxelles.be\/wp-content\/uploads\/2026\/04\/16violoncelle-theorbe-basse-Boris-1536x1024.jpg 1536w, https:\/\/www.lapsalettedebruxelles.be\/wp-content\/uploads\/2026\/04\/16violoncelle-theorbe-basse-Boris-2048x1365.jpg 2048w\" sizes=\"auto, (max-width: 300px) 100vw, 300px\" \/> <img loading=\"lazy\" decoding=\"async\" class=\"alignnone size-medium wp-image-12029\" src=\"https:\/\/www.lapsalettedebruxelles.be\/wp-content\/uploads\/2026\/04\/17salut-solistes-300x200.jpg\" alt=\"\" width=\"300\" height=\"200\" srcset=\"https:\/\/www.lapsalettedebruxelles.be\/wp-content\/uploads\/2026\/04\/17salut-solistes-300x200.jpg 300w, https:\/\/www.lapsalettedebruxelles.be\/wp-content\/uploads\/2026\/04\/17salut-solistes-1024x683.jpg 1024w, https:\/\/www.lapsalettedebruxelles.be\/wp-content\/uploads\/2026\/04\/17salut-solistes-768x512.jpg 768w, https:\/\/www.lapsalettedebruxelles.be\/wp-content\/uploads\/2026\/04\/17salut-solistes-1536x1024.jpg 1536w, https:\/\/www.lapsalettedebruxelles.be\/wp-content\/uploads\/2026\/04\/17salut-solistes-2048x1365.jpg 2048w\" sizes=\"auto, (max-width: 300px) 100vw, 300px\" \/> <img loading=\"lazy\" decoding=\"async\" class=\"alignnone size-medium wp-image-12030\" src=\"https:\/\/www.lapsalettedebruxelles.be\/wp-content\/uploads\/2026\/04\/18gateau-de-pres-300x200.jpg\" alt=\"\" width=\"300\" height=\"200\" srcset=\"https:\/\/www.lapsalettedebruxelles.be\/wp-content\/uploads\/2026\/04\/18gateau-de-pres-300x200.jpg 300w, https:\/\/www.lapsalettedebruxelles.be\/wp-content\/uploads\/2026\/04\/18gateau-de-pres-1024x683.jpg 1024w, https:\/\/www.lapsalettedebruxelles.be\/wp-content\/uploads\/2026\/04\/18gateau-de-pres-768x512.jpg 768w, https:\/\/www.lapsalettedebruxelles.be\/wp-content\/uploads\/2026\/04\/18gateau-de-pres-1536x1024.jpg 1536w, https:\/\/www.lapsalettedebruxelles.be\/wp-content\/uploads\/2026\/04\/18gateau-de-pres-2048x1365.jpg 2048w\" sizes=\"auto, (max-width: 300px) 100vw, 300px\" \/> <img loading=\"lazy\" decoding=\"async\" class=\"alignnone size-medium wp-image-12031\" src=\"https:\/\/www.lapsalettedebruxelles.be\/wp-content\/uploads\/2026\/04\/19finale-200x300.jpg\" alt=\"\" width=\"200\" height=\"300\" srcset=\"https:\/\/www.lapsalettedebruxelles.be\/wp-content\/uploads\/2026\/04\/19finale-200x300.jpg 200w, https:\/\/www.lapsalettedebruxelles.be\/wp-content\/uploads\/2026\/04\/19finale-683x1024.jpg 683w, https:\/\/www.lapsalettedebruxelles.be\/wp-content\/uploads\/2026\/04\/19finale-768x1152.jpg 768w, https:\/\/www.lapsalettedebruxelles.be\/wp-content\/uploads\/2026\/04\/19finale-1024x1536.jpg 1024w, https:\/\/www.lapsalettedebruxelles.be\/wp-content\/uploads\/2026\/04\/19finale-1365x2048.jpg 1365w, https:\/\/www.lapsalettedebruxelles.be\/wp-content\/uploads\/2026\/04\/19finale-scaled.jpg 1707w\" sizes=\"auto, (max-width: 200px) 100vw, 200px\" \/><\/em><\/span><br \/><span style=\"font-size: 14pt;\">\u00a0<\/span><\/figcaption>\r\n<\/figure>\r\n<p><span style=\"font-size: 14pt;\"><\/span><\/p>","protected":false},"excerpt":{"rendered":"","protected":false},"author":38,"featured_media":0,"parent":11470,"menu_order":0,"comment_status":"closed","ping_status":"closed","template":"","meta":{"remove_blocks_before_content":false,"remove_blocks_after_content":false,"disable_reading_progress_bar":false,"_crdt_document":"","footnotes":""},"class_list":["post-11461","page","type-page","status-publish","hentry"],"_links":{"self":[{"href":"https:\/\/www.lapsalettedebruxelles.be\/index.php?rest_route=\/wp\/v2\/pages\/11461","targetHints":{"allow":["GET"]}}],"collection":[{"href":"https:\/\/www.lapsalettedebruxelles.be\/index.php?rest_route=\/wp\/v2\/pages"}],"about":[{"href":"https:\/\/www.lapsalettedebruxelles.be\/index.php?rest_route=\/wp\/v2\/types\/page"}],"author":[{"embeddable":true,"href":"https:\/\/www.lapsalettedebruxelles.be\/index.php?rest_route=\/wp\/v2\/users\/38"}],"replies":[{"embeddable":true,"href":"https:\/\/www.lapsalettedebruxelles.be\/index.php?rest_route=%2Fwp%2Fv2%2Fcomments&post=11461"}],"version-history":[{"count":7,"href":"https:\/\/www.lapsalettedebruxelles.be\/index.php?rest_route=\/wp\/v2\/pages\/11461\/revisions"}],"predecessor-version":[{"id":12032,"href":"https:\/\/www.lapsalettedebruxelles.be\/index.php?rest_route=\/wp\/v2\/pages\/11461\/revisions\/12032"}],"up":[{"embeddable":true,"href":"https:\/\/www.lapsalettedebruxelles.be\/index.php?rest_route=\/wp\/v2\/pages\/11470"}],"wp:attachment":[{"href":"https:\/\/www.lapsalettedebruxelles.be\/index.php?rest_route=%2Fwp%2Fv2%2Fmedia&parent=11461"}],"curies":[{"name":"wp","href":"https:\/\/api.w.org\/{rel}","templated":true}]}}