{"id":10391,"date":"2014-09-24T13:16:16","date_gmt":"2014-09-24T12:16:16","guid":{"rendered":"http:\/\/www.lapsalettedebruxelles.be\/?page_id=10391"},"modified":"2022-09-14T11:18:09","modified_gmt":"2022-09-14T10:18:09","slug":"2009-2","status":"publish","type":"page","link":"https:\/\/www.lapsalettedebruxelles.be\/?page_id=10391","title":{"rendered":"2009"},"content":{"rendered":"<h3>Samedi 12 d\u00e9cembre :<\/h3>\n<h4>Concert de No\u00ebl en l&rsquo;\u00e9glise Notre-Dame du Finist\u00e8re \u00e0 Bruxelles<\/h4>\n<h3>Mercredi 9 d\u00e9cembre :<\/h3>\n<h4>Concert de No\u00ebl en l&rsquo;\u00e9glise Notre-Dame de l\u2019Assomption \u00e0 Woluwe-Saint-Lambert<\/h4>\n<p>[fancy_header3 variation=\u00a0\u00bbred\u00a0\u00bb]Photos[\/fancy_header3]<\/p>\n<style id=\"bwg-style-0\">    #bwg_container1_0 #bwg_container2_0 .bwg-container-0.bwg-standard-thumbnails {      width: 904px;              justify-content: center;        margin:0 auto !important;              background-color: rgba(255, 255, 255, 0.00);            padding-left: 4px;      padding-top: 4px;      max-width: 100%;            }        #bwg_container1_0 #bwg_container2_0 .bwg-container-0.bwg-standard-thumbnails .bwg-item {    justify-content: flex-start;      max-width: 180px;            width: 180px !important;          }    #bwg_container1_0 #bwg_container2_0 .bwg-container-0.bwg-standard-thumbnails .bwg-item a {       margin-right: 4px;       margin-bottom: 4px;    }    #bwg_container1_0 #bwg_container2_0 .bwg-container-0.bwg-standard-thumbnails .bwg-item0 {      padding: 0px;            background-color:rgba(255,255,255, 0.30);      border: 0px none #CCCCCC;      opacity: 1.00;      border-radius: 0;      box-shadow: 0px 0px 0px #888888;    }    #bwg_container1_0 #bwg_container2_0 .bwg-container-0.bwg-standard-thumbnails .bwg-item1 img {      max-height: none;      max-width: none;      padding: 0 !important;    }        @media only screen and (min-width: 480px) {      #bwg_container1_0 #bwg_container2_0 .bwg-container-0.bwg-standard-thumbnails .bwg-item0 {        transition: all 0.3s ease 0s;-webkit-transition: all 0.3s ease 0s;      }      #bwg_container1_0 #bwg_container2_0 .bwg-container-0.bwg-standard-thumbnails .bwg-item0:hover {        -ms-transform: scale(1.1);        -webkit-transform: scale(1.1);        transform: scale(1.1);      }    }          #bwg_container1_0 #bwg_container2_0 .bwg-container-0.bwg-standard-thumbnails .bwg-item1 {      padding-top: 50%;    }        #bwg_container1_0 #bwg_container2_0 .bwg-container-0.bwg-standard-thumbnails .bwg-title2,    #bwg_container1_0 #bwg_container2_0 .bwg-container-0.bwg-standard-thumbnails .bwg-ecommerce2 {      color: #CCCCCC;      font-family: segoe ui;      font-size: 16px;      font-weight: bold;      padding: 2px;      text-shadow: 0px 0px 0px #888888;      max-height: 100%;    }    #bwg_container1_0 #bwg_container2_0 .bwg-container-0.bwg-standard-thumbnails .bwg-thumb-description span {    color: #323A45;    font-family: Ubuntu;    font-size: 12px;    max-height: 100%;    word-wrap: break-word;    }    #bwg_container1_0 #bwg_container2_0 .bwg-container-0.bwg-standard-thumbnails .bwg-play-icon2 {      font-size: 32px;    }    #bwg_container1_0 #bwg_container2_0 .bwg-container-0.bwg-standard-thumbnails .bwg-ecommerce2 {      font-size: 19.2px;      color: #CCCCCC;    }    <\/style>    <div id=\"bwg_container1_0\"         class=\"bwg_container bwg_thumbnail bwg_thumbnails \"         data-right-click-protection=\"1\"         data-bwg=\"0\"         data-scroll=\"0\"         data-gallery-type=\"thumbnails\"         data-gallery-view-type=\"thumbnails\"         data-current-url=\"\/index.php?rest_route=%2Fwp%2Fv2%2Fpages%2F10391\"         data-lightbox-url=\"https:\/\/www.lapsalettedebruxelles.be\/wp-admin\/admin-ajax.php?action=GalleryBox&#038;current_view=0&#038;gallery_id=7&#038;tag=0&#038;theme_id=1&#038;shortcode_id=17&#038;sort_by=date&#038;order_by=asc&#038;current_url=%2Findex.php%3Frest_route%3D%252Fwp%252Fv2%252Fpages%252F10391\"         data-gallery-id=\"7\"         data-popup-width=\"800\"         data-popup-height=\"500\"         data-is-album=\"gallery\"         data-buttons-position=\"bottom\">      <div id=\"bwg_container2_0\">             <div id=\"ajax_loading_0\" class=\"bwg_loading_div_1\">      <div class=\"bwg_loading_div_2\">        <div class=\"bwg_loading_div_3\">          <div id=\"loading_div_0\" class=\"bwg_spider_ajax_loading\">          <\/div>        <\/div>      <\/div>    <\/div>            <form id=\"gal_front_form_0\"              class=\"bwg-hidden\"              method=\"post\"              action=\"#\"              data-current=\"0\"              data-shortcode-id=\"17\"              data-gallery-type=\"thumbnails\"              data-gallery-id=\"7\"              data-tag=\"0\"              data-album-id=\"0\"              data-theme-id=\"1\"              data-ajax-url=\"https:\/\/www.lapsalettedebruxelles.be\/wp-admin\/admin-ajax.php?action=bwg_frontend_data\">          <div id=\"bwg_container3_0\" class=\"bwg-background bwg-background-0\">                <div data-max-count=\"5\"         data-thumbnail-width=\"180\"         data-bwg=\"0\"         data-gallery-id=\"7\"         data-lightbox-url=\"https:\/\/www.lapsalettedebruxelles.be\/wp-admin\/admin-ajax.php?action=GalleryBox&amp;current_view=0&amp;gallery_id=7&amp;tag=0&amp;theme_id=1&amp;shortcode_id=17&amp;sort_by=date&amp;order_by=asc&amp;current_url=%2Findex.php%3Frest_route%3D%252Fwp%252Fv2%252Fpages%252F10391\"         id=\"bwg_thumbnails_0\"         class=\"bwg-container-0 bwg-thumbnails bwg-standard-thumbnails bwg-container bwg-border-box\">            <div class=\"bwg-item\">        <a class=\"bwg-a  bwg_lightbox\"  data-image-id=\"282\" href=\"https:\/\/www.lapsalettedebruxelles.be\/wp-content\/uploads\/photo-gallery\/20091210-Concert\/14597075409_4cbf7c5d96_o.jpg\" data-elementor-open-lightbox=\"no\">                <div class=\"bwg-item0 \">          <div class=\"bwg-item1 \">            <div class=\"bwg-item2\">              <img decoding=\"async\" class=\"skip-lazy bwg_standart_thumb_img_0 \"                   data-id=\"282\"                   data-width=\"\"                   data-height=\"\"                   data-src=\"https:\/\/www.lapsalettedebruxelles.be\/wp-content\/uploads\/photo-gallery\/20091210-Concert\/thumb\/14597075409_4cbf7c5d96_o.jpg\"                   src=\"https:\/\/www.lapsalettedebruxelles.be\/wp-content\/uploads\/photo-gallery\/20091210-Concert\/thumb\/14597075409_4cbf7c5d96_o.jpg\"                   alt=\"14597075409 4cbf7c5d96 o\"                   title=\"14597075409 4cbf7c5d96 o\" \/>            <\/div>            <div class=\"\">                                                      <\/div>          <\/div>        <\/div>                        <\/a>              <\/div>            <div class=\"bwg-item\">        <a class=\"bwg-a  bwg_lightbox\"  data-image-id=\"283\" href=\"https:\/\/www.lapsalettedebruxelles.be\/wp-content\/uploads\/photo-gallery\/20091210-Concert\/14597090558_40e98a3a79_o.jpg\" data-elementor-open-lightbox=\"no\">                <div class=\"bwg-item0 \">          <div class=\"bwg-item1 \">            <div class=\"bwg-item2\">              <img decoding=\"async\" class=\"skip-lazy bwg_standart_thumb_img_0 \"                   data-id=\"283\"                   data-width=\"\"                   data-height=\"\"                   data-src=\"https:\/\/www.lapsalettedebruxelles.be\/wp-content\/uploads\/photo-gallery\/20091210-Concert\/thumb\/14597090558_40e98a3a79_o.jpg\"                   src=\"https:\/\/www.lapsalettedebruxelles.be\/wp-content\/uploads\/photo-gallery\/20091210-Concert\/thumb\/14597090558_40e98a3a79_o.jpg\"                   alt=\"14597090558 40e98a3a79 o\"                   title=\"14597090558 40e98a3a79 o\" \/>            <\/div>            <div class=\"\">                                                      <\/div>          <\/div>        <\/div>                        <\/a>              <\/div>            <div class=\"bwg-item\">        <a class=\"bwg-a  bwg_lightbox\"  data-image-id=\"284\" href=\"https:\/\/www.lapsalettedebruxelles.be\/wp-content\/uploads\/photo-gallery\/20091210-Concert\/14780601001_0135f4767f_o.jpg\" data-elementor-open-lightbox=\"no\">                <div class=\"bwg-item0 \">          <div class=\"bwg-item1 \">            <div class=\"bwg-item2\">              <img decoding=\"async\" class=\"skip-lazy bwg_standart_thumb_img_0 \"                   data-id=\"284\"                   data-width=\"\"                   data-height=\"\"                   data-src=\"https:\/\/www.lapsalettedebruxelles.be\/wp-content\/uploads\/photo-gallery\/20091210-Concert\/thumb\/14780601001_0135f4767f_o.jpg\"                   src=\"https:\/\/www.lapsalettedebruxelles.be\/wp-content\/uploads\/photo-gallery\/20091210-Concert\/thumb\/14780601001_0135f4767f_o.jpg\"                   alt=\"14780601001 0135f4767f o\"                   title=\"14780601001 0135f4767f o\" \/>            <\/div>            <div class=\"\">                                                      <\/div>          <\/div>        <\/div>                        <\/a>              <\/div>          <\/div>    <style>      \/*pagination styles*\/      #bwg_container1_0 #bwg_container2_0 .tablenav-pages_0 {\t\t\t\ttext-align: center;\t\t\t\tfont-size: 12px;\t\t\t\tfont-family: segoe ui;\t\t\t\tfont-weight: bold;\t\t\t\tcolor: #666666;\t\t\t\tmargin: 6px 0 4px;\t\t\t\tdisplay: block;      }      @media only screen and (max-width : 320px) {      #bwg_container1_0 #bwg_container2_0 .displaying-num_0 {     \t display: none;      }      }      #bwg_container1_0 #bwg_container2_0 .displaying-num_0 {\t\t\t\tfont-size: 12px;\t\t\t\tfont-family: segoe ui;\t\t\t\tfont-weight: bold;\t\t\t\tcolor: #666666;\t\t\t\tmargin-right: 10px;\t\t\t\tvertical-align: middle;      }      #bwg_container1_0 #bwg_container2_0 .paging-input_0 {\t\t\t\tfont-size: 12px;\t\t\t\tfont-family: segoe ui;\t\t\t\tfont-weight: bold;\t\t\t\tcolor: #666666;\t\t\t\tvertical-align: middle;      }      #bwg_container1_0 #bwg_container2_0 .tablenav-pages_0 a.disabled,      #bwg_container1_0 #bwg_container2_0 .tablenav-pages_0 a.disabled:hover,      #bwg_container1_0 #bwg_container2_0 .tablenav-pages_0 a.disabled:focus,\t\t\t#bwg_container1_0 #bwg_container2_0 .tablenav-pages_0 input.bwg_current_page {\t\t\t\tcursor: default;\t\t\t\tcolor: rgba(102, 102, 102, 0.5);      }      #bwg_container1_0 #bwg_container2_0 .tablenav-pages_0 a,      #bwg_container1_0 #bwg_container2_0 .tablenav-pages_0 input.bwg_current_page {\t\t\t\tcursor: pointer;\t\t\t\ttext-align: center;\t\t\t\tfont-size: 12px;\t\t\t\tfont-family: segoe ui;\t\t\t\tfont-weight: bold;\t\t\t\tcolor: #666666;\t\t\t\ttext-decoration: none;\t\t\t\tpadding: 3px 6px;\t\t\t\tmargin: 0;\t\t\t\tborder-radius: 0;\t\t\t\tborder-style: solid;\t\t\t\tborder-width: 1px;\t\t\t\tborder-color: #E3E3E3;\t\t\t\t\t\t\t\tbackground-color: rgba(255, 255, 255, 1.00);\t\t\t\tbox-shadow: 0;\t\t\t\ttransition: all 0.3s ease 0s;-webkit-transition: all 0.3s ease 0s;      }      <\/style>      <span class=\"bwg_nav_cont_0\">              <div class=\"tablenav-pages_0\">                  <\/div>                <input type=\"hidden\" id=\"page_number_0\" name=\"page_number_0\" value=\"1\" \/>      <script type=\"text\/javascript\">        if( jQuery('.bwg_nav_cont_0').length > 1 ) {          jQuery('.bwg_nav_cont_0').first().remove()        }        function spider_page_0(cur, x, y, load_more) {          if (typeof load_more == \"undefined\") {            var load_more = false;          }          if (jQuery(cur).hasClass('disabled')) {            return false;          }          var items_county_0 = 1;          switch (y) {            case 1:              if (x >= items_county_0) {                document.getElementById('page_number_0').value = items_county_0;              }              else {                document.getElementById('page_number_0').value = x + 1;              }              break;            case 2:              document.getElementById('page_number_0').value = items_county_0;              break;            case -1:              if (x == 1) {                document.getElementById('page_number_0').value = 1;              }              else {                document.getElementById('page_number_0').value = x - 1;              }              break;            case -2:              document.getElementById('page_number_0').value = 1;              break;\t\t\t\t\t\tcase 0:              document.getElementById('page_number_0').value = x;              break;            default:              document.getElementById('page_number_0').value = 1;          }          bwg_ajax('gal_front_form_0', '0', 'bwg_thumbnails_0', '0', '', 'gallery', 0, '', '', load_more, '', 1);        }                    jQuery('.first-page-0').on('click', function () {              spider_page_0(this, 1, -2, 'numeric');              return false;            });            jQuery('.prev-page-0').on('click', function () {              spider_page_0(this, 1, -1, 'numeric');              return false;            });            jQuery('.next-page-0').on('click', function () {              spider_page_0(this, 1, 1, 'numeric');              return false;            });            jQuery('.last-page-0').on('click', function () {              spider_page_0(this, 1, 2, 'numeric');              return false;            });        \t\t\t\t\/* Change page on input enter. *\/        function bwg_change_page_0( e, that ) {          if (  e.key == 'Enter' ) {            var to_page = parseInt(jQuery(that).val());            var pages_count = jQuery(that).parents(\".pagination-links\").data(\"pages-count\");            var current_url_param = jQuery(that).attr('data-url-info');            if (to_page > pages_count) {              to_page = 1;            }\t \t\t\t\t\t\t\t\t\t\t\t\tspider_page_0(this, to_page, 0, 'numeric');\t\t\t\t\t\t\treturn false;\t\t\t\t\t\t          }          return true;        }        jQuery('.bwg_load_btn_0').on('click', function () {            spider_page_0(this, 1, 1, true);            return false;        });      <\/script>      <\/span>                <\/div>        <\/form>        <style>          #bwg_container1_0 #bwg_container2_0 #spider_popup_overlay_0 {          background-color: #000000;          opacity: 0.70;          }          <\/style>        <div id=\"bwg_spider_popup_loading_0\" class=\"bwg_spider_popup_loading\"><\/div>        <div id=\"spider_popup_overlay_0\" class=\"spider_popup_overlay\" onclick=\"spider_destroypopup(1000)\"><\/div>        <input type=\"hidden\" id=\"bwg_random_seed_0\" value=\"913720919\">                <\/div>    <\/div>    <script>      if (document.readyState === 'complete') {        if( typeof bwg_main_ready == 'function' ) {          if ( jQuery(\"#bwg_container1_0\").height() ) {            bwg_main_ready(jQuery(\"#bwg_container1_0\"));          }        }      } else {        document.addEventListener('DOMContentLoaded', function() {          if( typeof bwg_main_ready == 'function' ) {            if ( jQuery(\"#bwg_container1_0\").height() ) {             bwg_main_ready(jQuery(\"#bwg_container1_0\"));            }          }        });      }    <\/script>    \n<h3>Samedi 22 mai et dimanche 23 mai:<\/h3>\n<h4>Concert en l&rsquo;\u00e9glise Saint-Vincent de Paul \u00e0 Saint-Brieuc en commun avec la chorale Kantarmor, et aubade avec Kantarmor dans la ville pi\u00e9tonne de Saint-Brieuc (Bretagne)<\/h4>\n<p style=\"text-align: justify;\">L\u00e9on Guillou, compositeur prolifique de musique profane et de musique sacr\u00e9e, a mis ses talents de p\u00e9dagogue au service de la man\u00e9canterie et de la ma\u00eetrise de la Cath\u00e9drale de Saint-Brieuc (Bretagne). Il a \u00e9galement assur\u00e9 la direction de la chorale dioc\u00e9saine, de la chorale hospitali\u00e8re \u00ab Kantarmor \u00bb et d\u2019un ensemble vocal pour voix d\u2019hommes (l\u2019ARC \u2013 Amis du Rythme et de la Chanson). Il a \u00e9t\u00e9 d\u00e9cor\u00e9 de l\u2019ordre de Saint-Gr\u00e9goire des mains du Pape Jean-Paul II, pour son investissement dans la musique sacr\u00e9e. Il est d\u00e9c\u00e9d\u00e9 inopin\u00e9ment le 18 novembre 2009.<\/p>\n<p style=\"text-align: justify;\">[fancy_header3 variation=\u00a0\u00bbred\u00a0\u00bb]Photos[\/fancy_header3]<\/p>\n<p style=\"text-align: justify;\">&nbsp;<style id=\"bwg-style-1\">    #bwg_container1_1 #bwg_container2_1 .bwg-container-1.bwg-standard-thumbnails {      width: 904px;              justify-content: center;        margin:0 auto !important;              background-color: rgba(255, 255, 255, 0.00);            padding-left: 4px;      padding-top: 4px;      max-width: 100%;            }        #bwg_container1_1 #bwg_container2_1 .bwg-container-1.bwg-standard-thumbnails .bwg-item {    justify-content: flex-start;      max-width: 180px;            width: 180px !important;          }    #bwg_container1_1 #bwg_container2_1 .bwg-container-1.bwg-standard-thumbnails .bwg-item a {       margin-right: 4px;       margin-bottom: 4px;    }    #bwg_container1_1 #bwg_container2_1 .bwg-container-1.bwg-standard-thumbnails .bwg-item0 {      padding: 0px;            background-color:rgba(255,255,255, 0.30);      border: 0px none #CCCCCC;      opacity: 1.00;      border-radius: 0;      box-shadow: 0px 0px 0px #888888;    }    #bwg_container1_1 #bwg_container2_1 .bwg-container-1.bwg-standard-thumbnails .bwg-item1 img {      max-height: none;      max-width: none;      padding: 0 !important;    }        @media only screen and (min-width: 480px) {      #bwg_container1_1 #bwg_container2_1 .bwg-container-1.bwg-standard-thumbnails .bwg-item0 {        transition: all 0.3s ease 0s;-webkit-transition: all 0.3s ease 0s;      }      #bwg_container1_1 #bwg_container2_1 .bwg-container-1.bwg-standard-thumbnails .bwg-item0:hover {        -ms-transform: scale(1.1);        -webkit-transform: scale(1.1);        transform: scale(1.1);      }    }          #bwg_container1_1 #bwg_container2_1 .bwg-container-1.bwg-standard-thumbnails .bwg-item1 {      padding-top: 50%;    }        #bwg_container1_1 #bwg_container2_1 .bwg-container-1.bwg-standard-thumbnails .bwg-title2,    #bwg_container1_1 #bwg_container2_1 .bwg-container-1.bwg-standard-thumbnails .bwg-ecommerce2 {      color: #CCCCCC;      font-family: segoe ui;      font-size: 16px;      font-weight: bold;      padding: 2px;      text-shadow: 0px 0px 0px #888888;      max-height: 100%;    }    #bwg_container1_1 #bwg_container2_1 .bwg-container-1.bwg-standard-thumbnails .bwg-thumb-description span {    color: #323A45;    font-family: Ubuntu;    font-size: 12px;    max-height: 100%;    word-wrap: break-word;    }    #bwg_container1_1 #bwg_container2_1 .bwg-container-1.bwg-standard-thumbnails .bwg-play-icon2 {      font-size: 32px;    }    #bwg_container1_1 #bwg_container2_1 .bwg-container-1.bwg-standard-thumbnails .bwg-ecommerce2 {      font-size: 19.2px;      color: #CCCCCC;    }    <\/style>    <div id=\"bwg_container1_1\"         class=\"bwg_container bwg_thumbnail bwg_thumbnails \"         data-right-click-protection=\"1\"         data-bwg=\"1\"         data-scroll=\"0\"         data-gallery-type=\"thumbnails\"         data-gallery-view-type=\"thumbnails\"         data-current-url=\"\/index.php?rest_route=%2Fwp%2Fv2%2Fpages%2F10391\"         data-lightbox-url=\"https:\/\/www.lapsalettedebruxelles.be\/wp-admin\/admin-ajax.php?action=GalleryBox&#038;current_view=1&#038;gallery_id=10&#038;tag=0&#038;theme_id=1&#038;shortcode_id=18&#038;sort_by=date&#038;order_by=asc&#038;current_url=%2Findex.php%3Frest_route%3D%252Fwp%252Fv2%252Fpages%252F10391\"         data-gallery-id=\"10\"         data-popup-width=\"800\"         data-popup-height=\"500\"         data-is-album=\"gallery\"         data-buttons-position=\"bottom\">      <div id=\"bwg_container2_1\">             <div id=\"ajax_loading_1\" class=\"bwg_loading_div_1\">      <div class=\"bwg_loading_div_2\">        <div class=\"bwg_loading_div_3\">          <div id=\"loading_div_1\" class=\"bwg_spider_ajax_loading\">          <\/div>        <\/div>      <\/div>    <\/div>            <form id=\"gal_front_form_1\"              class=\"bwg-hidden\"              method=\"post\"              action=\"#\"              data-current=\"1\"              data-shortcode-id=\"18\"              data-gallery-type=\"thumbnails\"              data-gallery-id=\"10\"              data-tag=\"0\"              data-album-id=\"0\"              data-theme-id=\"1\"              data-ajax-url=\"https:\/\/www.lapsalettedebruxelles.be\/wp-admin\/admin-ajax.php?action=bwg_frontend_data\">          <div id=\"bwg_container3_1\" class=\"bwg-background bwg-background-1\">                <div data-max-count=\"5\"         data-thumbnail-width=\"180\"         data-bwg=\"1\"         data-gallery-id=\"10\"         data-lightbox-url=\"https:\/\/www.lapsalettedebruxelles.be\/wp-admin\/admin-ajax.php?action=GalleryBox&amp;current_view=1&amp;gallery_id=10&amp;tag=0&amp;theme_id=1&amp;shortcode_id=18&amp;sort_by=date&amp;order_by=asc&amp;current_url=%2Findex.php%3Frest_route%3D%252Fwp%252Fv2%252Fpages%252F10391\"         id=\"bwg_thumbnails_1\"         class=\"bwg-container-1 bwg-thumbnails bwg-standard-thumbnails bwg-container bwg-border-box\">            <div class=\"bwg-item\">        <a class=\"bwg-a  bwg_lightbox\"  data-image-id=\"414\" href=\"https:\/\/www.lapsalettedebruxelles.be\/wp-content\/uploads\/photo-gallery\/20090522-Concert\/14597011180_8d4acac405_o.jpg\" data-elementor-open-lightbox=\"no\">                <div class=\"bwg-item0 \">          <div class=\"bwg-item1 \">            <div class=\"bwg-item2\">              <img decoding=\"async\" class=\"skip-lazy bwg_standart_thumb_img_1 \"                   data-id=\"414\"                   data-width=\"\"                   data-height=\"\"                   data-src=\"https:\/\/www.lapsalettedebruxelles.be\/wp-content\/uploads\/photo-gallery\/20090522-Concert\/thumb\/14597011180_8d4acac405_o.jpg\"                   src=\"https:\/\/www.lapsalettedebruxelles.be\/wp-content\/uploads\/photo-gallery\/20090522-Concert\/thumb\/14597011180_8d4acac405_o.jpg\"                   alt=\"14597011180 8d4acac405 o\"                   title=\"14597011180 8d4acac405 o\" \/>            <\/div>            <div class=\"\">                                                      <\/div>          <\/div>        <\/div>                        <\/a>              <\/div>            <div class=\"bwg-item\">        <a class=\"bwg-a  bwg_lightbox\"  data-image-id=\"415\" href=\"https:\/\/www.lapsalettedebruxelles.be\/wp-content\/uploads\/photo-gallery\/20090522-Concert\/14597011300_d88900de4f_o.jpg\" data-elementor-open-lightbox=\"no\">                <div class=\"bwg-item0 \">          <div class=\"bwg-item1 \">            <div class=\"bwg-item2\">              <img decoding=\"async\" class=\"skip-lazy bwg_standart_thumb_img_1 \"                   data-id=\"415\"                   data-width=\"\"                   data-height=\"\"                   data-src=\"https:\/\/www.lapsalettedebruxelles.be\/wp-content\/uploads\/photo-gallery\/20090522-Concert\/thumb\/14597011300_d88900de4f_o.jpg\"                   src=\"https:\/\/www.lapsalettedebruxelles.be\/wp-content\/uploads\/photo-gallery\/20090522-Concert\/thumb\/14597011300_d88900de4f_o.jpg\"                   alt=\"14597011300 d88900de4f o\"                   title=\"14597011300 d88900de4f o\" \/>            <\/div>            <div class=\"\">                                                      <\/div>          <\/div>        <\/div>                        <\/a>              <\/div>            <div class=\"bwg-item\">        <a class=\"bwg-a  bwg_lightbox\"  data-image-id=\"416\" href=\"https:\/\/www.lapsalettedebruxelles.be\/wp-content\/uploads\/photo-gallery\/20090522-Concert\/14597011340_2ed84dbf6e_o.jpg\" data-elementor-open-lightbox=\"no\">                <div class=\"bwg-item0 \">          <div class=\"bwg-item1 \">            <div class=\"bwg-item2\">              <img decoding=\"async\" class=\"skip-lazy bwg_standart_thumb_img_1 \"                   data-id=\"416\"                   data-width=\"\"                   data-height=\"\"                   data-src=\"https:\/\/www.lapsalettedebruxelles.be\/wp-content\/uploads\/photo-gallery\/20090522-Concert\/thumb\/14597011340_2ed84dbf6e_o.jpg\"                   src=\"https:\/\/www.lapsalettedebruxelles.be\/wp-content\/uploads\/photo-gallery\/20090522-Concert\/thumb\/14597011340_2ed84dbf6e_o.jpg\"                   alt=\"14597011340 2ed84dbf6e o\"                   title=\"14597011340 2ed84dbf6e o\" \/>            <\/div>            <div class=\"\">                                                      <\/div>          <\/div>        <\/div>                        <\/a>              <\/div>            <div class=\"bwg-item\">        <a class=\"bwg-a  bwg_lightbox\"  data-image-id=\"417\" href=\"https:\/\/www.lapsalettedebruxelles.be\/wp-content\/uploads\/photo-gallery\/20090522-Concert\/14597011570_92fa35e900_o.jpg\" data-elementor-open-lightbox=\"no\">                <div class=\"bwg-item0 \">          <div class=\"bwg-item1 \">            <div class=\"bwg-item2\">              <img decoding=\"async\" class=\"skip-lazy bwg_standart_thumb_img_1 \"                   data-id=\"417\"                   data-width=\"\"                   data-height=\"\"                   data-src=\"https:\/\/www.lapsalettedebruxelles.be\/wp-content\/uploads\/photo-gallery\/20090522-Concert\/thumb\/14597011570_92fa35e900_o.jpg\"                   src=\"https:\/\/www.lapsalettedebruxelles.be\/wp-content\/uploads\/photo-gallery\/20090522-Concert\/thumb\/14597011570_92fa35e900_o.jpg\"                   alt=\"14597011570 92fa35e900 o\"                   title=\"14597011570 92fa35e900 o\" \/>            <\/div>            <div class=\"\">                                                      <\/div>          <\/div>        <\/div>                        <\/a>              <\/div>            <div class=\"bwg-item\">        <a class=\"bwg-a  bwg_lightbox\"  data-image-id=\"418\" href=\"https:\/\/www.lapsalettedebruxelles.be\/wp-content\/uploads\/photo-gallery\/20090522-Concert\/14597012110_b5e53c6f11_o.jpg\" data-elementor-open-lightbox=\"no\">                <div class=\"bwg-item0 \">          <div class=\"bwg-item1 \">            <div class=\"bwg-item2\">              <img decoding=\"async\" class=\"skip-lazy bwg_standart_thumb_img_1 \"                   data-id=\"418\"                   data-width=\"\"                   data-height=\"\"                   data-src=\"https:\/\/www.lapsalettedebruxelles.be\/wp-content\/uploads\/photo-gallery\/20090522-Concert\/thumb\/14597012110_b5e53c6f11_o.jpg\"                   src=\"https:\/\/www.lapsalettedebruxelles.be\/wp-content\/uploads\/photo-gallery\/20090522-Concert\/thumb\/14597012110_b5e53c6f11_o.jpg\"                   alt=\"14597012110 b5e53c6f11 o\"                   title=\"14597012110 b5e53c6f11 o\" \/>            <\/div>            <div class=\"\">                                                      <\/div>          <\/div>        <\/div>                        <\/a>              <\/div>            <div class=\"bwg-item\">        <a class=\"bwg-a  bwg_lightbox\"  data-image-id=\"419\" href=\"https:\/\/www.lapsalettedebruxelles.be\/wp-content\/uploads\/photo-gallery\/20090522-Concert\/14597012150_4e49d00099_o.jpg\" data-elementor-open-lightbox=\"no\">                <div class=\"bwg-item0 \">          <div class=\"bwg-item1 \">            <div class=\"bwg-item2\">              <img decoding=\"async\" class=\"skip-lazy bwg_standart_thumb_img_1 \"                   data-id=\"419\"                   data-width=\"\"                   data-height=\"\"                   data-src=\"https:\/\/www.lapsalettedebruxelles.be\/wp-content\/uploads\/photo-gallery\/20090522-Concert\/thumb\/14597012150_4e49d00099_o.jpg\"                   src=\"https:\/\/www.lapsalettedebruxelles.be\/wp-content\/uploads\/photo-gallery\/20090522-Concert\/thumb\/14597012150_4e49d00099_o.jpg\"                   alt=\"14597012150 4e49d00099 o\"                   title=\"14597012150 4e49d00099 o\" \/>            <\/div>            <div class=\"\">                                                      <\/div>          <\/div>        <\/div>                        <\/a>              <\/div>            <div class=\"bwg-item\">        <a class=\"bwg-a  bwg_lightbox\"  data-image-id=\"420\" href=\"https:\/\/www.lapsalettedebruxelles.be\/wp-content\/uploads\/photo-gallery\/20090522-Concert\/14597012570_c0e3790434_o.jpg\" data-elementor-open-lightbox=\"no\">                <div class=\"bwg-item0 \">          <div class=\"bwg-item1 \">            <div class=\"bwg-item2\">              <img decoding=\"async\" class=\"skip-lazy bwg_standart_thumb_img_1 \"                   data-id=\"420\"                   data-width=\"\"                   data-height=\"\"                   data-src=\"https:\/\/www.lapsalettedebruxelles.be\/wp-content\/uploads\/photo-gallery\/20090522-Concert\/thumb\/14597012570_c0e3790434_o.jpg\"                   src=\"https:\/\/www.lapsalettedebruxelles.be\/wp-content\/uploads\/photo-gallery\/20090522-Concert\/thumb\/14597012570_c0e3790434_o.jpg\"                   alt=\"14597012570 c0e3790434 o\"                   title=\"14597012570 c0e3790434 o\" \/>            <\/div>            <div class=\"\">                                                      <\/div>          <\/div>        <\/div>                        <\/a>              <\/div>            <div class=\"bwg-item\">        <a class=\"bwg-a  bwg_lightbox\"  data-image-id=\"421\" href=\"https:\/\/www.lapsalettedebruxelles.be\/wp-content\/uploads\/photo-gallery\/20090522-Concert\/14597012660_023f581ae6_o.jpg\" data-elementor-open-lightbox=\"no\">                <div class=\"bwg-item0 \">          <div class=\"bwg-item1 \">            <div class=\"bwg-item2\">              <img decoding=\"async\" class=\"skip-lazy bwg_standart_thumb_img_1 \"                   data-id=\"421\"                   data-width=\"\"                   data-height=\"\"                   data-src=\"https:\/\/www.lapsalettedebruxelles.be\/wp-content\/uploads\/photo-gallery\/20090522-Concert\/thumb\/14597012660_023f581ae6_o.jpg\"                   src=\"https:\/\/www.lapsalettedebruxelles.be\/wp-content\/uploads\/photo-gallery\/20090522-Concert\/thumb\/14597012660_023f581ae6_o.jpg\"                   alt=\"14597012660 023f581ae6 o\"                   title=\"14597012660 023f581ae6 o\" \/>            <\/div>            <div class=\"\">                                                      <\/div>          <\/div>        <\/div>                        <\/a>              <\/div>            <div class=\"bwg-item\">        <a class=\"bwg-a  bwg_lightbox\"  data-image-id=\"422\" href=\"https:\/\/www.lapsalettedebruxelles.be\/wp-content\/uploads\/photo-gallery\/20090522-Concert\/14597012710_2a82856de2_o.jpg\" data-elementor-open-lightbox=\"no\">                <div class=\"bwg-item0 \">          <div class=\"bwg-item1 \">            <div class=\"bwg-item2\">              <img decoding=\"async\" class=\"skip-lazy bwg_standart_thumb_img_1 \"                   data-id=\"422\"                   data-width=\"\"                   data-height=\"\"                   data-src=\"https:\/\/www.lapsalettedebruxelles.be\/wp-content\/uploads\/photo-gallery\/20090522-Concert\/thumb\/14597012710_2a82856de2_o.jpg\"                   src=\"https:\/\/www.lapsalettedebruxelles.be\/wp-content\/uploads\/photo-gallery\/20090522-Concert\/thumb\/14597012710_2a82856de2_o.jpg\"                   alt=\"14597012710 2a82856de2 o\"                   title=\"14597012710 2a82856de2 o\" \/>            <\/div>            <div class=\"\">                                                      <\/div>          <\/div>        <\/div>                        <\/a>              <\/div>            <div class=\"bwg-item\">        <a class=\"bwg-a  bwg_lightbox\"  data-image-id=\"423\" href=\"https:\/\/www.lapsalettedebruxelles.be\/wp-content\/uploads\/photo-gallery\/20090522-Concert\/14597012740_6b9f7fc784_o.jpg\" data-elementor-open-lightbox=\"no\">                <div class=\"bwg-item0 \">          <div class=\"bwg-item1 \">            <div class=\"bwg-item2\">              <img decoding=\"async\" class=\"skip-lazy bwg_standart_thumb_img_1 \"                   data-id=\"423\"                   data-width=\"\"                   data-height=\"\"                   data-src=\"https:\/\/www.lapsalettedebruxelles.be\/wp-content\/uploads\/photo-gallery\/20090522-Concert\/thumb\/14597012740_6b9f7fc784_o.jpg\"                   src=\"https:\/\/www.lapsalettedebruxelles.be\/wp-content\/uploads\/photo-gallery\/20090522-Concert\/thumb\/14597012740_6b9f7fc784_o.jpg\"                   alt=\"14597012740 6b9f7fc784 o\"                   title=\"14597012740 6b9f7fc784 o\" \/>            <\/div>            <div class=\"\">                                                      <\/div>          <\/div>        <\/div>                        <\/a>              <\/div>            <div class=\"bwg-item\">        <a class=\"bwg-a  bwg_lightbox\"  data-image-id=\"424\" href=\"https:\/\/www.lapsalettedebruxelles.be\/wp-content\/uploads\/photo-gallery\/20090522-Concert\/14597012940_5420a0ed56_o.jpg\" data-elementor-open-lightbox=\"no\">                <div class=\"bwg-item0 \">          <div class=\"bwg-item1 \">            <div class=\"bwg-item2\">              <img decoding=\"async\" class=\"skip-lazy bwg_standart_thumb_img_1 \"                   data-id=\"424\"                   data-width=\"\"                   data-height=\"\"                   data-src=\"https:\/\/www.lapsalettedebruxelles.be\/wp-content\/uploads\/photo-gallery\/20090522-Concert\/thumb\/14597012940_5420a0ed56_o.jpg\"                   src=\"https:\/\/www.lapsalettedebruxelles.be\/wp-content\/uploads\/photo-gallery\/20090522-Concert\/thumb\/14597012940_5420a0ed56_o.jpg\"                   alt=\"14597012940 5420a0ed56 o\"                   title=\"14597012940 5420a0ed56 o\" \/>            <\/div>            <div class=\"\">                                                      <\/div>          <\/div>        <\/div>                        <\/a>              <\/div>            <div class=\"bwg-item\">        <a class=\"bwg-a  bwg_lightbox\"  data-image-id=\"425\" href=\"https:\/\/www.lapsalettedebruxelles.be\/wp-content\/uploads\/photo-gallery\/20090522-Concert\/14597013030_a048706342_o.jpg\" data-elementor-open-lightbox=\"no\">                <div class=\"bwg-item0 \">          <div class=\"bwg-item1 \">            <div class=\"bwg-item2\">              <img decoding=\"async\" class=\"skip-lazy bwg_standart_thumb_img_1 \"                   data-id=\"425\"                   data-width=\"\"                   data-height=\"\"                   data-src=\"https:\/\/www.lapsalettedebruxelles.be\/wp-content\/uploads\/photo-gallery\/20090522-Concert\/thumb\/14597013030_a048706342_o.jpg\"                   src=\"https:\/\/www.lapsalettedebruxelles.be\/wp-content\/uploads\/photo-gallery\/20090522-Concert\/thumb\/14597013030_a048706342_o.jpg\"                   alt=\"14597013030 a048706342 o\"                   title=\"14597013030 a048706342 o\" \/>            <\/div>            <div class=\"\">                                                      <\/div>          <\/div>        <\/div>                        <\/a>              <\/div>            <div class=\"bwg-item\">        <a class=\"bwg-a  bwg_lightbox\"  data-image-id=\"426\" href=\"https:\/\/www.lapsalettedebruxelles.be\/wp-content\/uploads\/photo-gallery\/20090522-Concert\/14597052959_4d25b75434_o.jpg\" data-elementor-open-lightbox=\"no\">                <div class=\"bwg-item0 \">          <div class=\"bwg-item1 \">            <div class=\"bwg-item2\">              <img decoding=\"async\" class=\"skip-lazy bwg_standart_thumb_img_1 \"                   data-id=\"426\"                   data-width=\"\"                   data-height=\"\"                   data-src=\"https:\/\/www.lapsalettedebruxelles.be\/wp-content\/uploads\/photo-gallery\/20090522-Concert\/thumb\/14597052959_4d25b75434_o.jpg\"                   src=\"https:\/\/www.lapsalettedebruxelles.be\/wp-content\/uploads\/photo-gallery\/20090522-Concert\/thumb\/14597052959_4d25b75434_o.jpg\"                   alt=\"14597052959 4d25b75434 o\"                   title=\"14597052959 4d25b75434 o\" \/>            <\/div>            <div class=\"\">                                                      <\/div>          <\/div>        <\/div>                        <\/a>              <\/div>            <div class=\"bwg-item\">        <a class=\"bwg-a  bwg_lightbox\"  data-image-id=\"427\" href=\"https:\/\/www.lapsalettedebruxelles.be\/wp-content\/uploads\/photo-gallery\/20090522-Concert\/14597053079_a909928427_o.jpg\" data-elementor-open-lightbox=\"no\">                <div class=\"bwg-item0 \">          <div class=\"bwg-item1 \">            <div class=\"bwg-item2\">              <img decoding=\"async\" class=\"skip-lazy bwg_standart_thumb_img_1 \"                   data-id=\"427\"                   data-width=\"\"                   data-height=\"\"                   data-src=\"https:\/\/www.lapsalettedebruxelles.be\/wp-content\/uploads\/photo-gallery\/20090522-Concert\/thumb\/14597053079_a909928427_o.jpg\"                   src=\"https:\/\/www.lapsalettedebruxelles.be\/wp-content\/uploads\/photo-gallery\/20090522-Concert\/thumb\/14597053079_a909928427_o.jpg\"                   alt=\"14597053079 a909928427 o\"                   title=\"14597053079 a909928427 o\" \/>            <\/div>            <div class=\"\">                                                      <\/div>          <\/div>        <\/div>                        <\/a>              <\/div>            <div class=\"bwg-item\">        <a class=\"bwg-a  bwg_lightbox\"  data-image-id=\"428\" href=\"https:\/\/www.lapsalettedebruxelles.be\/wp-content\/uploads\/photo-gallery\/20090522-Concert\/14597053139_e5e3f35c70_o.jpg\" data-elementor-open-lightbox=\"no\">                <div class=\"bwg-item0 \">          <div class=\"bwg-item1 \">            <div class=\"bwg-item2\">              <img decoding=\"async\" class=\"skip-lazy bwg_standart_thumb_img_1 \"                   data-id=\"428\"                   data-width=\"\"                   data-height=\"\"                   data-src=\"https:\/\/www.lapsalettedebruxelles.be\/wp-content\/uploads\/photo-gallery\/20090522-Concert\/thumb\/14597053139_e5e3f35c70_o.jpg\"                   src=\"https:\/\/www.lapsalettedebruxelles.be\/wp-content\/uploads\/photo-gallery\/20090522-Concert\/thumb\/14597053139_e5e3f35c70_o.jpg\"                   alt=\"14597053139 e5e3f35c70 o\"                   title=\"14597053139 e5e3f35c70 o\" \/>            <\/div>            <div class=\"\">                                                      <\/div>          <\/div>        <\/div>                        <\/a>              <\/div>            <div class=\"bwg-item\">        <a class=\"bwg-a  bwg_lightbox\"  data-image-id=\"429\" href=\"https:\/\/www.lapsalettedebruxelles.be\/wp-content\/uploads\/photo-gallery\/20090522-Concert\/14597053229_0c08e6d8ee_o.jpg\" data-elementor-open-lightbox=\"no\">                <div class=\"bwg-item0 \">          <div class=\"bwg-item1 \">            <div class=\"bwg-item2\">              <img decoding=\"async\" class=\"skip-lazy bwg_standart_thumb_img_1 \"                   data-id=\"429\"                   data-width=\"\"                   data-height=\"\"                   data-src=\"https:\/\/www.lapsalettedebruxelles.be\/wp-content\/uploads\/photo-gallery\/20090522-Concert\/thumb\/14597053229_0c08e6d8ee_o.jpg\"                   src=\"https:\/\/www.lapsalettedebruxelles.be\/wp-content\/uploads\/photo-gallery\/20090522-Concert\/thumb\/14597053229_0c08e6d8ee_o.jpg\"                   alt=\"14597053229 0c08e6d8ee o\"                   title=\"14597053229 0c08e6d8ee o\" \/>            <\/div>            <div class=\"\">                                                      <\/div>          <\/div>        <\/div>                        <\/a>              <\/div>            <div class=\"bwg-item\">        <a class=\"bwg-a  bwg_lightbox\"  data-image-id=\"430\" href=\"https:\/\/www.lapsalettedebruxelles.be\/wp-content\/uploads\/photo-gallery\/20090522-Concert\/14597053359_4162de8bd8_o.jpg\" data-elementor-open-lightbox=\"no\">                <div class=\"bwg-item0 \">          <div class=\"bwg-item1 \">            <div class=\"bwg-item2\">              <img decoding=\"async\" class=\"skip-lazy bwg_standart_thumb_img_1 \"                   data-id=\"430\"                   data-width=\"\"                   data-height=\"\"                   data-src=\"https:\/\/www.lapsalettedebruxelles.be\/wp-content\/uploads\/photo-gallery\/20090522-Concert\/thumb\/14597053359_4162de8bd8_o.jpg\"                   src=\"https:\/\/www.lapsalettedebruxelles.be\/wp-content\/uploads\/photo-gallery\/20090522-Concert\/thumb\/14597053359_4162de8bd8_o.jpg\"                   alt=\"14597053359 4162de8bd8 o\"                   title=\"14597053359 4162de8bd8 o\" \/>            <\/div>            <div class=\"\">                                                      <\/div>          <\/div>        <\/div>                        <\/a>              <\/div>            <div class=\"bwg-item\">        <a class=\"bwg-a  bwg_lightbox\"  data-image-id=\"431\" href=\"https:\/\/www.lapsalettedebruxelles.be\/wp-content\/uploads\/photo-gallery\/20090522-Concert\/14597053589_8a4495c095_o.jpg\" data-elementor-open-lightbox=\"no\">                <div class=\"bwg-item0 \">          <div class=\"bwg-item1 \">            <div class=\"bwg-item2\">              <img decoding=\"async\" class=\"skip-lazy bwg_standart_thumb_img_1 \"                   data-id=\"431\"                   data-width=\"\"                   data-height=\"\"                   data-src=\"https:\/\/www.lapsalettedebruxelles.be\/wp-content\/uploads\/photo-gallery\/20090522-Concert\/thumb\/14597053589_8a4495c095_o.jpg\"                   src=\"https:\/\/www.lapsalettedebruxelles.be\/wp-content\/uploads\/photo-gallery\/20090522-Concert\/thumb\/14597053589_8a4495c095_o.jpg\"                   alt=\"14597053589 8a4495c095 o\"                   title=\"14597053589 8a4495c095 o\" \/>            <\/div>            <div class=\"\">                                                      <\/div>          <\/div>        <\/div>                        <\/a>              <\/div>            <div class=\"bwg-item\">        <a class=\"bwg-a  bwg_lightbox\"  data-image-id=\"432\" href=\"https:\/\/www.lapsalettedebruxelles.be\/wp-content\/uploads\/photo-gallery\/20090522-Concert\/14597053659_3d4aa7364d_o.jpg\" data-elementor-open-lightbox=\"no\">                <div class=\"bwg-item0 \">          <div class=\"bwg-item1 \">            <div class=\"bwg-item2\">              <img decoding=\"async\" class=\"skip-lazy bwg_standart_thumb_img_1 \"                   data-id=\"432\"                   data-width=\"\"                   data-height=\"\"                   data-src=\"https:\/\/www.lapsalettedebruxelles.be\/wp-content\/uploads\/photo-gallery\/20090522-Concert\/thumb\/14597053659_3d4aa7364d_o.jpg\"                   src=\"https:\/\/www.lapsalettedebruxelles.be\/wp-content\/uploads\/photo-gallery\/20090522-Concert\/thumb\/14597053659_3d4aa7364d_o.jpg\"                   alt=\"14597053659 3d4aa7364d o\"                   title=\"14597053659 3d4aa7364d o\" \/>            <\/div>            <div class=\"\">                                                      <\/div>          <\/div>        <\/div>                        <\/a>              <\/div>            <div class=\"bwg-item\">        <a class=\"bwg-a  bwg_lightbox\"  data-image-id=\"433\" href=\"https:\/\/www.lapsalettedebruxelles.be\/wp-content\/uploads\/photo-gallery\/20090522-Concert\/14597053919_acfd2b467a_o.jpg\" data-elementor-open-lightbox=\"no\">                <div class=\"bwg-item0 \">          <div class=\"bwg-item1 \">            <div class=\"bwg-item2\">              <img decoding=\"async\" class=\"skip-lazy bwg_standart_thumb_img_1 \"                   data-id=\"433\"                   data-width=\"\"                   data-height=\"\"                   data-src=\"https:\/\/www.lapsalettedebruxelles.be\/wp-content\/uploads\/photo-gallery\/20090522-Concert\/thumb\/14597053919_acfd2b467a_o.jpg\"                   src=\"https:\/\/www.lapsalettedebruxelles.be\/wp-content\/uploads\/photo-gallery\/20090522-Concert\/thumb\/14597053919_acfd2b467a_o.jpg\"                   alt=\"14597053919 acfd2b467a o\"                   title=\"14597053919 acfd2b467a o\" \/>            <\/div>            <div class=\"\">                                                      <\/div>          <\/div>        <\/div>                        <\/a>              <\/div>            <div class=\"bwg-item\">        <a class=\"bwg-a  bwg_lightbox\"  data-image-id=\"434\" href=\"https:\/\/www.lapsalettedebruxelles.be\/wp-content\/uploads\/photo-gallery\/20090522-Concert\/14597054259_ff09cdf938_o.jpg\" data-elementor-open-lightbox=\"no\">                <div class=\"bwg-item0 \">          <div class=\"bwg-item1 \">            <div class=\"bwg-item2\">              <img decoding=\"async\" class=\"skip-lazy bwg_standart_thumb_img_1 \"                   data-id=\"434\"                   data-width=\"\"                   data-height=\"\"                   data-src=\"https:\/\/www.lapsalettedebruxelles.be\/wp-content\/uploads\/photo-gallery\/20090522-Concert\/thumb\/14597054259_ff09cdf938_o.jpg\"                   src=\"https:\/\/www.lapsalettedebruxelles.be\/wp-content\/uploads\/photo-gallery\/20090522-Concert\/thumb\/14597054259_ff09cdf938_o.jpg\"                   alt=\"14597054259 ff09cdf938 o\"                   title=\"14597054259 ff09cdf938 o\" \/>            <\/div>            <div class=\"\">                                                      <\/div>          <\/div>        <\/div>                        <\/a>              <\/div>            <div class=\"bwg-item\">        <a class=\"bwg-a  bwg_lightbox\"  data-image-id=\"435\" href=\"https:\/\/www.lapsalettedebruxelles.be\/wp-content\/uploads\/photo-gallery\/20090522-Concert\/14597054489_7a4bfed439_o.jpg\" data-elementor-open-lightbox=\"no\">                <div class=\"bwg-item0 \">          <div class=\"bwg-item1 \">            <div class=\"bwg-item2\">              <img decoding=\"async\" class=\"skip-lazy bwg_standart_thumb_img_1 \"                   data-id=\"435\"                   data-width=\"\"                   data-height=\"\"                   data-src=\"https:\/\/www.lapsalettedebruxelles.be\/wp-content\/uploads\/photo-gallery\/20090522-Concert\/thumb\/14597054489_7a4bfed439_o.jpg\"                   src=\"https:\/\/www.lapsalettedebruxelles.be\/wp-content\/uploads\/photo-gallery\/20090522-Concert\/thumb\/14597054489_7a4bfed439_o.jpg\"                   alt=\"14597054489 7a4bfed439 o\"                   title=\"14597054489 7a4bfed439 o\" \/>            <\/div>            <div class=\"\">                                                      <\/div>          <\/div>        <\/div>                        <\/a>              <\/div>            <div class=\"bwg-item\">        <a class=\"bwg-a  bwg_lightbox\"  data-image-id=\"436\" href=\"https:\/\/www.lapsalettedebruxelles.be\/wp-content\/uploads\/photo-gallery\/20090522-Concert\/14597074078_48fc1b7099_o.jpg\" data-elementor-open-lightbox=\"no\">                <div class=\"bwg-item0 \">          <div class=\"bwg-item1 \">            <div class=\"bwg-item2\">              <img decoding=\"async\" class=\"skip-lazy bwg_standart_thumb_img_1 \"                   data-id=\"436\"                   data-width=\"\"                   data-height=\"\"                   data-src=\"https:\/\/www.lapsalettedebruxelles.be\/wp-content\/uploads\/photo-gallery\/20090522-Concert\/thumb\/14597074078_48fc1b7099_o.jpg\"                   src=\"https:\/\/www.lapsalettedebruxelles.be\/wp-content\/uploads\/photo-gallery\/20090522-Concert\/thumb\/14597074078_48fc1b7099_o.jpg\"                   alt=\"14597074078 48fc1b7099 o\"                   title=\"14597074078 48fc1b7099 o\" \/>            <\/div>            <div class=\"\">                                                      <\/div>          <\/div>        <\/div>                        <\/a>              <\/div>            <div class=\"bwg-item\">        <a class=\"bwg-a  bwg_lightbox\"  data-image-id=\"437\" href=\"https:\/\/www.lapsalettedebruxelles.be\/wp-content\/uploads\/photo-gallery\/20090522-Concert\/14597074768_2bb347d262_o.jpg\" data-elementor-open-lightbox=\"no\">                <div class=\"bwg-item0 \">          <div class=\"bwg-item1 \">            <div class=\"bwg-item2\">              <img decoding=\"async\" class=\"skip-lazy bwg_standart_thumb_img_1 \"                   data-id=\"437\"                   data-width=\"\"                   data-height=\"\"                   data-src=\"https:\/\/www.lapsalettedebruxelles.be\/wp-content\/uploads\/photo-gallery\/20090522-Concert\/thumb\/14597074768_2bb347d262_o.jpg\"                   src=\"https:\/\/www.lapsalettedebruxelles.be\/wp-content\/uploads\/photo-gallery\/20090522-Concert\/thumb\/14597074768_2bb347d262_o.jpg\"                   alt=\"14597074768 2bb347d262 o\"                   title=\"14597074768 2bb347d262 o\" \/>            <\/div>            <div class=\"\">                                                      <\/div>          <\/div>        <\/div>                        <\/a>              <\/div>            <div class=\"bwg-item\">        <a class=\"bwg-a  bwg_lightbox\"  data-image-id=\"438\" href=\"https:\/\/www.lapsalettedebruxelles.be\/wp-content\/uploads\/photo-gallery\/20090522-Concert\/14597075038_b75c0fba94_o.jpg\" data-elementor-open-lightbox=\"no\">                <div class=\"bwg-item0 \">          <div class=\"bwg-item1 \">            <div class=\"bwg-item2\">              <img decoding=\"async\" class=\"skip-lazy bwg_standart_thumb_img_1 \"                   data-id=\"438\"                   data-width=\"\"                   data-height=\"\"                   data-src=\"https:\/\/www.lapsalettedebruxelles.be\/wp-content\/uploads\/photo-gallery\/20090522-Concert\/thumb\/14597075038_b75c0fba94_o.jpg\"                   src=\"https:\/\/www.lapsalettedebruxelles.be\/wp-content\/uploads\/photo-gallery\/20090522-Concert\/thumb\/14597075038_b75c0fba94_o.jpg\"                   alt=\"14597075038 b75c0fba94 o\"                   title=\"14597075038 b75c0fba94 o\" \/>            <\/div>            <div class=\"\">                                                      <\/div>          <\/div>        <\/div>                        <\/a>              <\/div>            <div class=\"bwg-item\">        <a class=\"bwg-a  bwg_lightbox\"  data-image-id=\"439\" href=\"https:\/\/www.lapsalettedebruxelles.be\/wp-content\/uploads\/photo-gallery\/20090522-Concert\/14597075218_7915e3822f_o.jpg\" data-elementor-open-lightbox=\"no\">                <div class=\"bwg-item0 \">          <div class=\"bwg-item1 \">            <div class=\"bwg-item2\">              <img decoding=\"async\" class=\"skip-lazy bwg_standart_thumb_img_1 \"                   data-id=\"439\"                   data-width=\"\"                   data-height=\"\"                   data-src=\"https:\/\/www.lapsalettedebruxelles.be\/wp-content\/uploads\/photo-gallery\/20090522-Concert\/thumb\/14597075218_7915e3822f_o.jpg\"                   src=\"https:\/\/www.lapsalettedebruxelles.be\/wp-content\/uploads\/photo-gallery\/20090522-Concert\/thumb\/14597075218_7915e3822f_o.jpg\"                   alt=\"14597075218 7915e3822f o\"                   title=\"14597075218 7915e3822f o\" \/>            <\/div>            <div class=\"\">                                                      <\/div>          <\/div>        <\/div>                        <\/a>              <\/div>            <div class=\"bwg-item\">        <a class=\"bwg-a  bwg_lightbox\"  data-image-id=\"440\" href=\"https:\/\/www.lapsalettedebruxelles.be\/wp-content\/uploads\/photo-gallery\/20090522-Concert\/14597075438_d2e8376350_o.jpg\" data-elementor-open-lightbox=\"no\">                <div class=\"bwg-item0 \">          <div class=\"bwg-item1 \">            <div class=\"bwg-item2\">              <img decoding=\"async\" class=\"skip-lazy bwg_standart_thumb_img_1 \"                   data-id=\"440\"                   data-width=\"\"                   data-height=\"\"                   data-src=\"https:\/\/www.lapsalettedebruxelles.be\/wp-content\/uploads\/photo-gallery\/20090522-Concert\/thumb\/14597075438_d2e8376350_o.jpg\"                   src=\"https:\/\/www.lapsalettedebruxelles.be\/wp-content\/uploads\/photo-gallery\/20090522-Concert\/thumb\/14597075438_d2e8376350_o.jpg\"                   alt=\"14597075438 d2e8376350 o\"                   title=\"14597075438 d2e8376350 o\" \/>            <\/div>            <div class=\"\">                                                      <\/div>          <\/div>        <\/div>                        <\/a>              <\/div>            <div class=\"bwg-item\">        <a class=\"bwg-a  bwg_lightbox\"  data-image-id=\"441\" href=\"https:\/\/www.lapsalettedebruxelles.be\/wp-content\/uploads\/photo-gallery\/20090522-Concert\/14597075508_1897b88f37_o.jpg\" data-elementor-open-lightbox=\"no\">                <div class=\"bwg-item0 \">          <div class=\"bwg-item1 \">            <div class=\"bwg-item2\">              <img decoding=\"async\" class=\"skip-lazy bwg_standart_thumb_img_1 \"                   data-id=\"441\"                   data-width=\"\"                   data-height=\"\"                   data-src=\"https:\/\/www.lapsalettedebruxelles.be\/wp-content\/uploads\/photo-gallery\/20090522-Concert\/thumb\/14597075508_1897b88f37_o.jpg\"                   src=\"https:\/\/www.lapsalettedebruxelles.be\/wp-content\/uploads\/photo-gallery\/20090522-Concert\/thumb\/14597075508_1897b88f37_o.jpg\"                   alt=\"14597075508 1897b88f37 o\"                   title=\"14597075508 1897b88f37 o\" \/>            <\/div>            <div class=\"\">                                                      <\/div>          <\/div>        <\/div>                        <\/a>              <\/div>            <div class=\"bwg-item\">        <a class=\"bwg-a  bwg_lightbox\"  data-image-id=\"442\" href=\"https:\/\/www.lapsalettedebruxelles.be\/wp-content\/uploads\/photo-gallery\/20090522-Concert\/14597075598_c6f96afe96_o.jpg\" data-elementor-open-lightbox=\"no\">                <div class=\"bwg-item0 \">          <div class=\"bwg-item1 \">            <div class=\"bwg-item2\">              <img decoding=\"async\" class=\"skip-lazy bwg_standart_thumb_img_1 \"                   data-id=\"442\"                   data-width=\"\"                   data-height=\"\"                   data-src=\"https:\/\/www.lapsalettedebruxelles.be\/wp-content\/uploads\/photo-gallery\/20090522-Concert\/thumb\/14597075598_c6f96afe96_o.jpg\"                   src=\"https:\/\/www.lapsalettedebruxelles.be\/wp-content\/uploads\/photo-gallery\/20090522-Concert\/thumb\/14597075598_c6f96afe96_o.jpg\"                   alt=\"14597075598 c6f96afe96 o\"                   title=\"14597075598 c6f96afe96 o\" \/>            <\/div>            <div class=\"\">                                                      <\/div>          <\/div>        <\/div>                        <\/a>              <\/div>            <div class=\"bwg-item\">        <a class=\"bwg-a  bwg_lightbox\"  data-image-id=\"443\" href=\"https:\/\/www.lapsalettedebruxelles.be\/wp-content\/uploads\/photo-gallery\/20090522-Concert\/14597201617_78ff064326_o.jpg\" data-elementor-open-lightbox=\"no\">                <div class=\"bwg-item0 \">          <div class=\"bwg-item1 \">            <div class=\"bwg-item2\">              <img decoding=\"async\" class=\"skip-lazy bwg_standart_thumb_img_1 \"                   data-id=\"443\"                   data-width=\"\"                   data-height=\"\"                   data-src=\"https:\/\/www.lapsalettedebruxelles.be\/wp-content\/uploads\/photo-gallery\/20090522-Concert\/thumb\/14597201617_78ff064326_o.jpg\"                   src=\"https:\/\/www.lapsalettedebruxelles.be\/wp-content\/uploads\/photo-gallery\/20090522-Concert\/thumb\/14597201617_78ff064326_o.jpg\"                   alt=\"14597201617 78ff064326 o\"                   title=\"14597201617 78ff064326 o\" \/>            <\/div>            <div class=\"\">                                                      <\/div>          <\/div>        <\/div>                        <\/a>              <\/div>          <\/div>    <style>      \/*pagination styles*\/      #bwg_container1_1 #bwg_container2_1 .tablenav-pages_1 {\t\t\t\ttext-align: center;\t\t\t\tfont-size: 12px;\t\t\t\tfont-family: segoe ui;\t\t\t\tfont-weight: bold;\t\t\t\tcolor: #666666;\t\t\t\tmargin: 6px 0 4px;\t\t\t\tdisplay: block;      }      @media only screen and (max-width : 320px) {      #bwg_container1_1 #bwg_container2_1 .displaying-num_1 {     \t display: none;      }      }      #bwg_container1_1 #bwg_container2_1 .displaying-num_1 {\t\t\t\tfont-size: 12px;\t\t\t\tfont-family: segoe ui;\t\t\t\tfont-weight: bold;\t\t\t\tcolor: #666666;\t\t\t\tmargin-right: 10px;\t\t\t\tvertical-align: middle;      }      #bwg_container1_1 #bwg_container2_1 .paging-input_1 {\t\t\t\tfont-size: 12px;\t\t\t\tfont-family: segoe ui;\t\t\t\tfont-weight: bold;\t\t\t\tcolor: #666666;\t\t\t\tvertical-align: middle;      }      #bwg_container1_1 #bwg_container2_1 .tablenav-pages_1 a.disabled,      #bwg_container1_1 #bwg_container2_1 .tablenav-pages_1 a.disabled:hover,      #bwg_container1_1 #bwg_container2_1 .tablenav-pages_1 a.disabled:focus,\t\t\t#bwg_container1_1 #bwg_container2_1 .tablenav-pages_1 input.bwg_current_page {\t\t\t\tcursor: default;\t\t\t\tcolor: rgba(102, 102, 102, 0.5);      }      #bwg_container1_1 #bwg_container2_1 .tablenav-pages_1 a,      #bwg_container1_1 #bwg_container2_1 .tablenav-pages_1 input.bwg_current_page {\t\t\t\tcursor: pointer;\t\t\t\ttext-align: center;\t\t\t\tfont-size: 12px;\t\t\t\tfont-family: segoe ui;\t\t\t\tfont-weight: bold;\t\t\t\tcolor: #666666;\t\t\t\ttext-decoration: none;\t\t\t\tpadding: 3px 6px;\t\t\t\tmargin: 0;\t\t\t\tborder-radius: 0;\t\t\t\tborder-style: solid;\t\t\t\tborder-width: 1px;\t\t\t\tborder-color: #E3E3E3;\t\t\t\t\t\t\t\tbackground-color: rgba(255, 255, 255, 1.00);\t\t\t\tbox-shadow: 0;\t\t\t\ttransition: all 0.3s ease 0s;-webkit-transition: all 0.3s ease 0s;      }      <\/style>      <span class=\"bwg_nav_cont_1\">              <div class=\"tablenav-pages_1\">                      <span class=\"pagination-links_1 pagination-links\" data-pages-count=\"4\">              <span class=\"pagination-links_col1\">              <a class=\"bwg-a first-page disabled\" title=\"Go to the first page\" >\u00ab<\/a>              <a class=\"bwg-a prev-page disabled\" title=\"Go to the previous page\" >\u2039<\/a>              <\/span>\t\t\t\t\t\t\t<span class=\"pagination-links_col2\">\t\t\t\t\t\t\t\t\t<input type=\"number\" class=\"bwg_current_page\" name=\"bwg_current_page\" value=\"1\" data-url-info=\"page_number_1\" onkeypress=\"return bwg_change_page_1(event, this)\" min=\"1\" oninput=\"validity.valid||(value='')\" \/>\t\t\t\t\t\t\t\t\t\tof\t\t\t\t\t\t\t\t\t\t<span class=\"total-pages_1\">\t\t\t\t\t\t\t\t\t\t\t4\t\t\t\t\t\t\t\t\t\t<\/span>\t\t\t\t\t\t\t<\/span>              <span class=\"pagination-links_col3\">                <a class=\"bwg-a next-page-1\" title=\"Go to the next page\" href=\"\/index.php?rest_route=%2Fwp%2Fv2%2Fpages%2F10391&#038;page_number_1=2\">\u203a<\/a>                <a class=\"bwg-a last-page-1\" title=\"Go to the last page\" href=\"\/index.php?rest_route=%2Fwp%2Fv2%2Fpages%2F10391&#038;page_number_1=4\">\u00bb<\/a>              <\/span>\t\t\t\t\t\t<\/span>\t\t\t\t\t\t        <\/div>                <input type=\"hidden\" id=\"page_number_1\" name=\"page_number_1\" value=\"1\" \/>      <script type=\"text\/javascript\">        if( jQuery('.bwg_nav_cont_1').length > 1 ) {          jQuery('.bwg_nav_cont_1').first().remove()        }        function spider_page_1(cur, x, y, load_more) {          if (typeof load_more == \"undefined\") {            var load_more = false;          }          if (jQuery(cur).hasClass('disabled')) {            return false;          }          var items_county_1 = 4;          switch (y) {            case 1:              if (x >= items_county_1) {                document.getElementById('page_number_1').value = items_county_1;              }              else {                document.getElementById('page_number_1').value = x + 1;              }              break;            case 2:              document.getElementById('page_number_1').value = items_county_1;              break;            case -1:              if (x == 1) {                document.getElementById('page_number_1').value = 1;              }              else {                document.getElementById('page_number_1').value = x - 1;              }              break;            case -2:              document.getElementById('page_number_1').value = 1;              break;\t\t\t\t\t\tcase 0:              document.getElementById('page_number_1').value = x;              break;            default:              document.getElementById('page_number_1').value = 1;          }          bwg_ajax('gal_front_form_1', '1', 'bwg_thumbnails_1', '0', '', 'gallery', 0, '', '', load_more, '', 1);        }                    jQuery('.first-page disabled').on('click', function () {              spider_page_1(this, 1, -2, 'numeric');              return false;            });            jQuery('.prev-page disabled').on('click', function () {              spider_page_1(this, 1, -1, 'numeric');              return false;            });            jQuery('.next-page-1').on('click', function () {              spider_page_1(this, 1, 1, 'numeric');              return false;            });            jQuery('.last-page-1').on('click', function () {              spider_page_1(this, 1, 2, 'numeric');              return false;            });        \t\t\t\t\/* Change page on input enter. *\/        function bwg_change_page_1( e, that ) {          if (  e.key == 'Enter' ) {            var to_page = parseInt(jQuery(that).val());            var pages_count = jQuery(that).parents(\".pagination-links\").data(\"pages-count\");            var current_url_param = jQuery(that).attr('data-url-info');            if (to_page > pages_count) {              to_page = 1;            }\t \t\t\t\t\t\t\t\t\t\t\t\tspider_page_1(this, to_page, 0, 'numeric');\t\t\t\t\t\t\treturn false;\t\t\t\t\t\t          }          return true;        }        jQuery('.bwg_load_btn_1').on('click', function () {            spider_page_1(this, 1, 1, true);            return false;        });      <\/script>      <\/span>                <\/div>        <\/form>        <style>          #bwg_container1_1 #bwg_container2_1 #spider_popup_overlay_1 {          background-color: #000000;          opacity: 0.70;          }          <\/style>        <div id=\"bwg_spider_popup_loading_1\" class=\"bwg_spider_popup_loading\"><\/div>        <div id=\"spider_popup_overlay_1\" class=\"spider_popup_overlay\" onclick=\"spider_destroypopup(1000)\"><\/div>        <input type=\"hidden\" id=\"bwg_random_seed_1\" value=\"651107538\">                <\/div>    <\/div>    <script>      if (document.readyState === 'complete') {        if( typeof bwg_main_ready == 'function' ) {          if ( jQuery(\"#bwg_container1_1\").height() ) {            bwg_main_ready(jQuery(\"#bwg_container1_1\"));          }        }      } else {        document.addEventListener('DOMContentLoaded', function() {          if( typeof bwg_main_ready == 'function' ) {            if ( jQuery(\"#bwg_container1_1\").height() ) {             bwg_main_ready(jQuery(\"#bwg_container1_1\"));            }          }        });      }    <\/script>    <\/p>\n","protected":false},"excerpt":{"rendered":"<p>Samedi 12 d\u00e9cembre : Concert de No\u00ebl en l&rsquo;\u00e9glise Notre-Dame du Finist\u00e8re \u00e0 Bruxelles Mercredi 9 d\u00e9cembre : Concert de No\u00ebl en l&rsquo;\u00e9glise Notre-Dame de l\u2019Assomption \u00e0 Woluwe-Saint-Lambert [fancy_header3 variation=\u00a0\u00bbred\u00a0\u00bb]Photos[\/fancy_header3] Samedi 22 mai et dimanche 23 mai: Concert en l&rsquo;\u00e9glise Saint-Vincent de Paul \u00e0 Saint-Brieuc en commun avec la chorale Kantarmor, et aubade avec Kantarmor[\u2026]<\/p>\n","protected":false},"author":1,"featured_media":0,"parent":11470,"menu_order":5,"comment_status":"closed","ping_status":"open","template":"","meta":{"remove_blocks_before_content":false,"remove_blocks_after_content":false,"disable_reading_progress_bar":false,"_crdt_document":"","footnotes":""},"class_list":["post-10391","page","type-page","status-publish","hentry"],"_links":{"self":[{"href":"https:\/\/www.lapsalettedebruxelles.be\/index.php?rest_route=\/wp\/v2\/pages\/10391","targetHints":{"allow":["GET"]}}],"collection":[{"href":"https:\/\/www.lapsalettedebruxelles.be\/index.php?rest_route=\/wp\/v2\/pages"}],"about":[{"href":"https:\/\/www.lapsalettedebruxelles.be\/index.php?rest_route=\/wp\/v2\/types\/page"}],"author":[{"embeddable":true,"href":"https:\/\/www.lapsalettedebruxelles.be\/index.php?rest_route=\/wp\/v2\/users\/1"}],"replies":[{"embeddable":true,"href":"https:\/\/www.lapsalettedebruxelles.be\/index.php?rest_route=%2Fwp%2Fv2%2Fcomments&post=10391"}],"version-history":[{"count":1,"href":"https:\/\/www.lapsalettedebruxelles.be\/index.php?rest_route=\/wp\/v2\/pages\/10391\/revisions"}],"predecessor-version":[{"id":11476,"href":"https:\/\/www.lapsalettedebruxelles.be\/index.php?rest_route=\/wp\/v2\/pages\/10391\/revisions\/11476"}],"up":[{"embeddable":true,"href":"https:\/\/www.lapsalettedebruxelles.be\/index.php?rest_route=\/wp\/v2\/pages\/11470"}],"wp:attachment":[{"href":"https:\/\/www.lapsalettedebruxelles.be\/index.php?rest_route=%2Fwp%2Fv2%2Fmedia&parent=10391"}],"curies":[{"name":"wp","href":"https:\/\/api.w.org\/{rel}","templated":true}]}}