{"id":10358,"date":"2014-09-24T11:50:38","date_gmt":"2014-09-24T10:50:38","guid":{"rendered":"http:\/\/www.lapsalettedebruxelles.be\/?page_id=10358"},"modified":"2016-07-13T10:52:06","modified_gmt":"2016-07-13T09:52:06","slug":"2013-2","status":"publish","type":"page","link":"https:\/\/www.lapsalettedebruxelles.be\/?page_id=10358","title":{"rendered":"2013"},"content":{"rendered":"<h3>Samedi 14 d\u00e9cembre\u00a0:<\/h3>\n<p>[image_frame style=\u00a0\u00bbborder\u00a0\u00bb align=\u00a0\u00bbleft\u00a0\u00bb]http:\/\/www.lapsalettedebruxelles.be\/wp-content\/uploads\/2014\/07\/Aff-Concert-2013-12-14.jpg[\/image_frame]<\/p>\n<h4>Concert \u00ab\u00a0No\u00ebls du monde\u00a0\u00bb en l\u2019\u00e9glise Notre-Dame de l\u2019Assomption (Woluwe-St-Lambert), au profit de la\u00a0<strong>Conf\u00e9rence St-Vincent de Paul<\/strong><\/h4>\n<p style=\"color: #666666; text-align: justify;\">Les recettes de ce concert ont \u00e9t\u00e9 offertes \u00e0 la\u00a0<strong><span style=\"color: #800000;\"><a style=\"color: #800000;\" title=\"Conf\u00e9rence Saint-Vincent de Paul\" href=\"http:\/\/www.paroisseassomption.be\/index.php?option=com_content&amp;view=article&amp;id=19:sain-vincent-de-paul&amp;catid=11:services-ou-associations&amp;Itemid=101\" target=\"_blank\">Conf\u00e9rence Saint-Vincent\u00a0de Paul<\/a><\/span><\/strong>\u00a0(paroisse Notre-Dame de l\u2019Assomption \u00e0 Woluwe-Saint-Lambert).<\/p>\n<p style=\"color: #666666; text-align: justify;\">C\u2019est en 1833 que Fr\u00e9d\u00e9ric Ozanam fonda, avec quelques \u00e9tudiants, la premi\u00e8re \u00ab\u00a0Conf\u00e9rence\u00a0\u00bb en vue d\u2019aider les familles pauvres. Soutenus par le P\u00e8re Lacordaire, brillant orateur de la Chaire de Notre-Dame de Paris, ils se mirent sous le patronage de Saint Vincent de Paul (1581-1660), l\u2019humble ami des pauvres, qui passa sa vie au service des plus d\u00e9munis, et s\u2019occupa \u00e9galement de la pauvret\u00e9 des \u00e2mes. La Conf\u00e9rence devint ainsi \u00ab\u00a0la Soci\u00e9t\u00e9 de Saint Vincent de Paul\u00a0\u00bb\u00a0: elle fut reconnue par le Pape Gr\u00e9goire XVI en 1845 comme \u0153uvre d\u2019Eglise \u00e0 part enti\u00e8re et compta rapidement de nombreuses conf\u00e9rences partout dans le monde.<\/p>\n<p style=\"color: #666666; text-align: justify;\">C\u2019est ainsi que la paroisse Notre-Dame de l\u2019Assomption a constitu\u00e9 une\u00a0Conf\u00e9rence Saint-Vincent de Pau<a style=\"color: #aaaaaa;\" title=\"Conf\u00e9rence Saint-Vincent de Paul\" href=\"http:\/\/www.paroisseassomption.be\/index.php?option=com_content&amp;view=article&amp;id=19:sain-vincent-de-paul&amp;catid=11:services-ou-associations&amp;Itemid=101\" target=\"_blank\">l<\/a>\u00a0pour venir en aide aux plus d\u00e9munis.<\/p>\n<p style=\"color: #666666; text-align: justify;\"><em><strong>Petites explications sur certains des morceaux interpr\u00e9t\u00e9s\u00a0:<\/strong><\/em><\/p>\n<p style=\"color: #666666; text-align: justify;\"><strong><em>Carol of the Bells<\/em>\u00a0<\/strong>: ce No\u00ebl a \u00e9t\u00e9 compos\u00e9 en 1904 par Mykola Leontovich (1877-1921), compositeur ukrainien, chef de ch\u0153ur, pr\u00eatre et professeur de renomm\u00e9e internationale. Il s\u2019est sp\u00e9cialis\u00e9 dans la musique chorale \u00ab\u00a0a cappella\u00a0\u00bb et a poursuivi sa formation musicale au Saint-P\u00e9tersbourg Cour Capella. Assassin\u00e9 en 1921 par un agent sovi\u00e9tique, il est c\u00e9l\u00e9br\u00e9 comme un martyr de l\u2019Eglise orthodoxe ukrainienne de l\u2019Est. Les compositions et arrangements de Leontovich sont devenus populaires gr\u00e2ce \u00e0 des groupes professionnels amateurs \u00e0 travers l\u2019Ukraine. Le succ\u00e8s de ses \u0153uvres en Europe occidentale et en Am\u00e9rique du Nord lui ont valu le surnom de \u00ab\u00a0Bach ukrainien\u00a0\u00bb en France.<\/p>\n<p style=\"color: #666666; text-align: justify;\"><strong><em>La Nuit<\/em><em>\u00a0(J.-P. Rameau)<\/em>\u00a0<\/strong>: Rameau est un compositeur fran\u00e7ais, dont l\u2019\u0153uvre lyrique marque l\u2019apog\u00e9e du classicisme fran\u00e7ais. Ses \u0153uvres pour clavecin (Le Tambourin, L\u2019Entretien des Muses, Le Rappel des Oiseaux, La Poule,\u2026) furent jou\u00e9es au XIX\u00e8me si\u00e8cle \u00e0 l\u2019\u00e9gal de celles de Bach, Couperin ou Scarlatti. Rameau est g\u00e9n\u00e9ralement consid\u00e9r\u00e9 comme le plus grand musicien fran\u00e7ais avant le XIX\u00e8me si\u00e8cle et comme le premier th\u00e9oricien de l\u2019harmonie classique\u00a0: ses trait\u00e9s d\u2019harmonie, malgr\u00e9 certaines imperfections, font toujours figure de r\u00e9f\u00e9rence.<\/p>\n<p style=\"color: #666666; text-align: justify;\"><strong><em>In the Bleak Midwinter<\/em><\/strong>\u00a0: \u00e9crit par Harold Darke (1888-1976), compositeur et organiste londonien. Ce chant figure parmi les plus c\u00e9l\u00e8bres compositions de Darke et encore souvent chant\u00e9 par le ch\u0153ur du King\u2019s College de Cambridge. En 2009, iIl a \u00e9t\u00e9 \u00e9lu meilleur chant de No\u00ebl de tous les temps apr\u00e8s un sondage aupr\u00e8s d\u2019experts et de chefs de ch\u0153ur.<\/p>\n<p style=\"color: #666666; text-align: justify;\"><strong><em>Paul Moors<\/em>\u00a0<\/strong>(1950-2012), fondateur, administrateur et vice-pr\u00e9sident du mouvement A C\u0153ur Joie Belgique, fut aussi fondateur et chef de ch\u0153ur de la chorale La Cl\u00e9 des Chants. Il est l\u2019auteur-compositeur de nombreux chants choraux, dont \u00ab\u00a0No\u00ebl Froid\u00a0\u00bb et \u00ab\u00a0Berceuse pour l\u2019enfant triste\u00a0\u00bb.<\/p>\n<p style=\"color: #666666; text-align: justify;\"><strong><em>Stille Nacht<\/em><\/strong>\u00a0: ce chant a \u00e9t\u00e9 \u00e9crit en 1816 par le pr\u00eatre autrichien Joseph Mohr, et la musique en a \u00e9t\u00e9 compos\u00e9e par l\u2019organiste autrichien Franz Xaver Gruber en 1818. Il s\u2019agit de l\u2019un des plus c\u00e9l\u00e8bres chants de No\u00ebl, et il en existe plus d\u2019une centaine de traductions (Douce Nuit, Silent Night, Noche de Paz,\u2026)<\/p>\n<h3>Dimanche 8 septembre\u00a0:<\/h3>\n<p style=\"color: #666666; text-align: justify;\"><a href=\"http:\/\/www.lapsalettedebruxelles.be\/wp-content\/uploads\/2014\/09\/Aff-Concert-2013-09-08.jpg\"><img loading=\"lazy\" decoding=\"async\" class=\"aligncenter size-medium wp-image-10468\" src=\"http:\/\/www.lapsalettedebruxelles.be\/wp-content\/uploads\/2014\/09\/Aff-Concert-2013-09-08-212x300.jpg\" alt=\"Aff Concert 2013-09-08\" width=\"212\" height=\"300\" srcset=\"https:\/\/www.lapsalettedebruxelles.be\/wp-content\/uploads\/2014\/09\/Aff-Concert-2013-09-08-212x300.jpg 212w, https:\/\/www.lapsalettedebruxelles.be\/wp-content\/uploads\/2014\/09\/Aff-Concert-2013-09-08-724x1024.jpg 724w, https:\/\/www.lapsalettedebruxelles.be\/wp-content\/uploads\/2014\/09\/Aff-Concert-2013-09-08.jpg 1253w\" sizes=\"auto, (max-width: 212px) 100vw, 212px\" \/><\/a><\/p>\n<h4><strong>Concert \u00ab\u00a0Bruxelles\/Kyoto\u00a0\u00bb<\/strong>, avec la participation du\u00a0<strong>KBS Choir<\/strong>\u00a0(Kyoto), en l\u2019\u00e9glise Notre-Dame du Perp\u00e9tuel Secours (Watermael-Boitsfort)<\/h4>\n<p style=\"color: #666666; text-align: justify;\"><strong>KBS Choir<\/strong>\u00a0: bas\u00e9e \u00e0 Kyoto au Japon, cette chorale ind\u00e9pendante est compos\u00e9e de choristes participant \u00e0 des concerts en Europe de mani\u00e8re annuelle, avec la particularit\u00e9 que chaque ann\u00e9e les concerts sont organis\u00e9s avec des membres diff\u00e9rents au sein de la chorale. C\u2019est ainsi qu\u2019en 2010, la chorale s\u2019est rendue \u00e0 Istanbul et \u00e0 Vienne. S\u2019en sont suivis en 2011 une visite et un concert \u00e0 Augsburg (Allemagne) et \u00e0 Prague. En 2012, KBS a organis\u00e9 des concerts \u00e0 Florence (ville jumel\u00e9e avec Kyoto) et \u00e0 Rome. En 2013, et pour la quatri\u00e8me ann\u00e9e cons\u00e9cutive, des concerts sont organis\u00e9s en Europe (Pays-Bas, Luxembourg et Bruxelles). L\u2019esprit de la chorale est de rassembler des communaut\u00e9s dans le monde entier autour de la musique.<\/p>\n<p style=\"color: #666666; text-align: justify;\"><strong>Yohei Francesco Ochiai<\/strong>\u00a0dirige le KBS Choir. Il est gradu\u00e9 de la prestigieuse universit\u00e9 de Kobe au Japon, il a \u00e9tudi\u00e9, \u00e0 l\u2019universit\u00e9 des Arts de Kyoto, l\u2019art de la recherche vocale. Apr\u00e8s avoir termin\u00e9 ses \u00e9tudes au Japon, il est parti \u00e9tudier en Italie. Il a notamment particip\u00e9 \u00e0 plusieurs op\u00e9ras en tant que chanteur, ainsi qu\u2019en tant que soliste lors de nombreuses messes. Depuis son retour au Japon, Yohai Ochiai a travaill\u00e9 avec les artistes les plus renomm\u00e9s et prestigieux au Japon. En plus d\u2019\u00eatre chanteur et chef de ch\u0153ur, il enseigne \u00e9galement \u00e0 la Kobe Cultural House et dans d\u2019autres instituts.<\/p>\n<p style=\"color: #666666; text-align: justify;\">[fancy_header3 variation=\u00a0\u00bbred\u00a0\u00bb]Photos[\/fancy_header3]<\/p>\n<style id=\"bwg-style-0\">    #bwg_container1_0 #bwg_container2_0 .bwg-container-0.bwg-standard-thumbnails {      width: 904px;              justify-content: center;        margin:0 auto !important;              background-color: rgba(255, 255, 255, 0.00);            padding-left: 4px;      padding-top: 4px;      max-width: 100%;            }        #bwg_container1_0 #bwg_container2_0 .bwg-container-0.bwg-standard-thumbnails .bwg-item {    justify-content: flex-start;      max-width: 180px;            width: 180px !important;          }    #bwg_container1_0 #bwg_container2_0 .bwg-container-0.bwg-standard-thumbnails .bwg-item a {       margin-right: 4px;       margin-bottom: 4px;    }    #bwg_container1_0 #bwg_container2_0 .bwg-container-0.bwg-standard-thumbnails .bwg-item0 {      padding: 0px;            background-color:rgba(255,255,255, 0.30);      border: 0px none #CCCCCC;      opacity: 1.00;      border-radius: 0;      box-shadow: 0px 0px 0px #888888;    }    #bwg_container1_0 #bwg_container2_0 .bwg-container-0.bwg-standard-thumbnails .bwg-item1 img {      max-height: none;      max-width: none;      padding: 0 !important;    }        @media only screen and (min-width: 480px) {      #bwg_container1_0 #bwg_container2_0 .bwg-container-0.bwg-standard-thumbnails .bwg-item0 {        transition: all 0.3s ease 0s;-webkit-transition: all 0.3s ease 0s;      }      #bwg_container1_0 #bwg_container2_0 .bwg-container-0.bwg-standard-thumbnails .bwg-item0:hover {        -ms-transform: scale(1.1);        -webkit-transform: scale(1.1);        transform: scale(1.1);      }    }          #bwg_container1_0 #bwg_container2_0 .bwg-container-0.bwg-standard-thumbnails .bwg-item1 {      padding-top: 50%;    }        #bwg_container1_0 #bwg_container2_0 .bwg-container-0.bwg-standard-thumbnails .bwg-title2,    #bwg_container1_0 #bwg_container2_0 .bwg-container-0.bwg-standard-thumbnails .bwg-ecommerce2 {      color: #CCCCCC;      font-family: segoe ui;      font-size: 16px;      font-weight: bold;      padding: 2px;      text-shadow: 0px 0px 0px #888888;      max-height: 100%;    }    #bwg_container1_0 #bwg_container2_0 .bwg-container-0.bwg-standard-thumbnails .bwg-thumb-description span {    color: #323A45;    font-family: Ubuntu;    font-size: 12px;    max-height: 100%;    word-wrap: break-word;    }    #bwg_container1_0 #bwg_container2_0 .bwg-container-0.bwg-standard-thumbnails .bwg-play-icon2 {      font-size: 32px;    }    #bwg_container1_0 #bwg_container2_0 .bwg-container-0.bwg-standard-thumbnails .bwg-ecommerce2 {      font-size: 19.2px;      color: #CCCCCC;    }    <\/style>    <div id=\"bwg_container1_0\"         class=\"bwg_container bwg_thumbnail bwg_thumbnails \"         data-right-click-protection=\"1\"         data-bwg=\"0\"         data-scroll=\"0\"         data-gallery-type=\"thumbnails\"         data-gallery-view-type=\"thumbnails\"         data-current-url=\"\/index.php?rest_route=%2Fwp%2Fv2%2Fpages%2F10358\"         data-lightbox-url=\"https:\/\/www.lapsalettedebruxelles.be\/wp-admin\/admin-ajax.php?action=GalleryBox&#038;current_view=0&#038;gallery_id=5&#038;tag=0&#038;theme_id=1&#038;shortcode_id=10&#038;sort_by=date&#038;order_by=asc&#038;current_url=%2Findex.php%3Frest_route%3D%252Fwp%252Fv2%252Fpages%252F10358\"         data-gallery-id=\"5\"         data-popup-width=\"800\"         data-popup-height=\"500\"         data-is-album=\"gallery\"         data-buttons-position=\"bottom\">      <div id=\"bwg_container2_0\">             <div id=\"ajax_loading_0\" class=\"bwg_loading_div_1\">      <div class=\"bwg_loading_div_2\">        <div class=\"bwg_loading_div_3\">          <div id=\"loading_div_0\" class=\"bwg_spider_ajax_loading\">          <\/div>        <\/div>      <\/div>    <\/div>            <form id=\"gal_front_form_0\"              class=\"bwg-hidden\"              method=\"post\"              action=\"#\"              data-current=\"0\"              data-shortcode-id=\"10\"              data-gallery-type=\"thumbnails\"              data-gallery-id=\"5\"              data-tag=\"0\"              data-album-id=\"0\"              data-theme-id=\"1\"              data-ajax-url=\"https:\/\/www.lapsalettedebruxelles.be\/wp-admin\/admin-ajax.php?action=bwg_frontend_data\">          <div id=\"bwg_container3_0\" class=\"bwg-background bwg-background-0\">                <div data-max-count=\"5\"         data-thumbnail-width=\"180\"         data-bwg=\"0\"         data-gallery-id=\"5\"         data-lightbox-url=\"https:\/\/www.lapsalettedebruxelles.be\/wp-admin\/admin-ajax.php?action=GalleryBox&amp;current_view=0&amp;gallery_id=5&amp;tag=0&amp;theme_id=1&amp;shortcode_id=10&amp;sort_by=date&amp;order_by=asc&amp;current_url=%2Findex.php%3Frest_route%3D%252Fwp%252Fv2%252Fpages%252F10358\"         id=\"bwg_thumbnails_0\"         class=\"bwg-container-0 bwg-thumbnails bwg-standard-thumbnails bwg-container bwg-border-box\">            <div class=\"bwg-item\">        <a class=\"bwg-a  bwg_lightbox\"  data-image-id=\"208\" href=\"https:\/\/www.lapsalettedebruxelles.be\/wp-content\/uploads\/photo-gallery\/20130908-Concert\/14588715560_8435a2a438_o.jpg\" data-elementor-open-lightbox=\"no\">                <div class=\"bwg-item0 \">          <div class=\"bwg-item1 \">            <div class=\"bwg-item2\">              <img decoding=\"async\" class=\"skip-lazy bwg_standart_thumb_img_0 \"                   data-id=\"208\"                   data-width=\"\"                   data-height=\"\"                   data-src=\"https:\/\/www.lapsalettedebruxelles.be\/wp-content\/uploads\/photo-gallery\/20130908-Concert\/thumb\/14588715560_8435a2a438_o.jpg\"                   src=\"https:\/\/www.lapsalettedebruxelles.be\/wp-content\/uploads\/photo-gallery\/20130908-Concert\/thumb\/14588715560_8435a2a438_o.jpg\"                   alt=\"14588715560 8435a2a438 o\"                   title=\"14588715560 8435a2a438 o\" \/>            <\/div>            <div class=\"\">                                                      <\/div>          <\/div>        <\/div>                        <\/a>              <\/div>            <div class=\"bwg-item\">        <a class=\"bwg-a  bwg_lightbox\"  data-image-id=\"209\" href=\"https:\/\/www.lapsalettedebruxelles.be\/wp-content\/uploads\/photo-gallery\/20130908-Concert\/14588779278_2674026c4d_o.jpg\" data-elementor-open-lightbox=\"no\">                <div class=\"bwg-item0 \">          <div class=\"bwg-item1 \">            <div class=\"bwg-item2\">              <img decoding=\"async\" class=\"skip-lazy bwg_standart_thumb_img_0 \"                   data-id=\"209\"                   data-width=\"\"                   data-height=\"\"                   data-src=\"https:\/\/www.lapsalettedebruxelles.be\/wp-content\/uploads\/photo-gallery\/20130908-Concert\/thumb\/14588779278_2674026c4d_o.jpg\"                   src=\"https:\/\/www.lapsalettedebruxelles.be\/wp-content\/uploads\/photo-gallery\/20130908-Concert\/thumb\/14588779278_2674026c4d_o.jpg\"                   alt=\"14588779278 2674026c4d o\"                   title=\"14588779278 2674026c4d o\" \/>            <\/div>            <div class=\"\">                                                      <\/div>          <\/div>        <\/div>                        <\/a>              <\/div>            <div class=\"bwg-item\">        <a class=\"bwg-a  bwg_lightbox\"  data-image-id=\"210\" href=\"https:\/\/www.lapsalettedebruxelles.be\/wp-content\/uploads\/photo-gallery\/20130908-Concert\/14588934177_bc2a99f1e2_o.jpg\" data-elementor-open-lightbox=\"no\">                <div class=\"bwg-item0 \">          <div class=\"bwg-item1 \">            <div class=\"bwg-item2\">              <img decoding=\"async\" class=\"skip-lazy bwg_standart_thumb_img_0 \"                   data-id=\"210\"                   data-width=\"\"                   data-height=\"\"                   data-src=\"https:\/\/www.lapsalettedebruxelles.be\/wp-content\/uploads\/photo-gallery\/20130908-Concert\/thumb\/14588934177_bc2a99f1e2_o.jpg\"                   src=\"https:\/\/www.lapsalettedebruxelles.be\/wp-content\/uploads\/photo-gallery\/20130908-Concert\/thumb\/14588934177_bc2a99f1e2_o.jpg\"                   alt=\"14588934177 bc2a99f1e2 o\"                   title=\"14588934177 bc2a99f1e2 o\" \/>            <\/div>            <div class=\"\">                                                      <\/div>          <\/div>        <\/div>                        <\/a>              <\/div>            <div class=\"bwg-item\">        <a class=\"bwg-a  bwg_lightbox\"  data-image-id=\"220\" href=\"https:\/\/www.lapsalettedebruxelles.be\/wp-content\/uploads\/photo-gallery\/20130908-Concert\/14772257441_6eb74e1b20_o.jpg\" data-elementor-open-lightbox=\"no\">                <div class=\"bwg-item0 \">          <div class=\"bwg-item1 \">            <div class=\"bwg-item2\">              <img decoding=\"async\" class=\"skip-lazy bwg_standart_thumb_img_0 \"                   data-id=\"220\"                   data-width=\"\"                   data-height=\"\"                   data-src=\"https:\/\/www.lapsalettedebruxelles.be\/wp-content\/uploads\/photo-gallery\/20130908-Concert\/thumb\/14772257441_6eb74e1b20_o.jpg\"                   src=\"https:\/\/www.lapsalettedebruxelles.be\/wp-content\/uploads\/photo-gallery\/20130908-Concert\/thumb\/14772257441_6eb74e1b20_o.jpg\"                   alt=\"14772257441 6eb74e1b20 o\"                   title=\"14772257441 6eb74e1b20 o\" \/>            <\/div>            <div class=\"\">                                                      <\/div>          <\/div>        <\/div>                        <\/a>              <\/div>            <div class=\"bwg-item\">        <a class=\"bwg-a  bwg_lightbox\"  data-image-id=\"221\" href=\"https:\/\/www.lapsalettedebruxelles.be\/wp-content\/uploads\/photo-gallery\/20130908-Concert\/14772257801_9ec9fc639e_o.jpg\" data-elementor-open-lightbox=\"no\">                <div class=\"bwg-item0 \">          <div class=\"bwg-item1 \">            <div class=\"bwg-item2\">              <img decoding=\"async\" class=\"skip-lazy bwg_standart_thumb_img_0 \"                   data-id=\"221\"                   data-width=\"\"                   data-height=\"\"                   data-src=\"https:\/\/www.lapsalettedebruxelles.be\/wp-content\/uploads\/photo-gallery\/20130908-Concert\/thumb\/14772257801_9ec9fc639e_o.jpg\"                   src=\"https:\/\/www.lapsalettedebruxelles.be\/wp-content\/uploads\/photo-gallery\/20130908-Concert\/thumb\/14772257801_9ec9fc639e_o.jpg\"                   alt=\"14772257801 9ec9fc639e o\"                   title=\"14772257801 9ec9fc639e o\" \/>            <\/div>            <div class=\"\">                                                      <\/div>          <\/div>        <\/div>                        <\/a>              <\/div>            <div class=\"bwg-item\">        <a class=\"bwg-a  bwg_lightbox\"  data-image-id=\"226\" href=\"https:\/\/www.lapsalettedebruxelles.be\/wp-content\/uploads\/photo-gallery\/20130908-Concert\/14775072542_4e0fb305f5_o.jpg\" data-elementor-open-lightbox=\"no\">                <div class=\"bwg-item0 \">          <div class=\"bwg-item1 \">            <div class=\"bwg-item2\">              <img decoding=\"async\" class=\"skip-lazy bwg_standart_thumb_img_0 \"                   data-id=\"226\"                   data-width=\"\"                   data-height=\"\"                   data-src=\"https:\/\/www.lapsalettedebruxelles.be\/wp-content\/uploads\/photo-gallery\/20130908-Concert\/thumb\/14775072542_4e0fb305f5_o.jpg\"                   src=\"https:\/\/www.lapsalettedebruxelles.be\/wp-content\/uploads\/photo-gallery\/20130908-Concert\/thumb\/14775072542_4e0fb305f5_o.jpg\"                   alt=\"14775072542 4e0fb305f5 o\"                   title=\"14775072542 4e0fb305f5 o\" \/>            <\/div>            <div class=\"\">                                                      <\/div>          <\/div>        <\/div>                        <\/a>              <\/div>            <div class=\"bwg-item\">        <a class=\"bwg-a  bwg_lightbox\"  data-image-id=\"227\" href=\"https:\/\/www.lapsalettedebruxelles.be\/wp-content\/uploads\/photo-gallery\/20130908-Concert\/14775431495_05bd08bd6e_o.jpg\" data-elementor-open-lightbox=\"no\">                <div class=\"bwg-item0 \">          <div class=\"bwg-item1 \">            <div class=\"bwg-item2\">              <img decoding=\"async\" class=\"skip-lazy bwg_standart_thumb_img_0 \"                   data-id=\"227\"                   data-width=\"\"                   data-height=\"\"                   data-src=\"https:\/\/www.lapsalettedebruxelles.be\/wp-content\/uploads\/photo-gallery\/20130908-Concert\/thumb\/14775431495_05bd08bd6e_o.jpg\"                   src=\"https:\/\/www.lapsalettedebruxelles.be\/wp-content\/uploads\/photo-gallery\/20130908-Concert\/thumb\/14775431495_05bd08bd6e_o.jpg\"                   alt=\"14775431495 05bd08bd6e o\"                   title=\"14775431495 05bd08bd6e o\" \/>            <\/div>            <div class=\"\">                                                      <\/div>          <\/div>        <\/div>                        <\/a>              <\/div>            <div class=\"bwg-item\">        <a class=\"bwg-a  bwg_lightbox\"  data-image-id=\"229\" href=\"https:\/\/www.lapsalettedebruxelles.be\/wp-content\/uploads\/photo-gallery\/20130908-Concert\/14795291363_b2ffcbae82_o.jpg\" data-elementor-open-lightbox=\"no\">                <div class=\"bwg-item0 \">          <div class=\"bwg-item1 \">            <div class=\"bwg-item2\">              <img decoding=\"async\" class=\"skip-lazy bwg_standart_thumb_img_0 \"                   data-id=\"229\"                   data-width=\"\"                   data-height=\"\"                   data-src=\"https:\/\/www.lapsalettedebruxelles.be\/wp-content\/uploads\/photo-gallery\/20130908-Concert\/thumb\/14795291363_b2ffcbae82_o.jpg\"                   src=\"https:\/\/www.lapsalettedebruxelles.be\/wp-content\/uploads\/photo-gallery\/20130908-Concert\/thumb\/14795291363_b2ffcbae82_o.jpg\"                   alt=\"14795291363 b2ffcbae82 o\"                   title=\"14795291363 b2ffcbae82 o\" \/>            <\/div>            <div class=\"\">                                                      <\/div>          <\/div>        <\/div>                        <\/a>              <\/div>            <div class=\"bwg-item\">        <a class=\"bwg-a  bwg_lightbox\"  data-image-id=\"230\" href=\"https:\/\/www.lapsalettedebruxelles.be\/wp-content\/uploads\/photo-gallery\/20130908-Concert\/14795291643_9b129a40e6_o.jpg\" data-elementor-open-lightbox=\"no\">                <div class=\"bwg-item0 \">          <div class=\"bwg-item1 \">            <div class=\"bwg-item2\">              <img decoding=\"async\" class=\"skip-lazy bwg_standart_thumb_img_0 \"                   data-id=\"230\"                   data-width=\"\"                   data-height=\"\"                   data-src=\"https:\/\/www.lapsalettedebruxelles.be\/wp-content\/uploads\/photo-gallery\/20130908-Concert\/thumb\/14795291643_9b129a40e6_o.jpg\"                   src=\"https:\/\/www.lapsalettedebruxelles.be\/wp-content\/uploads\/photo-gallery\/20130908-Concert\/thumb\/14795291643_9b129a40e6_o.jpg\"                   alt=\"14795291643 9b129a40e6 o\"                   title=\"14795291643 9b129a40e6 o\" \/>            <\/div>            <div class=\"\">                                                      <\/div>          <\/div>        <\/div>                        <\/a>              <\/div>            <div class=\"bwg-item\">        <a class=\"bwg-a  bwg_lightbox\"  data-image-id=\"231\" href=\"https:\/\/www.lapsalettedebruxelles.be\/wp-content\/uploads\/photo-gallery\/20130908-Concert\/14795292223_f31e570d2a_o.jpg\" data-elementor-open-lightbox=\"no\">                <div class=\"bwg-item0 \">          <div class=\"bwg-item1 \">            <div class=\"bwg-item2\">              <img decoding=\"async\" class=\"skip-lazy bwg_standart_thumb_img_0 \"                   data-id=\"231\"                   data-width=\"\"                   data-height=\"\"                   data-src=\"https:\/\/www.lapsalettedebruxelles.be\/wp-content\/uploads\/photo-gallery\/20130908-Concert\/thumb\/14795292223_f31e570d2a_o.jpg\"                   src=\"https:\/\/www.lapsalettedebruxelles.be\/wp-content\/uploads\/photo-gallery\/20130908-Concert\/thumb\/14795292223_f31e570d2a_o.jpg\"                   alt=\"14795292223 f31e570d2a o\"                   title=\"14795292223 f31e570d2a o\" \/>            <\/div>            <div class=\"\">                                                      <\/div>          <\/div>        <\/div>                        <\/a>              <\/div>            <div class=\"bwg-item\">        <a class=\"bwg-a  bwg_lightbox\"  data-image-id=\"211\" href=\"https:\/\/www.lapsalettedebruxelles.be\/wp-content\/uploads\/photo-gallery\/20130908-Concert\/14588934247_0661bd31ae_o.jpg\" data-elementor-open-lightbox=\"no\">                <div class=\"bwg-item0 \">          <div class=\"bwg-item1 \">            <div class=\"bwg-item2\">              <img decoding=\"async\" class=\"skip-lazy bwg_standart_thumb_img_0 \"                   data-id=\"211\"                   data-width=\"\"                   data-height=\"\"                   data-src=\"https:\/\/www.lapsalettedebruxelles.be\/wp-content\/uploads\/photo-gallery\/20130908-Concert\/thumb\/14588934247_0661bd31ae_o.jpg\"                   src=\"https:\/\/www.lapsalettedebruxelles.be\/wp-content\/uploads\/photo-gallery\/20130908-Concert\/thumb\/14588934247_0661bd31ae_o.jpg\"                   alt=\"14588934247 0661bd31ae o\"                   title=\"14588934247 0661bd31ae o\" \/>            <\/div>            <div class=\"\">                                                      <\/div>          <\/div>        <\/div>                        <\/a>              <\/div>            <div class=\"bwg-item\">        <a class=\"bwg-a  bwg_lightbox\"  data-image-id=\"212\" href=\"https:\/\/www.lapsalettedebruxelles.be\/wp-content\/uploads\/photo-gallery\/20130908-Concert\/14588934817_8db17a62d0_o.jpg\" data-elementor-open-lightbox=\"no\">                <div class=\"bwg-item0 \">          <div class=\"bwg-item1 \">            <div class=\"bwg-item2\">              <img decoding=\"async\" class=\"skip-lazy bwg_standart_thumb_img_0 \"                   data-id=\"212\"                   data-width=\"\"                   data-height=\"\"                   data-src=\"https:\/\/www.lapsalettedebruxelles.be\/wp-content\/uploads\/photo-gallery\/20130908-Concert\/thumb\/14588934817_8db17a62d0_o.jpg\"                   src=\"https:\/\/www.lapsalettedebruxelles.be\/wp-content\/uploads\/photo-gallery\/20130908-Concert\/thumb\/14588934817_8db17a62d0_o.jpg\"                   alt=\"14588934817 8db17a62d0 o\"                   title=\"14588934817 8db17a62d0 o\" \/>            <\/div>            <div class=\"\">                                                      <\/div>          <\/div>        <\/div>                        <\/a>              <\/div>            <div class=\"bwg-item\">        <a class=\"bwg-a  bwg_lightbox\"  data-image-id=\"213\" href=\"https:\/\/www.lapsalettedebruxelles.be\/wp-content\/uploads\/photo-gallery\/20130908-Concert\/14752413276_0354bee8cd_o.jpg\" data-elementor-open-lightbox=\"no\">                <div class=\"bwg-item0 \">          <div class=\"bwg-item1 \">            <div class=\"bwg-item2\">              <img decoding=\"async\" class=\"skip-lazy bwg_standart_thumb_img_0 \"                   data-id=\"213\"                   data-width=\"\"                   data-height=\"\"                   data-src=\"https:\/\/www.lapsalettedebruxelles.be\/wp-content\/uploads\/photo-gallery\/20130908-Concert\/thumb\/14752413276_0354bee8cd_o.jpg\"                   src=\"https:\/\/www.lapsalettedebruxelles.be\/wp-content\/uploads\/photo-gallery\/20130908-Concert\/thumb\/14752413276_0354bee8cd_o.jpg\"                   alt=\"14752413276 0354bee8cd o\"                   title=\"14752413276 0354bee8cd o\" \/>            <\/div>            <div class=\"\">                                                      <\/div>          <\/div>        <\/div>                        <\/a>              <\/div>            <div class=\"bwg-item\">        <a class=\"bwg-a  bwg_lightbox\"  data-image-id=\"214\" href=\"https:\/\/www.lapsalettedebruxelles.be\/wp-content\/uploads\/photo-gallery\/20130908-Concert\/14752413986_6098307624_o.jpg\" data-elementor-open-lightbox=\"no\">                <div class=\"bwg-item0 \">          <div class=\"bwg-item1 \">            <div class=\"bwg-item2\">              <img decoding=\"async\" class=\"skip-lazy bwg_standart_thumb_img_0 \"                   data-id=\"214\"                   data-width=\"\"                   data-height=\"\"                   data-src=\"https:\/\/www.lapsalettedebruxelles.be\/wp-content\/uploads\/photo-gallery\/20130908-Concert\/thumb\/14752413986_6098307624_o.jpg\"                   src=\"https:\/\/www.lapsalettedebruxelles.be\/wp-content\/uploads\/photo-gallery\/20130908-Concert\/thumb\/14752413986_6098307624_o.jpg\"                   alt=\"14752413986 6098307624 o\"                   title=\"14752413986 6098307624 o\" \/>            <\/div>            <div class=\"\">                                                      <\/div>          <\/div>        <\/div>                        <\/a>              <\/div>            <div class=\"bwg-item\">        <a class=\"bwg-a  bwg_lightbox\"  data-image-id=\"215\" href=\"https:\/\/www.lapsalettedebruxelles.be\/wp-content\/uploads\/photo-gallery\/20130908-Concert\/14752414096_36d50dc731_o.jpg\" data-elementor-open-lightbox=\"no\">                <div class=\"bwg-item0 \">          <div class=\"bwg-item1 \">            <div class=\"bwg-item2\">              <img decoding=\"async\" class=\"skip-lazy bwg_standart_thumb_img_0 \"                   data-id=\"215\"                   data-width=\"\"                   data-height=\"\"                   data-src=\"https:\/\/www.lapsalettedebruxelles.be\/wp-content\/uploads\/photo-gallery\/20130908-Concert\/thumb\/14752414096_36d50dc731_o.jpg\"                   src=\"https:\/\/www.lapsalettedebruxelles.be\/wp-content\/uploads\/photo-gallery\/20130908-Concert\/thumb\/14752414096_36d50dc731_o.jpg\"                   alt=\"14752414096 36d50dc731 o\"                   title=\"14752414096 36d50dc731 o\" \/>            <\/div>            <div class=\"\">                                                      <\/div>          <\/div>        <\/div>                        <\/a>              <\/div>            <div class=\"bwg-item\">        <a class=\"bwg-a  bwg_lightbox\"  data-image-id=\"216\" href=\"https:\/\/www.lapsalettedebruxelles.be\/wp-content\/uploads\/photo-gallery\/20130908-Concert\/14752414426_d169b8af87_o.jpg\" data-elementor-open-lightbox=\"no\">                <div class=\"bwg-item0 \">          <div class=\"bwg-item1 \">            <div class=\"bwg-item2\">              <img decoding=\"async\" class=\"skip-lazy bwg_standart_thumb_img_0 \"                   data-id=\"216\"                   data-width=\"\"                   data-height=\"\"                   data-src=\"https:\/\/www.lapsalettedebruxelles.be\/wp-content\/uploads\/photo-gallery\/20130908-Concert\/thumb\/14752414426_d169b8af87_o.jpg\"                   src=\"https:\/\/www.lapsalettedebruxelles.be\/wp-content\/uploads\/photo-gallery\/20130908-Concert\/thumb\/14752414426_d169b8af87_o.jpg\"                   alt=\"14752414426 d169b8af87 o\"                   title=\"14752414426 d169b8af87 o\" \/>            <\/div>            <div class=\"\">                                                      <\/div>          <\/div>        <\/div>                        <\/a>              <\/div>            <div class=\"bwg-item\">        <a class=\"bwg-a  bwg_lightbox\"  data-image-id=\"217\" href=\"https:\/\/www.lapsalettedebruxelles.be\/wp-content\/uploads\/photo-gallery\/20130908-Concert\/14752414566_e6b1c11543_o.jpg\" data-elementor-open-lightbox=\"no\">                <div class=\"bwg-item0 \">          <div class=\"bwg-item1 \">            <div class=\"bwg-item2\">              <img decoding=\"async\" class=\"skip-lazy bwg_standart_thumb_img_0 \"                   data-id=\"217\"                   data-width=\"\"                   data-height=\"\"                   data-src=\"https:\/\/www.lapsalettedebruxelles.be\/wp-content\/uploads\/photo-gallery\/20130908-Concert\/thumb\/14752414566_e6b1c11543_o.jpg\"                   src=\"https:\/\/www.lapsalettedebruxelles.be\/wp-content\/uploads\/photo-gallery\/20130908-Concert\/thumb\/14752414566_e6b1c11543_o.jpg\"                   alt=\"14752414566 e6b1c11543 o\"                   title=\"14752414566 e6b1c11543 o\" \/>            <\/div>            <div class=\"\">                                                      <\/div>          <\/div>        <\/div>                        <\/a>              <\/div>            <div class=\"bwg-item\">        <a class=\"bwg-a  bwg_lightbox\"  data-image-id=\"218\" href=\"https:\/\/www.lapsalettedebruxelles.be\/wp-content\/uploads\/photo-gallery\/20130908-Concert\/14772257171_6f8de00094_o.jpg\" data-elementor-open-lightbox=\"no\">                <div class=\"bwg-item0 \">          <div class=\"bwg-item1 \">            <div class=\"bwg-item2\">              <img decoding=\"async\" class=\"skip-lazy bwg_standart_thumb_img_0 \"                   data-id=\"218\"                   data-width=\"\"                   data-height=\"\"                   data-src=\"https:\/\/www.lapsalettedebruxelles.be\/wp-content\/uploads\/photo-gallery\/20130908-Concert\/thumb\/14772257171_6f8de00094_o.jpg\"                   src=\"https:\/\/www.lapsalettedebruxelles.be\/wp-content\/uploads\/photo-gallery\/20130908-Concert\/thumb\/14772257171_6f8de00094_o.jpg\"                   alt=\"14772257171 6f8de00094 o\"                   title=\"14772257171 6f8de00094 o\" \/>            <\/div>            <div class=\"\">                                                      <\/div>          <\/div>        <\/div>                        <\/a>              <\/div>            <div class=\"bwg-item\">        <a class=\"bwg-a  bwg_lightbox\"  data-image-id=\"219\" href=\"https:\/\/www.lapsalettedebruxelles.be\/wp-content\/uploads\/photo-gallery\/20130908-Concert\/14772257411_8e2f6c139b_o.jpg\" data-elementor-open-lightbox=\"no\">                <div class=\"bwg-item0 \">          <div class=\"bwg-item1 \">            <div class=\"bwg-item2\">              <img decoding=\"async\" class=\"skip-lazy bwg_standart_thumb_img_0 \"                   data-id=\"219\"                   data-width=\"\"                   data-height=\"\"                   data-src=\"https:\/\/www.lapsalettedebruxelles.be\/wp-content\/uploads\/photo-gallery\/20130908-Concert\/thumb\/14772257411_8e2f6c139b_o.jpg\"                   src=\"https:\/\/www.lapsalettedebruxelles.be\/wp-content\/uploads\/photo-gallery\/20130908-Concert\/thumb\/14772257411_8e2f6c139b_o.jpg\"                   alt=\"14772257411 8e2f6c139b o\"                   title=\"14772257411 8e2f6c139b o\" \/>            <\/div>            <div class=\"\">                                                      <\/div>          <\/div>        <\/div>                        <\/a>              <\/div>            <div class=\"bwg-item\">        <a class=\"bwg-a  bwg_lightbox\"  data-image-id=\"222\" href=\"https:\/\/www.lapsalettedebruxelles.be\/wp-content\/uploads\/photo-gallery\/20130908-Concert\/14773071574_156fee8cf6_o.jpg\" data-elementor-open-lightbox=\"no\">                <div class=\"bwg-item0 \">          <div class=\"bwg-item1 \">            <div class=\"bwg-item2\">              <img decoding=\"async\" class=\"skip-lazy bwg_standart_thumb_img_0 \"                   data-id=\"222\"                   data-width=\"\"                   data-height=\"\"                   data-src=\"https:\/\/www.lapsalettedebruxelles.be\/wp-content\/uploads\/photo-gallery\/20130908-Concert\/thumb\/14773071574_156fee8cf6_o.jpg\"                   src=\"https:\/\/www.lapsalettedebruxelles.be\/wp-content\/uploads\/photo-gallery\/20130908-Concert\/thumb\/14773071574_156fee8cf6_o.jpg\"                   alt=\"14773071574 156fee8cf6 o\"                   title=\"14773071574 156fee8cf6 o\" \/>            <\/div>            <div class=\"\">                                                      <\/div>          <\/div>        <\/div>                        <\/a>              <\/div>            <div class=\"bwg-item\">        <a class=\"bwg-a  bwg_lightbox\"  data-image-id=\"223\" href=\"https:\/\/www.lapsalettedebruxelles.be\/wp-content\/uploads\/photo-gallery\/20130908-Concert\/14773072704_1844901fd0_o.jpg\" data-elementor-open-lightbox=\"no\">                <div class=\"bwg-item0 \">          <div class=\"bwg-item1 \">            <div class=\"bwg-item2\">              <img decoding=\"async\" class=\"skip-lazy bwg_standart_thumb_img_0 \"                   data-id=\"223\"                   data-width=\"\"                   data-height=\"\"                   data-src=\"https:\/\/www.lapsalettedebruxelles.be\/wp-content\/uploads\/photo-gallery\/20130908-Concert\/thumb\/14773072704_1844901fd0_o.jpg\"                   src=\"https:\/\/www.lapsalettedebruxelles.be\/wp-content\/uploads\/photo-gallery\/20130908-Concert\/thumb\/14773072704_1844901fd0_o.jpg\"                   alt=\"14773072704 1844901fd0 o\"                   title=\"14773072704 1844901fd0 o\" \/>            <\/div>            <div class=\"\">                                                      <\/div>          <\/div>        <\/div>                        <\/a>              <\/div>            <div class=\"bwg-item\">        <a class=\"bwg-a  bwg_lightbox\"  data-image-id=\"224\" href=\"https:\/\/www.lapsalettedebruxelles.be\/wp-content\/uploads\/photo-gallery\/20130908-Concert\/14775072052_193c692206_o.jpg\" data-elementor-open-lightbox=\"no\">                <div class=\"bwg-item0 \">          <div class=\"bwg-item1 \">            <div class=\"bwg-item2\">              <img decoding=\"async\" class=\"skip-lazy bwg_standart_thumb_img_0 \"                   data-id=\"224\"                   data-width=\"\"                   data-height=\"\"                   data-src=\"https:\/\/www.lapsalettedebruxelles.be\/wp-content\/uploads\/photo-gallery\/20130908-Concert\/thumb\/14775072052_193c692206_o.jpg\"                   src=\"https:\/\/www.lapsalettedebruxelles.be\/wp-content\/uploads\/photo-gallery\/20130908-Concert\/thumb\/14775072052_193c692206_o.jpg\"                   alt=\"14775072052 193c692206 o\"                   title=\"14775072052 193c692206 o\" \/>            <\/div>            <div class=\"\">                                                      <\/div>          <\/div>        <\/div>                        <\/a>              <\/div>            <div class=\"bwg-item\">        <a class=\"bwg-a  bwg_lightbox\"  data-image-id=\"225\" href=\"https:\/\/www.lapsalettedebruxelles.be\/wp-content\/uploads\/photo-gallery\/20130908-Concert\/14775072402_d43ebdca60_o.jpg\" data-elementor-open-lightbox=\"no\">                <div class=\"bwg-item0 \">          <div class=\"bwg-item1 \">            <div class=\"bwg-item2\">              <img decoding=\"async\" class=\"skip-lazy bwg_standart_thumb_img_0 \"                   data-id=\"225\"                   data-width=\"\"                   data-height=\"\"                   data-src=\"https:\/\/www.lapsalettedebruxelles.be\/wp-content\/uploads\/photo-gallery\/20130908-Concert\/thumb\/14775072402_d43ebdca60_o.jpg\"                   src=\"https:\/\/www.lapsalettedebruxelles.be\/wp-content\/uploads\/photo-gallery\/20130908-Concert\/thumb\/14775072402_d43ebdca60_o.jpg\"                   alt=\"14775072402 d43ebdca60 o\"                   title=\"14775072402 d43ebdca60 o\" \/>            <\/div>            <div class=\"\">                                                      <\/div>          <\/div>        <\/div>                        <\/a>              <\/div>            <div class=\"bwg-item\">        <a class=\"bwg-a  bwg_lightbox\"  data-image-id=\"228\" href=\"https:\/\/www.lapsalettedebruxelles.be\/wp-content\/uploads\/photo-gallery\/20130908-Concert\/14795291043_ec0fd9f386_o.jpg\" data-elementor-open-lightbox=\"no\">                <div class=\"bwg-item0 \">          <div class=\"bwg-item1 \">            <div class=\"bwg-item2\">              <img decoding=\"async\" class=\"skip-lazy bwg_standart_thumb_img_0 \"                   data-id=\"228\"                   data-width=\"\"                   data-height=\"\"                   data-src=\"https:\/\/www.lapsalettedebruxelles.be\/wp-content\/uploads\/photo-gallery\/20130908-Concert\/thumb\/14795291043_ec0fd9f386_o.jpg\"                   src=\"https:\/\/www.lapsalettedebruxelles.be\/wp-content\/uploads\/photo-gallery\/20130908-Concert\/thumb\/14795291043_ec0fd9f386_o.jpg\"                   alt=\"14795291043 ec0fd9f386 o\"                   title=\"14795291043 ec0fd9f386 o\" \/>            <\/div>            <div class=\"\">                                                      <\/div>          <\/div>        <\/div>                        <\/a>              <\/div>          <\/div>    <style>      \/*pagination styles*\/      #bwg_container1_0 #bwg_container2_0 .tablenav-pages_0 {\t\t\t\ttext-align: center;\t\t\t\tfont-size: 12px;\t\t\t\tfont-family: segoe ui;\t\t\t\tfont-weight: bold;\t\t\t\tcolor: #666666;\t\t\t\tmargin: 6px 0 4px;\t\t\t\tdisplay: block;      }      @media only screen and (max-width : 320px) {      #bwg_container1_0 #bwg_container2_0 .displaying-num_0 {     \t display: none;      }      }      #bwg_container1_0 #bwg_container2_0 .displaying-num_0 {\t\t\t\tfont-size: 12px;\t\t\t\tfont-family: segoe ui;\t\t\t\tfont-weight: bold;\t\t\t\tcolor: #666666;\t\t\t\tmargin-right: 10px;\t\t\t\tvertical-align: middle;      }      #bwg_container1_0 #bwg_container2_0 .paging-input_0 {\t\t\t\tfont-size: 12px;\t\t\t\tfont-family: segoe ui;\t\t\t\tfont-weight: bold;\t\t\t\tcolor: #666666;\t\t\t\tvertical-align: middle;      }      #bwg_container1_0 #bwg_container2_0 .tablenav-pages_0 a.disabled,      #bwg_container1_0 #bwg_container2_0 .tablenav-pages_0 a.disabled:hover,      #bwg_container1_0 #bwg_container2_0 .tablenav-pages_0 a.disabled:focus,\t\t\t#bwg_container1_0 #bwg_container2_0 .tablenav-pages_0 input.bwg_current_page {\t\t\t\tcursor: default;\t\t\t\tcolor: rgba(102, 102, 102, 0.5);      }      #bwg_container1_0 #bwg_container2_0 .tablenav-pages_0 a,      #bwg_container1_0 #bwg_container2_0 .tablenav-pages_0 input.bwg_current_page {\t\t\t\tcursor: pointer;\t\t\t\ttext-align: center;\t\t\t\tfont-size: 12px;\t\t\t\tfont-family: segoe ui;\t\t\t\tfont-weight: bold;\t\t\t\tcolor: #666666;\t\t\t\ttext-decoration: none;\t\t\t\tpadding: 3px 6px;\t\t\t\tmargin: 0;\t\t\t\tborder-radius: 0;\t\t\t\tborder-style: solid;\t\t\t\tborder-width: 1px;\t\t\t\tborder-color: #E3E3E3;\t\t\t\t\t\t\t\tbackground-color: rgba(255, 255, 255, 1.00);\t\t\t\tbox-shadow: 0;\t\t\t\ttransition: all 0.3s ease 0s;-webkit-transition: all 0.3s ease 0s;      }      <\/style>      <span class=\"bwg_nav_cont_0\">              <div class=\"tablenav-pages_0\">                  <\/div>                <input type=\"hidden\" id=\"page_number_0\" name=\"page_number_0\" value=\"1\" \/>      <script type=\"text\/javascript\">        if( jQuery('.bwg_nav_cont_0').length > 1 ) {          jQuery('.bwg_nav_cont_0').first().remove()        }        function spider_page_0(cur, x, y, load_more) {          if (typeof load_more == \"undefined\") {            var load_more = false;          }          if (jQuery(cur).hasClass('disabled')) {            return false;          }          var items_county_0 = 1;          switch (y) {            case 1:              if (x >= items_county_0) {                document.getElementById('page_number_0').value = items_county_0;              }              else {                document.getElementById('page_number_0').value = x + 1;              }              break;            case 2:              document.getElementById('page_number_0').value = items_county_0;              break;            case -1:              if (x == 1) {                document.getElementById('page_number_0').value = 1;              }              else {                document.getElementById('page_number_0').value = x - 1;              }              break;            case -2:              document.getElementById('page_number_0').value = 1;              break;\t\t\t\t\t\tcase 0:              document.getElementById('page_number_0').value = x;              break;            default:              document.getElementById('page_number_0').value = 1;          }          bwg_ajax('gal_front_form_0', '0', 'bwg_thumbnails_0', '0', '', 'gallery', 0, '', '', load_more, '', 1);        }                    jQuery('.first-page-0').on('click', function () {              spider_page_0(this, 1, -2, 'numeric');              return false;            });            jQuery('.prev-page-0').on('click', function () {              spider_page_0(this, 1, -1, 'numeric');              return false;            });            jQuery('.next-page-0').on('click', function () {              spider_page_0(this, 1, 1, 'numeric');              return false;            });            jQuery('.last-page-0').on('click', function () {              spider_page_0(this, 1, 2, 'numeric');              return false;            });        \t\t\t\t\/* Change page on input enter. *\/        function bwg_change_page_0( e, that ) {          if (  e.key == 'Enter' ) {            var to_page = parseInt(jQuery(that).val());            var pages_count = jQuery(that).parents(\".pagination-links\").data(\"pages-count\");            var current_url_param = jQuery(that).attr('data-url-info');            if (to_page > pages_count) {              to_page = 1;            }\t \t\t\t\t\t\t\t\t\t\t\t\tspider_page_0(this, to_page, 0, 'numeric');\t\t\t\t\t\t\treturn false;\t\t\t\t\t\t          }          return true;        }        jQuery('.bwg_load_btn_0').on('click', function () {            spider_page_0(this, 1, 1, true);            return false;        });      <\/script>      <\/span>                <\/div>        <\/form>        <style>          #bwg_container1_0 #bwg_container2_0 #spider_popup_overlay_0 {          background-color: #000000;          opacity: 0.70;          }          <\/style>        <div id=\"bwg_spider_popup_loading_0\" class=\"bwg_spider_popup_loading\"><\/div>        <div id=\"spider_popup_overlay_0\" class=\"spider_popup_overlay\" onclick=\"spider_destroypopup(1000)\"><\/div>        <input type=\"hidden\" id=\"bwg_random_seed_0\" value=\"1771320917\">                <\/div>    <\/div>    <script>      if (document.readyState === 'complete') {        if( typeof bwg_main_ready == 'function' ) {          if ( jQuery(\"#bwg_container1_0\").height() ) {            bwg_main_ready(jQuery(\"#bwg_container1_0\"));          }        }      } else {        document.addEventListener('DOMContentLoaded', function() {          if( typeof bwg_main_ready == 'function' ) {            if ( jQuery(\"#bwg_container1_0\").height() ) {             bwg_main_ready(jQuery(\"#bwg_container1_0\"));            }          }        });      }    <\/script>    \n<h3>Mercredi 19 juin\u00a0:<\/h3>\n<p style=\"color: #666666; text-align: justify;\"><a href=\"http:\/\/www.lapsalettedebruxelles.be\/wp-content\/uploads\/2014\/09\/Aff-Concert-2013-06-19.jpg\"><img loading=\"lazy\" decoding=\"async\" class=\"aligncenter size-medium wp-image-10470\" src=\"http:\/\/www.lapsalettedebruxelles.be\/wp-content\/uploads\/2014\/09\/Aff-Concert-2013-06-19-240x300.jpg\" alt=\"Aff Concert 2013-06-19\" width=\"240\" height=\"300\" srcset=\"https:\/\/www.lapsalettedebruxelles.be\/wp-content\/uploads\/2014\/09\/Aff-Concert-2013-06-19-240x300.jpg 240w, https:\/\/www.lapsalettedebruxelles.be\/wp-content\/uploads\/2014\/09\/Aff-Concert-2013-06-19-820x1024.jpg 820w, https:\/\/www.lapsalettedebruxelles.be\/wp-content\/uploads\/2014\/09\/Aff-Concert-2013-06-19.jpg 1458w\" sizes=\"auto, (max-width: 240px) 100vw, 240px\" \/><\/a><\/p>\n<h4>Premier concert sous la direction de notre nouveau chef David Navarro Turres, en l\u2019\u00e9glise de l\u2019Epiphanie (Schaerbeek\/Evere)<\/h4>\n<p>&nbsp;<br \/>\n<style id=\"bwg-style-1\">    #bwg_container1_1 #bwg_container2_1 .bwg-container-1.bwg-standard-thumbnails {      width: 904px;              justify-content: center;        margin:0 auto !important;              background-color: rgba(255, 255, 255, 0.00);            padding-left: 4px;      padding-top: 4px;      max-width: 100%;            }        #bwg_container1_1 #bwg_container2_1 .bwg-container-1.bwg-standard-thumbnails .bwg-item {    justify-content: flex-start;      max-width: 180px;            width: 180px !important;          }    #bwg_container1_1 #bwg_container2_1 .bwg-container-1.bwg-standard-thumbnails .bwg-item a {       margin-right: 4px;       margin-bottom: 4px;    }    #bwg_container1_1 #bwg_container2_1 .bwg-container-1.bwg-standard-thumbnails .bwg-item0 {      padding: 0px;            background-color:rgba(255,255,255, 0.30);      border: 0px none #CCCCCC;      opacity: 1.00;      border-radius: 0;      box-shadow: 0px 0px 0px #888888;    }    #bwg_container1_1 #bwg_container2_1 .bwg-container-1.bwg-standard-thumbnails .bwg-item1 img {      max-height: none;      max-width: none;      padding: 0 !important;    }        @media only screen and (min-width: 480px) {      #bwg_container1_1 #bwg_container2_1 .bwg-container-1.bwg-standard-thumbnails .bwg-item0 {        transition: all 0.3s ease 0s;-webkit-transition: all 0.3s ease 0s;      }      #bwg_container1_1 #bwg_container2_1 .bwg-container-1.bwg-standard-thumbnails .bwg-item0:hover {        -ms-transform: scale(1.1);        -webkit-transform: scale(1.1);        transform: scale(1.1);      }    }          #bwg_container1_1 #bwg_container2_1 .bwg-container-1.bwg-standard-thumbnails .bwg-item1 {      padding-top: 50%;    }        #bwg_container1_1 #bwg_container2_1 .bwg-container-1.bwg-standard-thumbnails .bwg-title2,    #bwg_container1_1 #bwg_container2_1 .bwg-container-1.bwg-standard-thumbnails .bwg-ecommerce2 {      color: #CCCCCC;      font-family: segoe ui;      font-size: 16px;      font-weight: bold;      padding: 2px;      text-shadow: 0px 0px 0px #888888;      max-height: 100%;    }    #bwg_container1_1 #bwg_container2_1 .bwg-container-1.bwg-standard-thumbnails .bwg-thumb-description span {    color: #323A45;    font-family: Ubuntu;    font-size: 12px;    max-height: 100%;    word-wrap: break-word;    }    #bwg_container1_1 #bwg_container2_1 .bwg-container-1.bwg-standard-thumbnails .bwg-play-icon2 {      font-size: 32px;    }    #bwg_container1_1 #bwg_container2_1 .bwg-container-1.bwg-standard-thumbnails .bwg-ecommerce2 {      font-size: 19.2px;      color: #CCCCCC;    }    <\/style>    <div id=\"bwg_container1_1\"         class=\"bwg_container bwg_thumbnail bwg_thumbnails \"         data-right-click-protection=\"1\"         data-bwg=\"1\"         data-scroll=\"0\"         data-gallery-type=\"thumbnails\"         data-gallery-view-type=\"thumbnails\"         data-current-url=\"\/index.php?rest_route=%2Fwp%2Fv2%2Fpages%2F10358\"         data-lightbox-url=\"https:\/\/www.lapsalettedebruxelles.be\/wp-admin\/admin-ajax.php?action=GalleryBox&#038;current_view=1&#038;gallery_id=6&#038;tag=0&#038;theme_id=1&#038;shortcode_id=12&#038;sort_by=date&#038;order_by=asc&#038;current_url=%2Findex.php%3Frest_route%3D%252Fwp%252Fv2%252Fpages%252F10358\"         data-gallery-id=\"6\"         data-popup-width=\"800\"         data-popup-height=\"500\"         data-is-album=\"gallery\"         data-buttons-position=\"bottom\">      <div id=\"bwg_container2_1\">             <div id=\"ajax_loading_1\" class=\"bwg_loading_div_1\">      <div class=\"bwg_loading_div_2\">        <div class=\"bwg_loading_div_3\">          <div id=\"loading_div_1\" class=\"bwg_spider_ajax_loading\">          <\/div>        <\/div>      <\/div>    <\/div>            <form id=\"gal_front_form_1\"              class=\"bwg-hidden\"              method=\"post\"              action=\"#\"              data-current=\"1\"              data-shortcode-id=\"12\"              data-gallery-type=\"thumbnails\"              data-gallery-id=\"6\"              data-tag=\"0\"              data-album-id=\"0\"              data-theme-id=\"1\"              data-ajax-url=\"https:\/\/www.lapsalettedebruxelles.be\/wp-admin\/admin-ajax.php?action=bwg_frontend_data\">          <div id=\"bwg_container3_1\" class=\"bwg-background bwg-background-1\">                <div data-max-count=\"5\"         data-thumbnail-width=\"180\"         data-bwg=\"1\"         data-gallery-id=\"6\"         data-lightbox-url=\"https:\/\/www.lapsalettedebruxelles.be\/wp-admin\/admin-ajax.php?action=GalleryBox&amp;current_view=1&amp;gallery_id=6&amp;tag=0&amp;theme_id=1&amp;shortcode_id=12&amp;sort_by=date&amp;order_by=asc&amp;current_url=%2Findex.php%3Frest_route%3D%252Fwp%252Fv2%252Fpages%252F10358\"         id=\"bwg_thumbnails_1\"         class=\"bwg-container-1 bwg-thumbnails bwg-standard-thumbnails bwg-container bwg-border-box\">            <div class=\"bwg-item\">        <a class=\"bwg-a  bwg_lightbox\"  data-image-id=\"599\" href=\"https:\/\/www.lapsalettedebruxelles.be\/wp-content\/uploads\/photo-gallery\/20130619-Concert\/14596897840_23932d813c_o.jpg\" data-elementor-open-lightbox=\"no\">                <div class=\"bwg-item0 \">          <div class=\"bwg-item1 \">            <div class=\"bwg-item2\">              <img decoding=\"async\" class=\"skip-lazy bwg_standart_thumb_img_1 \"                   data-id=\"599\"                   data-width=\"\"                   data-height=\"\"                   data-src=\"https:\/\/www.lapsalettedebruxelles.be\/wp-content\/uploads\/photo-gallery\/20130619-Concert\/thumb\/14596897840_23932d813c_o.jpg\"                   src=\"https:\/\/www.lapsalettedebruxelles.be\/wp-content\/uploads\/photo-gallery\/20130619-Concert\/thumb\/14596897840_23932d813c_o.jpg\"                   alt=\"14596897840 23932d813c o\"                   title=\"14596897840 23932d813c o\" \/>            <\/div>            <div class=\"\">                                                      <\/div>          <\/div>        <\/div>                        <\/a>              <\/div>            <div class=\"bwg-item\">        <a class=\"bwg-a  bwg_lightbox\"  data-image-id=\"600\" href=\"https:\/\/www.lapsalettedebruxelles.be\/wp-content\/uploads\/photo-gallery\/20130619-Concert\/14596898320_1da3a5847c_o.jpg\" data-elementor-open-lightbox=\"no\">                <div class=\"bwg-item0 \">          <div class=\"bwg-item1 \">            <div class=\"bwg-item2\">              <img decoding=\"async\" class=\"skip-lazy bwg_standart_thumb_img_1 \"                   data-id=\"600\"                   data-width=\"\"                   data-height=\"\"                   data-src=\"https:\/\/www.lapsalettedebruxelles.be\/wp-content\/uploads\/photo-gallery\/20130619-Concert\/thumb\/14596898320_1da3a5847c_o.jpg\"                   src=\"https:\/\/www.lapsalettedebruxelles.be\/wp-content\/uploads\/photo-gallery\/20130619-Concert\/thumb\/14596898320_1da3a5847c_o.jpg\"                   alt=\"14596898320 1da3a5847c o\"                   title=\"14596898320 1da3a5847c o\" \/>            <\/div>            <div class=\"\">                                                      <\/div>          <\/div>        <\/div>                        <\/a>              <\/div>            <div class=\"bwg-item\">        <a class=\"bwg-a  bwg_lightbox\"  data-image-id=\"601\" href=\"https:\/\/www.lapsalettedebruxelles.be\/wp-content\/uploads\/photo-gallery\/20130619-Concert\/14596898530_20ae535f5e_o.jpg\" data-elementor-open-lightbox=\"no\">                <div class=\"bwg-item0 \">          <div class=\"bwg-item1 \">            <div class=\"bwg-item2\">              <img decoding=\"async\" class=\"skip-lazy bwg_standart_thumb_img_1 \"                   data-id=\"601\"                   data-width=\"\"                   data-height=\"\"                   data-src=\"https:\/\/www.lapsalettedebruxelles.be\/wp-content\/uploads\/photo-gallery\/20130619-Concert\/thumb\/14596898530_20ae535f5e_o.jpg\"                   src=\"https:\/\/www.lapsalettedebruxelles.be\/wp-content\/uploads\/photo-gallery\/20130619-Concert\/thumb\/14596898530_20ae535f5e_o.jpg\"                   alt=\"14596898530 20ae535f5e o\"                   title=\"14596898530 20ae535f5e o\" \/>            <\/div>            <div class=\"\">                                                      <\/div>          <\/div>        <\/div>                        <\/a>              <\/div>            <div class=\"bwg-item\">        <a class=\"bwg-a  bwg_lightbox\"  data-image-id=\"602\" href=\"https:\/\/www.lapsalettedebruxelles.be\/wp-content\/uploads\/photo-gallery\/20130619-Concert\/14596898980_63be71b9bb_o.jpg\" data-elementor-open-lightbox=\"no\">                <div class=\"bwg-item0 \">          <div class=\"bwg-item1 \">            <div class=\"bwg-item2\">              <img decoding=\"async\" class=\"skip-lazy bwg_standart_thumb_img_1 \"                   data-id=\"602\"                   data-width=\"\"                   data-height=\"\"                   data-src=\"https:\/\/www.lapsalettedebruxelles.be\/wp-content\/uploads\/photo-gallery\/20130619-Concert\/thumb\/14596898980_63be71b9bb_o.jpg\"                   src=\"https:\/\/www.lapsalettedebruxelles.be\/wp-content\/uploads\/photo-gallery\/20130619-Concert\/thumb\/14596898980_63be71b9bb_o.jpg\"                   alt=\"14596898980 63be71b9bb o\"                   title=\"14596898980 63be71b9bb o\" \/>            <\/div>            <div class=\"\">                                                      <\/div>          <\/div>        <\/div>                        <\/a>              <\/div>            <div class=\"bwg-item\">        <a class=\"bwg-a  bwg_lightbox\"  data-image-id=\"603\" href=\"https:\/\/www.lapsalettedebruxelles.be\/wp-content\/uploads\/photo-gallery\/20130619-Concert\/14596899210_9d216b9b03_o.jpg\" data-elementor-open-lightbox=\"no\">                <div class=\"bwg-item0 \">          <div class=\"bwg-item1 \">            <div class=\"bwg-item2\">              <img decoding=\"async\" class=\"skip-lazy bwg_standart_thumb_img_1 \"                   data-id=\"603\"                   data-width=\"\"                   data-height=\"\"                   data-src=\"https:\/\/www.lapsalettedebruxelles.be\/wp-content\/uploads\/photo-gallery\/20130619-Concert\/thumb\/14596899210_9d216b9b03_o.jpg\"                   src=\"https:\/\/www.lapsalettedebruxelles.be\/wp-content\/uploads\/photo-gallery\/20130619-Concert\/thumb\/14596899210_9d216b9b03_o.jpg\"                   alt=\"14596899210 9d216b9b03 o\"                   title=\"14596899210 9d216b9b03 o\" \/>            <\/div>            <div class=\"\">                                                      <\/div>          <\/div>        <\/div>                        <\/a>              <\/div>            <div class=\"bwg-item\">        <a class=\"bwg-a  bwg_lightbox\"  data-image-id=\"604\" href=\"https:\/\/www.lapsalettedebruxelles.be\/wp-content\/uploads\/photo-gallery\/20130619-Concert\/14596900100_48ca4ee900_o.jpg\" data-elementor-open-lightbox=\"no\">                <div class=\"bwg-item0 \">          <div class=\"bwg-item1 \">            <div class=\"bwg-item2\">              <img decoding=\"async\" class=\"skip-lazy bwg_standart_thumb_img_1 \"                   data-id=\"604\"                   data-width=\"\"                   data-height=\"\"                   data-src=\"https:\/\/www.lapsalettedebruxelles.be\/wp-content\/uploads\/photo-gallery\/20130619-Concert\/thumb\/14596900100_48ca4ee900_o.jpg\"                   src=\"https:\/\/www.lapsalettedebruxelles.be\/wp-content\/uploads\/photo-gallery\/20130619-Concert\/thumb\/14596900100_48ca4ee900_o.jpg\"                   alt=\"14596900100 48ca4ee900 o\"                   title=\"14596900100 48ca4ee900 o\" \/>            <\/div>            <div class=\"\">                                                      <\/div>          <\/div>        <\/div>                        <\/a>              <\/div>            <div class=\"bwg-item\">        <a class=\"bwg-a  bwg_lightbox\"  data-image-id=\"605\" href=\"https:\/\/www.lapsalettedebruxelles.be\/wp-content\/uploads\/photo-gallery\/20130619-Concert\/14596900780_4cd8e03642_o.jpg\" data-elementor-open-lightbox=\"no\">                <div class=\"bwg-item0 \">          <div class=\"bwg-item1 \">            <div class=\"bwg-item2\">              <img decoding=\"async\" class=\"skip-lazy bwg_standart_thumb_img_1 \"                   data-id=\"605\"                   data-width=\"\"                   data-height=\"\"                   data-src=\"https:\/\/www.lapsalettedebruxelles.be\/wp-content\/uploads\/photo-gallery\/20130619-Concert\/thumb\/14596900780_4cd8e03642_o.jpg\"                   src=\"https:\/\/www.lapsalettedebruxelles.be\/wp-content\/uploads\/photo-gallery\/20130619-Concert\/thumb\/14596900780_4cd8e03642_o.jpg\"                   alt=\"14596900780 4cd8e03642 o\"                   title=\"14596900780 4cd8e03642 o\" \/>            <\/div>            <div class=\"\">                                                      <\/div>          <\/div>        <\/div>                        <\/a>              <\/div>            <div class=\"bwg-item\">        <a class=\"bwg-a  bwg_lightbox\"  data-image-id=\"606\" href=\"https:\/\/www.lapsalettedebruxelles.be\/wp-content\/uploads\/photo-gallery\/20130619-Concert\/14596938369_5ee484d5cb_o.jpg\" data-elementor-open-lightbox=\"no\">                <div class=\"bwg-item0 \">          <div class=\"bwg-item1 \">            <div class=\"bwg-item2\">              <img decoding=\"async\" class=\"skip-lazy bwg_standart_thumb_img_1 \"                   data-id=\"606\"                   data-width=\"\"                   data-height=\"\"                   data-src=\"https:\/\/www.lapsalettedebruxelles.be\/wp-content\/uploads\/photo-gallery\/20130619-Concert\/thumb\/14596938369_5ee484d5cb_o.jpg\"                   src=\"https:\/\/www.lapsalettedebruxelles.be\/wp-content\/uploads\/photo-gallery\/20130619-Concert\/thumb\/14596938369_5ee484d5cb_o.jpg\"                   alt=\"14596938369 5ee484d5cb o\"                   title=\"14596938369 5ee484d5cb o\" \/>            <\/div>            <div class=\"\">                                                      <\/div>          <\/div>        <\/div>                        <\/a>              <\/div>            <div class=\"bwg-item\">        <a class=\"bwg-a  bwg_lightbox\"  data-image-id=\"607\" href=\"https:\/\/www.lapsalettedebruxelles.be\/wp-content\/uploads\/photo-gallery\/20130619-Concert\/14596939759_9468bd44e0_o.jpg\" data-elementor-open-lightbox=\"no\">                <div class=\"bwg-item0 \">          <div class=\"bwg-item1 \">            <div class=\"bwg-item2\">              <img decoding=\"async\" class=\"skip-lazy bwg_standart_thumb_img_1 \"                   data-id=\"607\"                   data-width=\"\"                   data-height=\"\"                   data-src=\"https:\/\/www.lapsalettedebruxelles.be\/wp-content\/uploads\/photo-gallery\/20130619-Concert\/thumb\/14596939759_9468bd44e0_o.jpg\"                   src=\"https:\/\/www.lapsalettedebruxelles.be\/wp-content\/uploads\/photo-gallery\/20130619-Concert\/thumb\/14596939759_9468bd44e0_o.jpg\"                   alt=\"14596939759 9468bd44e0 o\"                   title=\"14596939759 9468bd44e0 o\" \/>            <\/div>            <div class=\"\">                                                      <\/div>          <\/div>        <\/div>                        <\/a>              <\/div>            <div class=\"bwg-item\">        <a class=\"bwg-a  bwg_lightbox\"  data-image-id=\"608\" href=\"https:\/\/www.lapsalettedebruxelles.be\/wp-content\/uploads\/photo-gallery\/20130619-Concert\/14596940349_a2748e0122_o.jpg\" data-elementor-open-lightbox=\"no\">                <div class=\"bwg-item0 \">          <div class=\"bwg-item1 \">            <div class=\"bwg-item2\">              <img decoding=\"async\" class=\"skip-lazy bwg_standart_thumb_img_1 \"                   data-id=\"608\"                   data-width=\"\"                   data-height=\"\"                   data-src=\"https:\/\/www.lapsalettedebruxelles.be\/wp-content\/uploads\/photo-gallery\/20130619-Concert\/thumb\/14596940349_a2748e0122_o.jpg\"                   src=\"https:\/\/www.lapsalettedebruxelles.be\/wp-content\/uploads\/photo-gallery\/20130619-Concert\/thumb\/14596940349_a2748e0122_o.jpg\"                   alt=\"14596940349 a2748e0122 o\"                   title=\"14596940349 a2748e0122 o\" \/>            <\/div>            <div class=\"\">                                                      <\/div>          <\/div>        <\/div>                        <\/a>              <\/div>            <div class=\"bwg-item\">        <a class=\"bwg-a  bwg_lightbox\"  data-image-id=\"609\" href=\"https:\/\/www.lapsalettedebruxelles.be\/wp-content\/uploads\/photo-gallery\/20130619-Concert\/14596940699_8556d4a4d7_o.jpg\" data-elementor-open-lightbox=\"no\">                <div class=\"bwg-item0 \">          <div class=\"bwg-item1 \">            <div class=\"bwg-item2\">              <img decoding=\"async\" class=\"skip-lazy bwg_standart_thumb_img_1 \"                   data-id=\"609\"                   data-width=\"\"                   data-height=\"\"                   data-src=\"https:\/\/www.lapsalettedebruxelles.be\/wp-content\/uploads\/photo-gallery\/20130619-Concert\/thumb\/14596940699_8556d4a4d7_o.jpg\"                   src=\"https:\/\/www.lapsalettedebruxelles.be\/wp-content\/uploads\/photo-gallery\/20130619-Concert\/thumb\/14596940699_8556d4a4d7_o.jpg\"                   alt=\"14596940699 8556d4a4d7 o\"                   title=\"14596940699 8556d4a4d7 o\" \/>            <\/div>            <div class=\"\">                                                      <\/div>          <\/div>        <\/div>                        <\/a>              <\/div>            <div class=\"bwg-item\">        <a class=\"bwg-a  bwg_lightbox\"  data-image-id=\"610\" href=\"https:\/\/www.lapsalettedebruxelles.be\/wp-content\/uploads\/photo-gallery\/20130619-Concert\/14596960858_2cc4ec77e8_o.jpg\" data-elementor-open-lightbox=\"no\">                <div class=\"bwg-item0 \">          <div class=\"bwg-item1 \">            <div class=\"bwg-item2\">              <img decoding=\"async\" class=\"skip-lazy bwg_standart_thumb_img_1 \"                   data-id=\"610\"                   data-width=\"\"                   data-height=\"\"                   data-src=\"https:\/\/www.lapsalettedebruxelles.be\/wp-content\/uploads\/photo-gallery\/20130619-Concert\/thumb\/14596960858_2cc4ec77e8_o.jpg\"                   src=\"https:\/\/www.lapsalettedebruxelles.be\/wp-content\/uploads\/photo-gallery\/20130619-Concert\/thumb\/14596960858_2cc4ec77e8_o.jpg\"                   alt=\"14596960858 2cc4ec77e8 o\"                   title=\"14596960858 2cc4ec77e8 o\" \/>            <\/div>            <div class=\"\">                                                      <\/div>          <\/div>        <\/div>                        <\/a>              <\/div>            <div class=\"bwg-item\">        <a class=\"bwg-a  bwg_lightbox\"  data-image-id=\"611\" href=\"https:\/\/www.lapsalettedebruxelles.be\/wp-content\/uploads\/photo-gallery\/20130619-Concert\/14596960948_115a09c1e5_o.jpg\" data-elementor-open-lightbox=\"no\">                <div class=\"bwg-item0 \">          <div class=\"bwg-item1 \">            <div class=\"bwg-item2\">              <img decoding=\"async\" class=\"skip-lazy bwg_standart_thumb_img_1 \"                   data-id=\"611\"                   data-width=\"\"                   data-height=\"\"                   data-src=\"https:\/\/www.lapsalettedebruxelles.be\/wp-content\/uploads\/photo-gallery\/20130619-Concert\/thumb\/14596960948_115a09c1e5_o.jpg\"                   src=\"https:\/\/www.lapsalettedebruxelles.be\/wp-content\/uploads\/photo-gallery\/20130619-Concert\/thumb\/14596960948_115a09c1e5_o.jpg\"                   alt=\"14596960948 115a09c1e5 o\"                   title=\"14596960948 115a09c1e5 o\" \/>            <\/div>            <div class=\"\">                                                      <\/div>          <\/div>        <\/div>                        <\/a>              <\/div>            <div class=\"bwg-item\">        <a class=\"bwg-a  bwg_lightbox\"  data-image-id=\"612\" href=\"https:\/\/www.lapsalettedebruxelles.be\/wp-content\/uploads\/photo-gallery\/20130619-Concert\/14596960978_2ec7c6f219_o.jpg\" data-elementor-open-lightbox=\"no\">                <div class=\"bwg-item0 \">          <div class=\"bwg-item1 \">            <div class=\"bwg-item2\">              <img decoding=\"async\" class=\"skip-lazy bwg_standart_thumb_img_1 \"                   data-id=\"612\"                   data-width=\"\"                   data-height=\"\"                   data-src=\"https:\/\/www.lapsalettedebruxelles.be\/wp-content\/uploads\/photo-gallery\/20130619-Concert\/thumb\/14596960978_2ec7c6f219_o.jpg\"                   src=\"https:\/\/www.lapsalettedebruxelles.be\/wp-content\/uploads\/photo-gallery\/20130619-Concert\/thumb\/14596960978_2ec7c6f219_o.jpg\"                   alt=\"14596960978 2ec7c6f219 o\"                   title=\"14596960978 2ec7c6f219 o\" \/>            <\/div>            <div class=\"\">                                                      <\/div>          <\/div>        <\/div>                        <\/a>              <\/div>            <div class=\"bwg-item\">        <a class=\"bwg-a  bwg_lightbox\"  data-image-id=\"613\" href=\"https:\/\/www.lapsalettedebruxelles.be\/wp-content\/uploads\/photo-gallery\/20130619-Concert\/14596961788_806e4abf57_o.jpg\" data-elementor-open-lightbox=\"no\">                <div class=\"bwg-item0 \">          <div class=\"bwg-item1 \">            <div class=\"bwg-item2\">              <img decoding=\"async\" class=\"skip-lazy bwg_standart_thumb_img_1 \"                   data-id=\"613\"                   data-width=\"\"                   data-height=\"\"                   data-src=\"https:\/\/www.lapsalettedebruxelles.be\/wp-content\/uploads\/photo-gallery\/20130619-Concert\/thumb\/14596961788_806e4abf57_o.jpg\"                   src=\"https:\/\/www.lapsalettedebruxelles.be\/wp-content\/uploads\/photo-gallery\/20130619-Concert\/thumb\/14596961788_806e4abf57_o.jpg\"                   alt=\"14596961788 806e4abf57 o\"                   title=\"14596961788 806e4abf57 o\" \/>            <\/div>            <div class=\"\">                                                      <\/div>          <\/div>        <\/div>                        <\/a>              <\/div>            <div class=\"bwg-item\">        <a class=\"bwg-a  bwg_lightbox\"  data-image-id=\"614\" href=\"https:\/\/www.lapsalettedebruxelles.be\/wp-content\/uploads\/photo-gallery\/20130619-Concert\/14596961958_7d63604beb_o.jpg\" data-elementor-open-lightbox=\"no\">                <div class=\"bwg-item0 \">          <div class=\"bwg-item1 \">            <div class=\"bwg-item2\">              <img decoding=\"async\" class=\"skip-lazy bwg_standart_thumb_img_1 \"                   data-id=\"614\"                   data-width=\"\"                   data-height=\"\"                   data-src=\"https:\/\/www.lapsalettedebruxelles.be\/wp-content\/uploads\/photo-gallery\/20130619-Concert\/thumb\/14596961958_7d63604beb_o.jpg\"                   src=\"https:\/\/www.lapsalettedebruxelles.be\/wp-content\/uploads\/photo-gallery\/20130619-Concert\/thumb\/14596961958_7d63604beb_o.jpg\"                   alt=\"14596961958 7d63604beb o\"                   title=\"14596961958 7d63604beb o\" \/>            <\/div>            <div class=\"\">                                                      <\/div>          <\/div>        <\/div>                        <\/a>              <\/div>            <div class=\"bwg-item\">        <a class=\"bwg-a  bwg_lightbox\"  data-image-id=\"615\" href=\"https:\/\/www.lapsalettedebruxelles.be\/wp-content\/uploads\/photo-gallery\/20130619-Concert\/14596962238_f004b3decc_o.jpg\" data-elementor-open-lightbox=\"no\">                <div class=\"bwg-item0 \">          <div class=\"bwg-item1 \">            <div class=\"bwg-item2\">              <img decoding=\"async\" class=\"skip-lazy bwg_standart_thumb_img_1 \"                   data-id=\"615\"                   data-width=\"\"                   data-height=\"\"                   data-src=\"https:\/\/www.lapsalettedebruxelles.be\/wp-content\/uploads\/photo-gallery\/20130619-Concert\/thumb\/14596962238_f004b3decc_o.jpg\"                   src=\"https:\/\/www.lapsalettedebruxelles.be\/wp-content\/uploads\/photo-gallery\/20130619-Concert\/thumb\/14596962238_f004b3decc_o.jpg\"                   alt=\"14596962238 f004b3decc o\"                   title=\"14596962238 f004b3decc o\" \/>            <\/div>            <div class=\"\">                                                      <\/div>          <\/div>        <\/div>                        <\/a>              <\/div>            <div class=\"bwg-item\">        <a class=\"bwg-a  bwg_lightbox\"  data-image-id=\"616\" href=\"https:\/\/www.lapsalettedebruxelles.be\/wp-content\/uploads\/photo-gallery\/20130619-Concert\/14596963388_3b22a3f829_o.jpg\" data-elementor-open-lightbox=\"no\">                <div class=\"bwg-item0 \">          <div class=\"bwg-item1 \">            <div class=\"bwg-item2\">              <img decoding=\"async\" class=\"skip-lazy bwg_standart_thumb_img_1 \"                   data-id=\"616\"                   data-width=\"\"                   data-height=\"\"                   data-src=\"https:\/\/www.lapsalettedebruxelles.be\/wp-content\/uploads\/photo-gallery\/20130619-Concert\/thumb\/14596963388_3b22a3f829_o.jpg\"                   src=\"https:\/\/www.lapsalettedebruxelles.be\/wp-content\/uploads\/photo-gallery\/20130619-Concert\/thumb\/14596963388_3b22a3f829_o.jpg\"                   alt=\"14596963388 3b22a3f829 o\"                   title=\"14596963388 3b22a3f829 o\" \/>            <\/div>            <div class=\"\">                                                      <\/div>          <\/div>        <\/div>                        <\/a>              <\/div>            <div class=\"bwg-item\">        <a class=\"bwg-a  bwg_lightbox\"  data-image-id=\"617\" href=\"https:\/\/www.lapsalettedebruxelles.be\/wp-content\/uploads\/photo-gallery\/20130619-Concert\/14597086907_ed76987d42_o.jpg\" data-elementor-open-lightbox=\"no\">                <div class=\"bwg-item0 \">          <div class=\"bwg-item1 \">            <div class=\"bwg-item2\">              <img decoding=\"async\" class=\"skip-lazy bwg_standart_thumb_img_1 \"                   data-id=\"617\"                   data-width=\"\"                   data-height=\"\"                   data-src=\"https:\/\/www.lapsalettedebruxelles.be\/wp-content\/uploads\/photo-gallery\/20130619-Concert\/thumb\/14597086907_ed76987d42_o.jpg\"                   src=\"https:\/\/www.lapsalettedebruxelles.be\/wp-content\/uploads\/photo-gallery\/20130619-Concert\/thumb\/14597086907_ed76987d42_o.jpg\"                   alt=\"14597086907 ed76987d42 o\"                   title=\"14597086907 ed76987d42 o\" \/>            <\/div>            <div class=\"\">                                                      <\/div>          <\/div>        <\/div>                        <\/a>              <\/div>            <div class=\"bwg-item\">        <a class=\"bwg-a  bwg_lightbox\"  data-image-id=\"618\" href=\"https:\/\/www.lapsalettedebruxelles.be\/wp-content\/uploads\/photo-gallery\/20130619-Concert\/14597088767_914239cef3_o.jpg\" data-elementor-open-lightbox=\"no\">                <div class=\"bwg-item0 \">          <div class=\"bwg-item1 \">            <div class=\"bwg-item2\">              <img decoding=\"async\" class=\"skip-lazy bwg_standart_thumb_img_1 \"                   data-id=\"618\"                   data-width=\"\"                   data-height=\"\"                   data-src=\"https:\/\/www.lapsalettedebruxelles.be\/wp-content\/uploads\/photo-gallery\/20130619-Concert\/thumb\/14597088767_914239cef3_o.jpg\"                   src=\"https:\/\/www.lapsalettedebruxelles.be\/wp-content\/uploads\/photo-gallery\/20130619-Concert\/thumb\/14597088767_914239cef3_o.jpg\"                   alt=\"14597088767 914239cef3 o\"                   title=\"14597088767 914239cef3 o\" \/>            <\/div>            <div class=\"\">                                                      <\/div>          <\/div>        <\/div>                        <\/a>              <\/div>            <div class=\"bwg-item\">        <a class=\"bwg-a  bwg_lightbox\"  data-image-id=\"619\" href=\"https:\/\/www.lapsalettedebruxelles.be\/wp-content\/uploads\/photo-gallery\/20130619-Concert\/14597089197_790deee4cb_o.jpg\" data-elementor-open-lightbox=\"no\">                <div class=\"bwg-item0 \">          <div class=\"bwg-item1 \">            <div class=\"bwg-item2\">              <img decoding=\"async\" class=\"skip-lazy bwg_standart_thumb_img_1 \"                   data-id=\"619\"                   data-width=\"\"                   data-height=\"\"                   data-src=\"https:\/\/www.lapsalettedebruxelles.be\/wp-content\/uploads\/photo-gallery\/20130619-Concert\/thumb\/14597089197_790deee4cb_o.jpg\"                   src=\"https:\/\/www.lapsalettedebruxelles.be\/wp-content\/uploads\/photo-gallery\/20130619-Concert\/thumb\/14597089197_790deee4cb_o.jpg\"                   alt=\"14597089197 790deee4cb o\"                   title=\"14597089197 790deee4cb o\" \/>            <\/div>            <div class=\"\">                                                      <\/div>          <\/div>        <\/div>                        <\/a>              <\/div>            <div class=\"bwg-item\">        <a class=\"bwg-a  bwg_lightbox\"  data-image-id=\"620\" href=\"https:\/\/www.lapsalettedebruxelles.be\/wp-content\/uploads\/photo-gallery\/20130619-Concert\/14597089697_079dc97f91_o.jpg\" data-elementor-open-lightbox=\"no\">                <div class=\"bwg-item0 \">          <div class=\"bwg-item1 \">            <div class=\"bwg-item2\">              <img decoding=\"async\" class=\"skip-lazy bwg_standart_thumb_img_1 \"                   data-id=\"620\"                   data-width=\"\"                   data-height=\"\"                   data-src=\"https:\/\/www.lapsalettedebruxelles.be\/wp-content\/uploads\/photo-gallery\/20130619-Concert\/thumb\/14597089697_079dc97f91_o.jpg\"                   src=\"https:\/\/www.lapsalettedebruxelles.be\/wp-content\/uploads\/photo-gallery\/20130619-Concert\/thumb\/14597089697_079dc97f91_o.jpg\"                   alt=\"14597089697 079dc97f91 o\"                   title=\"14597089697 079dc97f91 o\" \/>            <\/div>            <div class=\"\">                                                      <\/div>          <\/div>        <\/div>                        <\/a>              <\/div>            <div class=\"bwg-item\">        <a class=\"bwg-a  bwg_lightbox\"  data-image-id=\"621\" href=\"https:\/\/www.lapsalettedebruxelles.be\/wp-content\/uploads\/photo-gallery\/20130619-Concert\/14597090007_aa78e62f61_o.jpg\" data-elementor-open-lightbox=\"no\">                <div class=\"bwg-item0 \">          <div class=\"bwg-item1 \">            <div class=\"bwg-item2\">              <img decoding=\"async\" class=\"skip-lazy bwg_standart_thumb_img_1 \"                   data-id=\"621\"                   data-width=\"\"                   data-height=\"\"                   data-src=\"https:\/\/www.lapsalettedebruxelles.be\/wp-content\/uploads\/photo-gallery\/20130619-Concert\/thumb\/14597090007_aa78e62f61_o.jpg\"                   src=\"https:\/\/www.lapsalettedebruxelles.be\/wp-content\/uploads\/photo-gallery\/20130619-Concert\/thumb\/14597090007_aa78e62f61_o.jpg\"                   alt=\"14597090007 aa78e62f61 o\"                   title=\"14597090007 aa78e62f61 o\" \/>            <\/div>            <div class=\"\">                                                      <\/div>          <\/div>        <\/div>                        <\/a>              <\/div>            <div class=\"bwg-item\">        <a class=\"bwg-a  bwg_lightbox\"  data-image-id=\"622\" href=\"https:\/\/www.lapsalettedebruxelles.be\/wp-content\/uploads\/photo-gallery\/20130619-Concert\/14760607486_478136bb81_o.jpg\" data-elementor-open-lightbox=\"no\">                <div class=\"bwg-item0 \">          <div class=\"bwg-item1 \">            <div class=\"bwg-item2\">              <img decoding=\"async\" class=\"skip-lazy bwg_standart_thumb_img_1 \"                   data-id=\"622\"                   data-width=\"\"                   data-height=\"\"                   data-src=\"https:\/\/www.lapsalettedebruxelles.be\/wp-content\/uploads\/photo-gallery\/20130619-Concert\/thumb\/14760607486_478136bb81_o.jpg\"                   src=\"https:\/\/www.lapsalettedebruxelles.be\/wp-content\/uploads\/photo-gallery\/20130619-Concert\/thumb\/14760607486_478136bb81_o.jpg\"                   alt=\"14760607486 478136bb81 o\"                   title=\"14760607486 478136bb81 o\" \/>            <\/div>            <div class=\"\">                                                      <\/div>          <\/div>        <\/div>                        <\/a>              <\/div>            <div class=\"bwg-item\">        <a class=\"bwg-a  bwg_lightbox\"  data-image-id=\"623\" href=\"https:\/\/www.lapsalettedebruxelles.be\/wp-content\/uploads\/photo-gallery\/20130619-Concert\/14760608166_63b7ca3e9c_o.jpg\" data-elementor-open-lightbox=\"no\">                <div class=\"bwg-item0 \">          <div class=\"bwg-item1 \">            <div class=\"bwg-item2\">              <img decoding=\"async\" class=\"skip-lazy bwg_standart_thumb_img_1 \"                   data-id=\"623\"                   data-width=\"\"                   data-height=\"\"                   data-src=\"https:\/\/www.lapsalettedebruxelles.be\/wp-content\/uploads\/photo-gallery\/20130619-Concert\/thumb\/14760608166_63b7ca3e9c_o.jpg\"                   src=\"https:\/\/www.lapsalettedebruxelles.be\/wp-content\/uploads\/photo-gallery\/20130619-Concert\/thumb\/14760608166_63b7ca3e9c_o.jpg\"                   alt=\"14760608166 63b7ca3e9c o\"                   title=\"14760608166 63b7ca3e9c o\" \/>            <\/div>            <div class=\"\">                                                      <\/div>          <\/div>        <\/div>                        <\/a>              <\/div>            <div class=\"bwg-item\">        <a class=\"bwg-a  bwg_lightbox\"  data-image-id=\"624\" href=\"https:\/\/www.lapsalettedebruxelles.be\/wp-content\/uploads\/photo-gallery\/20130619-Concert\/14760610756_12cfb1c3a1_o.jpg\" data-elementor-open-lightbox=\"no\">                <div class=\"bwg-item0 \">          <div class=\"bwg-item1 \">            <div class=\"bwg-item2\">              <img decoding=\"async\" class=\"skip-lazy bwg_standart_thumb_img_1 \"                   data-id=\"624\"                   data-width=\"\"                   data-height=\"\"                   data-src=\"https:\/\/www.lapsalettedebruxelles.be\/wp-content\/uploads\/photo-gallery\/20130619-Concert\/thumb\/14760610756_12cfb1c3a1_o.jpg\"                   src=\"https:\/\/www.lapsalettedebruxelles.be\/wp-content\/uploads\/photo-gallery\/20130619-Concert\/thumb\/14760610756_12cfb1c3a1_o.jpg\"                   alt=\"14760610756 12cfb1c3a1 o\"                   title=\"14760610756 12cfb1c3a1 o\" \/>            <\/div>            <div class=\"\">                                                      <\/div>          <\/div>        <\/div>                        <\/a>              <\/div>            <div class=\"bwg-item\">        <a class=\"bwg-a  bwg_lightbox\"  data-image-id=\"625\" href=\"https:\/\/www.lapsalettedebruxelles.be\/wp-content\/uploads\/photo-gallery\/20130619-Concert\/14760611786_63f8aa0249_o.jpg\" data-elementor-open-lightbox=\"no\">                <div class=\"bwg-item0 \">          <div class=\"bwg-item1 \">            <div class=\"bwg-item2\">              <img decoding=\"async\" class=\"skip-lazy bwg_standart_thumb_img_1 \"                   data-id=\"625\"                   data-width=\"\"                   data-height=\"\"                   data-src=\"https:\/\/www.lapsalettedebruxelles.be\/wp-content\/uploads\/photo-gallery\/20130619-Concert\/thumb\/14760611786_63f8aa0249_o.jpg\"                   src=\"https:\/\/www.lapsalettedebruxelles.be\/wp-content\/uploads\/photo-gallery\/20130619-Concert\/thumb\/14760611786_63f8aa0249_o.jpg\"                   alt=\"14760611786 63f8aa0249 o\"                   title=\"14760611786 63f8aa0249 o\" \/>            <\/div>            <div class=\"\">                                                      <\/div>          <\/div>        <\/div>                        <\/a>              <\/div>            <div class=\"bwg-item\">        <a class=\"bwg-a  bwg_lightbox\"  data-image-id=\"626\" href=\"https:\/\/www.lapsalettedebruxelles.be\/wp-content\/uploads\/photo-gallery\/20130619-Concert\/14760611956_5e78447a72_o.jpg\" data-elementor-open-lightbox=\"no\">                <div class=\"bwg-item0 \">          <div class=\"bwg-item1 \">            <div class=\"bwg-item2\">              <img decoding=\"async\" class=\"skip-lazy bwg_standart_thumb_img_1 \"                   data-id=\"626\"                   data-width=\"\"                   data-height=\"\"                   data-src=\"https:\/\/www.lapsalettedebruxelles.be\/wp-content\/uploads\/photo-gallery\/20130619-Concert\/thumb\/14760611956_5e78447a72_o.jpg\"                   src=\"https:\/\/www.lapsalettedebruxelles.be\/wp-content\/uploads\/photo-gallery\/20130619-Concert\/thumb\/14760611956_5e78447a72_o.jpg\"                   alt=\"14760611956 5e78447a72 o\"                   title=\"14760611956 5e78447a72 o\" \/>            <\/div>            <div class=\"\">                                                      <\/div>          <\/div>        <\/div>                        <\/a>              <\/div>            <div class=\"bwg-item\">        <a class=\"bwg-a  bwg_lightbox\"  data-image-id=\"627\" href=\"https:\/\/www.lapsalettedebruxelles.be\/wp-content\/uploads\/photo-gallery\/20130619-Concert\/14780456861_e2465f75c8_o.jpg\" data-elementor-open-lightbox=\"no\">                <div class=\"bwg-item0 \">          <div class=\"bwg-item1 \">            <div class=\"bwg-item2\">              <img decoding=\"async\" class=\"skip-lazy bwg_standart_thumb_img_1 \"                   data-id=\"627\"                   data-width=\"\"                   data-height=\"\"                   data-src=\"https:\/\/www.lapsalettedebruxelles.be\/wp-content\/uploads\/photo-gallery\/20130619-Concert\/thumb\/14780456861_e2465f75c8_o.jpg\"                   src=\"https:\/\/www.lapsalettedebruxelles.be\/wp-content\/uploads\/photo-gallery\/20130619-Concert\/thumb\/14780456861_e2465f75c8_o.jpg\"                   alt=\"14780456861 e2465f75c8 o\"                   title=\"14780456861 e2465f75c8 o\" \/>            <\/div>            <div class=\"\">                                                      <\/div>          <\/div>        <\/div>                        <\/a>              <\/div>            <div class=\"bwg-item\">        <a class=\"bwg-a  bwg_lightbox\"  data-image-id=\"628\" href=\"https:\/\/www.lapsalettedebruxelles.be\/wp-content\/uploads\/photo-gallery\/20130619-Concert\/14780457721_9f5736c3ce_o.jpg\" data-elementor-open-lightbox=\"no\">                <div class=\"bwg-item0 \">          <div class=\"bwg-item1 \">            <div class=\"bwg-item2\">              <img decoding=\"async\" class=\"skip-lazy bwg_standart_thumb_img_1 \"                   data-id=\"628\"                   data-width=\"\"                   data-height=\"\"                   data-src=\"https:\/\/www.lapsalettedebruxelles.be\/wp-content\/uploads\/photo-gallery\/20130619-Concert\/thumb\/14780457721_9f5736c3ce_o.jpg\"                   src=\"https:\/\/www.lapsalettedebruxelles.be\/wp-content\/uploads\/photo-gallery\/20130619-Concert\/thumb\/14780457721_9f5736c3ce_o.jpg\"                   alt=\"14780457721 9f5736c3ce o\"                   title=\"14780457721 9f5736c3ce o\" \/>            <\/div>            <div class=\"\">                                                      <\/div>          <\/div>        <\/div>                        <\/a>              <\/div>          <\/div>    <style>      \/*pagination styles*\/      #bwg_container1_1 #bwg_container2_1 .tablenav-pages_1 {\t\t\t\ttext-align: center;\t\t\t\tfont-size: 12px;\t\t\t\tfont-family: segoe ui;\t\t\t\tfont-weight: bold;\t\t\t\tcolor: #666666;\t\t\t\tmargin: 6px 0 4px;\t\t\t\tdisplay: block;      }      @media only screen and (max-width : 320px) {      #bwg_container1_1 #bwg_container2_1 .displaying-num_1 {     \t display: none;      }      }      #bwg_container1_1 #bwg_container2_1 .displaying-num_1 {\t\t\t\tfont-size: 12px;\t\t\t\tfont-family: segoe ui;\t\t\t\tfont-weight: bold;\t\t\t\tcolor: #666666;\t\t\t\tmargin-right: 10px;\t\t\t\tvertical-align: middle;      }      #bwg_container1_1 #bwg_container2_1 .paging-input_1 {\t\t\t\tfont-size: 12px;\t\t\t\tfont-family: segoe ui;\t\t\t\tfont-weight: bold;\t\t\t\tcolor: #666666;\t\t\t\tvertical-align: middle;      }      #bwg_container1_1 #bwg_container2_1 .tablenav-pages_1 a.disabled,      #bwg_container1_1 #bwg_container2_1 .tablenav-pages_1 a.disabled:hover,      #bwg_container1_1 #bwg_container2_1 .tablenav-pages_1 a.disabled:focus,\t\t\t#bwg_container1_1 #bwg_container2_1 .tablenav-pages_1 input.bwg_current_page {\t\t\t\tcursor: default;\t\t\t\tcolor: rgba(102, 102, 102, 0.5);      }      #bwg_container1_1 #bwg_container2_1 .tablenav-pages_1 a,      #bwg_container1_1 #bwg_container2_1 .tablenav-pages_1 input.bwg_current_page {\t\t\t\tcursor: pointer;\t\t\t\ttext-align: center;\t\t\t\tfont-size: 12px;\t\t\t\tfont-family: segoe ui;\t\t\t\tfont-weight: bold;\t\t\t\tcolor: #666666;\t\t\t\ttext-decoration: none;\t\t\t\tpadding: 3px 6px;\t\t\t\tmargin: 0;\t\t\t\tborder-radius: 0;\t\t\t\tborder-style: solid;\t\t\t\tborder-width: 1px;\t\t\t\tborder-color: #E3E3E3;\t\t\t\t\t\t\t\tbackground-color: rgba(255, 255, 255, 1.00);\t\t\t\tbox-shadow: 0;\t\t\t\ttransition: all 0.3s ease 0s;-webkit-transition: all 0.3s ease 0s;      }      <\/style>      <span class=\"bwg_nav_cont_1\">              <div class=\"tablenav-pages_1\">                      <span class=\"pagination-links_1 pagination-links\" data-pages-count=\"2\">              <span class=\"pagination-links_col1\">              <a class=\"bwg-a first-page disabled\" title=\"Go to the first page\" >\u00ab<\/a>              <a class=\"bwg-a prev-page disabled\" title=\"Go to the previous page\" >\u2039<\/a>              <\/span>\t\t\t\t\t\t\t<span class=\"pagination-links_col2\">\t\t\t\t\t\t\t\t\t<input type=\"number\" class=\"bwg_current_page\" name=\"bwg_current_page\" value=\"1\" data-url-info=\"page_number_1\" onkeypress=\"return bwg_change_page_1(event, this)\" min=\"1\" oninput=\"validity.valid||(value='')\" \/>\t\t\t\t\t\t\t\t\t\tof\t\t\t\t\t\t\t\t\t\t<span class=\"total-pages_1\">\t\t\t\t\t\t\t\t\t\t\t2\t\t\t\t\t\t\t\t\t\t<\/span>\t\t\t\t\t\t\t<\/span>              <span class=\"pagination-links_col3\">                <a class=\"bwg-a next-page-1\" title=\"Go to the next page\" href=\"\/index.php?rest_route=%2Fwp%2Fv2%2Fpages%2F10358&#038;page_number_1=2\">\u203a<\/a>                <a class=\"bwg-a last-page-1\" title=\"Go to the last page\" href=\"\/index.php?rest_route=%2Fwp%2Fv2%2Fpages%2F10358&#038;page_number_1=2\">\u00bb<\/a>              <\/span>\t\t\t\t\t\t<\/span>\t\t\t\t\t\t        <\/div>                <input type=\"hidden\" id=\"page_number_1\" name=\"page_number_1\" value=\"1\" \/>      <script type=\"text\/javascript\">        if( jQuery('.bwg_nav_cont_1').length > 1 ) {          jQuery('.bwg_nav_cont_1').first().remove()        }        function spider_page_1(cur, x, y, load_more) {          if (typeof load_more == \"undefined\") {            var load_more = false;          }          if (jQuery(cur).hasClass('disabled')) {            return false;          }          var items_county_1 = 2;          switch (y) {            case 1:              if (x >= items_county_1) {                document.getElementById('page_number_1').value = items_county_1;              }              else {                document.getElementById('page_number_1').value = x + 1;              }              break;            case 2:              document.getElementById('page_number_1').value = items_county_1;              break;            case -1:              if (x == 1) {                document.getElementById('page_number_1').value = 1;              }              else {                document.getElementById('page_number_1').value = x - 1;              }              break;            case -2:              document.getElementById('page_number_1').value = 1;              break;\t\t\t\t\t\tcase 0:              document.getElementById('page_number_1').value = x;              break;            default:              document.getElementById('page_number_1').value = 1;          }          bwg_ajax('gal_front_form_1', '1', 'bwg_thumbnails_1', '0', '', 'gallery', 0, '', '', load_more, '', 1);        }                    jQuery('.first-page disabled').on('click', function () {              spider_page_1(this, 1, -2, 'numeric');              return false;            });            jQuery('.prev-page disabled').on('click', function () {              spider_page_1(this, 1, -1, 'numeric');              return false;            });            jQuery('.next-page-1').on('click', function () {              spider_page_1(this, 1, 1, 'numeric');              return false;            });            jQuery('.last-page-1').on('click', function () {              spider_page_1(this, 1, 2, 'numeric');              return false;            });        \t\t\t\t\/* Change page on input enter. *\/        function bwg_change_page_1( e, that ) {          if (  e.key == 'Enter' ) {            var to_page = parseInt(jQuery(that).val());            var pages_count = jQuery(that).parents(\".pagination-links\").data(\"pages-count\");            var current_url_param = jQuery(that).attr('data-url-info');            if (to_page > pages_count) {              to_page = 1;            }\t \t\t\t\t\t\t\t\t\t\t\t\tspider_page_1(this, to_page, 0, 'numeric');\t\t\t\t\t\t\treturn false;\t\t\t\t\t\t          }          return true;        }        jQuery('.bwg_load_btn_1').on('click', function () {            spider_page_1(this, 1, 1, true);            return false;        });      <\/script>      <\/span>                <\/div>        <\/form>        <style>          #bwg_container1_1 #bwg_container2_1 #spider_popup_overlay_1 {          background-color: #000000;          opacity: 0.70;          }          <\/style>        <div id=\"bwg_spider_popup_loading_1\" class=\"bwg_spider_popup_loading\"><\/div>        <div id=\"spider_popup_overlay_1\" class=\"spider_popup_overlay\" onclick=\"spider_destroypopup(1000)\"><\/div>        <input type=\"hidden\" id=\"bwg_random_seed_1\" value=\"448777916\">                <\/div>    <\/div>    <script>      if (document.readyState === 'complete') {        if( typeof bwg_main_ready == 'function' ) {          if ( jQuery(\"#bwg_container1_1\").height() ) {            bwg_main_ready(jQuery(\"#bwg_container1_1\"));          }        }      } else {        document.addEventListener('DOMContentLoaded', function() {          if( typeof bwg_main_ready == 'function' ) {            if ( jQuery(\"#bwg_container1_1\").height() ) {             bwg_main_ready(jQuery(\"#bwg_container1_1\"));            }          }        });      }    <\/script>    <\/p>\n","protected":false},"excerpt":{"rendered":"<p>Samedi 14 d\u00e9cembre\u00a0: [image_frame style=\u00a0\u00bbborder\u00a0\u00bb align=\u00a0\u00bbleft\u00a0\u00bb]http:\/\/www.<br \/>lapsalettedebruxelles.<br \/>be\/wp-content\/uploads\/2014\/07\/Aff-Concert-2013-12-14.<br \/>jpg[\/image_frame] Concert \u00ab\u00a0No\u00ebls du monde\u00a0\u00bb en l\u2019\u00e9glise Notre-Dame de l\u2019Assomption (Woluwe-St-Lambert), au profit de la\u00a0Conf\u00e9rence St-Vincent de Paul Les recettes de ce concert ont \u00e9t\u00e9 offertes \u00e0 la\u00a0Conf\u00e9rence Saint-Vincent\u00a0de Paul\u00a0(paroisse Notre-Dame de l\u2019Assomption \u00e0 Woluwe-Saint-Lambert).<br \/> C\u2019est en 1833 que Fr\u00e9d\u00e9ric Ozanam fonda, avec quelques \u00e9tudiants, la premi\u00e8re \u00ab\u00a0Conf\u00e9rence\u00a0\u00bb en vue[\u2026]<\/p>\n","protected":false},"author":1,"featured_media":0,"parent":5887,"menu_order":1,"comment_status":"closed","ping_status":"closed","template":"","meta":{"remove_blocks_before_content":false,"remove_blocks_after_content":false,"disable_reading_progress_bar":false,"_crdt_document":"","footnotes":""},"class_list":["post-10358","page","type-page","status-publish","hentry"],"_links":{"self":[{"href":"https:\/\/www.lapsalettedebruxelles.be\/index.php?rest_route=\/wp\/v2\/pages\/10358","targetHints":{"allow":["GET"]}}],"collection":[{"href":"https:\/\/www.lapsalettedebruxelles.be\/index.php?rest_route=\/wp\/v2\/pages"}],"about":[{"href":"https:\/\/www.lapsalettedebruxelles.be\/index.php?rest_route=\/wp\/v2\/types\/page"}],"author":[{"embeddable":true,"href":"https:\/\/www.lapsalettedebruxelles.be\/index.php?rest_route=\/wp\/v2\/users\/1"}],"replies":[{"embeddable":true,"href":"https:\/\/www.lapsalettedebruxelles.be\/index.php?rest_route=%2Fwp%2Fv2%2Fcomments&post=10358"}],"version-history":[{"count":0,"href":"https:\/\/www.lapsalettedebruxelles.be\/index.php?rest_route=\/wp\/v2\/pages\/10358\/revisions"}],"up":[{"embeddable":true,"href":"https:\/\/www.lapsalettedebruxelles.be\/index.php?rest_route=\/wp\/v2\/pages\/5887"}],"wp:attachment":[{"href":"https:\/\/www.lapsalettedebruxelles.be\/index.php?rest_route=%2Fwp%2Fv2%2Fmedia&parent=10358"}],"curies":[{"name":"wp","href":"https:\/\/api.w.org\/{rel}","templated":true}]}}